{"id":1381,"date":"2021-02-12T16:38:34","date_gmt":"2021-02-12T15:38:34","guid":{"rendered":"https:\/\/fes-heidenheim.de\/grundschule\/?page_id=1381"},"modified":"2024-04-18T13:07:57","modified_gmt":"2024-04-18T11:07:57","slug":"ueber-uns","status":"publish","type":"page","link":"https:\/\/fes-heidenheim.de\/grundschule\/ueber-uns\/","title":{"rendered":"Was uns ausmacht"},"content":{"rendered":"[et_pb_section fb_built=\u201c1\u201d fullwidth=\u201con\u201d admin_label=\u201cHero 1\u201d module_class=\u201csfly_hero sfly_hero_1\u201d _builder_version=\u201c4.16\u201d background_color=\u201c#79C6C0\u201d global_colors_info=\u201d{}\u201d][et_pb_fullwidth_header title=\u201cWas uns aus\u00admacht\u201d text_orientation=\u201ccenter\u201d header_fullscreen=\u201con\u201d header_scroll_down=\u201con\u201d scroll_down_icon=\u201d%%1%%\u201d background_overlay_color=\u201crgba(0,0,0,0.25)\u201d module_class=\u201csfly_fullwidth_header\u201d _builder_version=\u201c4.16\u201d title_font=\u201d|700|||||||\u201d title_font_size=\u201c60px\u201d content_font_size=\u201c18px\u201d background_color=\u201c#79C6C0\u201d background_image=\u201chttps:\/\/fes-heidenheim.de\/grundschule\/wp-content\/uploads\/sites\/4\/2021\/11\/fes-grundschule-header-schule-scaled.jpg\u201d custom_button_one=\u201con\u201d button_one_text_color=\u201d#ffffff\u201d button_one_bg_color=\u201crgba(255,255,255,0)\u201d button_one_border_color=\u201d#ffffff\u201d button_one_font=\u201d|700|||||||\u201d button_one_use_icon=\u201coff\u201d custom_button_two=\u201con\u201d button_two_font=\u201d|700|||||||\u201d button_two_use_icon=\u201coff\u201d min_height=\u201c1099px\u201d animation_style=\u201cfade\u201d animation_duration=\u201c1500ms\u201d title_font_size_tablet=\u201c48px\u201d title_font_size_phone=\u201c36px\u201d title_font_size_last_edited=\u201con|phone\u201d custom_css_content=\u201cmax-width: 600px;||margin: 0 auto 15px;\u201d button_one_text_color_hover=\u201d#ffffff\u201d button_two_text_color_hover=\u201d#ffffff\u201d button_one_border_color_hover=\u201c#000000\u201d button_two_border_color_hover=\u201d#ffffff\u201d button_one_bg_color_hover=\u201c#000000\u201d button_two_bg_color_hover=\u201crgba(0,0,0,0)\u201d global_colors_info=\u201d{}\u201d button_one_text_size__hover_enabled=\u201coff\u201d button_two_text_size__hover_enabled=\u201coff\u201d button_one_text_color__hover_enabled=\u201con\u201d button_one_text_color__hover=\u201d#ffffff\u201d button_two_text_color__hover_enabled=\u201con\u201d button_two_text_color__hover=\u201d#ffffff\u201d button_one_border_width__hover_enabled=\u201coff\u201d button_two_border_width__hover_enabled=\u201coff\u201d button_one_border_color__hover_enabled=\u201con\u201d button_one_border_color__hover=\u201c#000000\u201d button_two_border_color__hover_enabled=\u201con\u201d button_two_border_color__hover=\u201d#ffffff\u201d button_one_border_radius__hover_enabled=\u201coff\u201d button_two_border_radius__hover_enabled=\u201coff\u201d button_one_letter_spacing__hover_enabled=\u201coff\u201d button_two_letter_spacing__hover_enabled=\u201coff\u201d button_one_bg_color__hover_enabled=\u201con\u201d button_one_bg_color__hover=\u201c#000000\u201d button_two_bg_color__hover_enabled=\u201con\u201d button_two_bg_color__hover=\u201crgba(0,0,0,0)\u201d]<p>Wir sind eine christliche Schule. Aber was bedeutet das eigentlich f\u00fcr unseren Schulalltag?<\/p>[\/et_pb_fullwidth_header][\/et_pb_section][et_pb_section fb_built=\u201c1\u201d admin_label=\u201cFeature 12\u201d module_id=\u201cSchulkosten\u201d module_class=\u201csfly_feature sfly_feature_12 sfly_marketing\u201d _builder_version=\u201c4.16\u201d background_color=\u201crgba(121,198,192,0.4)\u201d locked=\u201coff\u201d global_colors_info=\u201d{}\u201d][et_pb_row column_structure=\u201c1_2,1_2\u201d _builder_version=\u201c4.16\u201d custom_padding=\u201c29px|||||\u201d global_colors_info=\u201d{}\u201d][et_pb_column type=\u201c1_2\u201d _builder_version=\u201c4.16\u201d _module_preset=\u201cdefault\u201d global_colors_info=\u201d{}\u201d][et_pb_text quote_border_weight=\u201c0px\u201d quote_border_color=\u201crgba(0,0,0,0)\u201d _builder_version=\u201c4.17.6\u201d text_font=\u201d||||||||\u201d link_font=\u201d|100|||on|||#000000|\u201d link_text_color=\u201c#000000\u201d quote_font=\u201cRaleway|200|on||||||\u201d quote_text_color=\u201d#8c8c8c\u201d quote_line_height=\u201c1.3em\u201d header_font=\u201d|700|||||||\u201d header_2_font=\u201d|700|||||||\u201d header_3_font=\u201d|700|||||||\u201d header_3_text_color=\u201c#000000\u201d header_4_letter_spacing=\u201c12px\u201d header_5_font=\u201d|300|||||||\u201d header_5_text_color=\u201d#bfbfbf\u201d header_5_letter_spacing=\u201c12px\u201d header_6_font=\u201d|700|||||||\u201d header_6_letter_spacing=\u201c12px\u201d module_alignment=\u201cleft\u201d custom_margin_tablet=\u201d\u201d custom_margin_phone=\u201d\u201d custom_margin_last_edited=\u201con|tablet\u201d quote_font_size_tablet=\u201d\u201d quote_font_size_phone=\u201d\u201d quote_font_size_last_edited=\u201con|desktop\u201d saved_tabs=\u201call\u201d locked=\u201coff\u201d global_colors_info=\u201d{}\u201d]<h3>Werte. Wissen. Wohlf\u00fchlen.<\/h3>\n<p><\/p>\n<p><\/p>\n<p><\/p>\n<p>Die Freie Evan\u00adge\u00adlis\u00adche Grund\u00adschule Hei\u00adden\u00adheim ist eine Schule christlich evan\u00adge\u00adlis\u00adchen Beken\u00adnt\u00adniss\u00ades. Dieses Beken\u00adnt\u00adnis ver\u00adsuchen wir in einem gelebten Glauben an den lebendi\u00adgen Gott im All\u00adt\u00adag sicht\u00adbar wer\u00adden zu lassen.<\/p>\n<p><\/p>\n<p>Wie wirkt sich eine christliche Aus\u00adrich\u00adtung im Schu\u00adlall\u00adt\u00adag&nbsp;aus?<\/p>\n<p><\/p>\n<p><\/p>\n<h3 class=\"wp-block-heading\">Lehrerschaft<\/h3>\n<p><\/p>\n<p>Alle Lehrer der Schule sind bezeugte Chris\u00adten. Dies hat Bedeu\u00adtung f\u00fcr ihr Berufsver\u00adst\u00e4nd\u00adnis, ihr Engage\u00adment und ihren Kon\u00adtakt zu Sch\u00fclern und Eltern\u00adhaus. Die ihnen anver\u00adtraut\u00aden Sch\u00fc\u00adlerin\u00adnen und Sch\u00fcler als von Gott geliebte Men\u00adschen zu sehen, pr\u00e4gt ihre Arbeit nach\u00adhaltig. Die Lehrer tre\u00adf\u00adfen sich regelm\u00e4\u00dfig zu ein\u00ader gemein\u00adsamen Andacht, zum Aus\u00adtausch und zum Gebet, auch und ger\u00adade f\u00fcr die Sch\u00fc\u00adlerin\u00adnen und Sch\u00fcler.<\/p>\n<p><\/p>\n<p><\/p>\n<h3 class=\"wp-block-heading\">Werte<\/h3>\n<p><\/p>\n<p>Im Wis\u00adsen, dass die Sch\u00fc\u00adlerin\u00adnen und Sch\u00fcler in ein\u00ader Zeit gravieren\u00adder Wertver\u00adluste und Ori\u00aden\u00adtierungslosigkeit prak\u00adtis\u00adche Hil\u00adfen und christliche Leitlin\u00adien ben\u00f6ti\u00adgen, kommt der Teil\u00adnahme am evan\u00adge\u00adlis\u00adchen Reli\u00adgion\u00adsun\u00adter\u00adricht rich\u00adtungsweisend Bedeu\u00adtung zu. Grund\u00ads\u00e4tze des christlichen Glaubens wer\u00adden im Fachunter\u00adricht aufge\u00adgrif\u00adf\u00aden und ver\u00adtieft, da wir der Auf\u00adfas\u00adsung sind, dass der christliche Glaube alle Lebens\u00adbere\u00adiche umfasst. Deshalb ist die Teil\u00adnahme am Reli\u00adgion\u00adsun\u00adter\u00adricht verbindlich. Wir gehen von ein\u00ader grund\u00ads\u00e4t\u00adzlichen Zus\u00adtim\u00admung seit\u00adens der Eltern zu ein\u00ader christlichen Erziehung aus. Die Auf\u00adnahme set\u00adzt keine bes\u00adtimmte Kon\u00adfes\u00adsion\u00adszuge\u00adh\u00f6rigkeit voraus.<\/p>\n<h3><strong>Unterricht<\/strong><\/h3>\n<p><\/p>\n<p>Beson\u00adderen Wert leg\u00aden wir in allen Klassen auf eine kurze bib\u00adlis\u00adche Besin\u00adnung zum Tages\u00adbe\u00adginn, die von Sch\u00fclern und Lehrern durch eine bib\u00adlis\u00adche Geschichte, ein Lied oder ein Gebet gemein\u00adsam gestal\u00adtet&nbsp;wird.<\/p>\n<p><\/p>\n<p>Die Woche begin\u00adnt mit ein\u00ader gemein\u00adsamen Andacht, an der alle Sch\u00fcler und Lehrer teil\u00adnehmen. Im Jahresablauf geh\u00f6ren Schul\u00adgottes\u00addi\u00aden\u00adste zum Schul\u00adjahre\u00adsan\u00adfang und \u2013ende zum fes\u00adten Pro\u00adgramm unser\u00ader Schule, eben\u00adso eine Wei\u00adh\u00adnachts- und Oster\u00adfeier und ein Sommerfest.<\/p>\n<p><\/p>\n<p>Uns allen gemein\u00adsam ist die Auf\u00adgabe gestellt, die Werte und Leitlin\u00adien der Bibel in die Prax\u00adis des Schu\u00adlall\u00adt\u00adags zu \u00fcbertragen.<\/p>\n<p><\/p>\n<p><\/p>\n<p><\/p>[\/et_pb_text][\/et_pb_column][et_pb_column type=\u201c1_2\u201d _builder_version=\u201c4.16\u201d _module_preset=\u201cdefault\u201d global_colors_info=\u201d{}\u201d][et_pb_image src=\u201chttps:\/\/fes-heidenheim.de\/grundschule\/wp-content\/uploads\/sites\/2\/2021\/02\/fes-bild-ueber-uns.jpg\u201d alt=\u201cfes hei\u00adden\u00adheim kostenue\u00adber\u00adsicht\u201d title_text=\u201cGross rauskom\u00admen\u201d _builder_version=\u201c4.16\u201d _module_preset=\u201cdefault\u201d global_colors_info=\u201d{}\u201d][\/et_pb_image][\/et_pb_column][\/et_pb_row][\/et_pb_section][et_pb_section fb_built=\u201c1\u201d admin_label=\u201cFeature 12\u201d module_id=\u201cSchulkosten\u201d module_class=\u201csfly_feature sfly_feature_12 sfly_marketing\u201d _builder_version=\u201c4.16\u201d background_color=\u201c#F2F2F2\u201d locked=\u201coff\u201d global_colors_info=\u201d{}\u201d][et_pb_row _builder_version=\u201c4.16\u201d _module_preset=\u201cdefault\u201d custom_padding=\u201c0px||0px|||\u201d global_colors_info=\u201d{}\u201d][et_pb_column type=\u201c4_4\u201d _builder_version=\u201c4.16\u201d _module_preset=\u201cdefault\u201d global_colors_info=\u201d{}\u201d][et_pb_image src=\u201chttps:\/\/fes-heidenheim.de\/grundschule\/wp-content\/uploads\/sites\/2\/2020\/06\/fes-logo2020-web-mob.png\u201d alt=\u201cfes Fis\u00adchchen\u201d title_text=\u201cfes-logo2020-web-mob\u201d align=\u201ccenter\u201d _builder_version=\u201c4.16\u201d _module_preset=\u201cdefault\u201d width=\u201c5%\u201d custom_margin=\u201d||9px|||\u201d global_colors_info=\u201d{}\u201d][\/et_pb_image][et_pb_text _builder_version=\u201c4.16\u201d _module_preset=\u201cdefault\u201d global_colors_info=\u201d{}\u201d]<h4 style=\"text-align: center;\">R\u00e4ume &amp; Ausstattung<\/h4>[\/et_pb_text][\/et_pb_column][\/et_pb_row][et_pb_row _builder_version=\u201c4.24.3\u201d custom_padding=\u201c1em||0px||false|false\u201d hover_enabled=\u201c0\u201d global_colors_info=\u201d{}\u201d sticky_enabled=\u201c0\u201d][et_pb_column type=\u201c4_4\u201d _builder_version=\u201c4.16\u201d _module_preset=\u201cdefault\u201d global_colors_info=\u201d{}\u201d][et_pb_text quote_border_weight=\u201c0px\u201d quote_border_color=\u201crgba(0,0,0,0)\u201d _builder_version=\u201c4.24.3\u201d text_font=\u201d||||||||\u201d link_font=\u201d|100|||on|||#000000|\u201d link_text_color=\u201c#000000\u201d quote_font=\u201cRaleway|200|on||||||\u201d quote_text_color=\u201d#8c8c8c\u201d quote_line_height=\u201c1.3em\u201d header_font=\u201d|700|||||||\u201d header_2_font=\u201d|700|||||||\u201d header_3_font=\u201d|700|||||||\u201d header_3_text_color=\u201c#000000\u201d header_4_letter_spacing=\u201c12px\u201d header_5_font=\u201d|300|||||||\u201d header_5_text_color=\u201d#bfbfbf\u201d header_5_letter_spacing=\u201c12px\u201d header_6_font=\u201d|700|||||||\u201d header_6_letter_spacing=\u201c12px\u201d module_alignment=\u201cleft\u201d custom_margin_tablet=\u201d\u201d custom_margin_phone=\u201d\u201d custom_margin_last_edited=\u201con|tablet\u201d hover_enabled=\u201c0\u201d quote_font_size_tablet=\u201d\u201d quote_font_size_phone=\u201d\u201d quote_font_size_last_edited=\u201con|desktop\u201d saved_tabs=\u201call\u201d locked=\u201coff\u201d global_colors_info=\u201d{}\u201d custom_margin=\u201d||0px||false|false\u201d custom_padding=\u201d||0px||false|false\u201d sticky_enabled=\u201c0\u201d]<h3 style=\"text-align: center;\"><strong>Angenehme Lernathmosph\u00e4re<br><\/strong><\/h3>\n<p><\/p>\n<p><\/p>\n<p><\/p>\n<p style=\"text-align: center;\">Die FES Grund\u00adschule ist aus ergonomis\u00adch\u00ader Sicht f\u00fcr die Grund\u00adsch\u00fcler und nach mod\u00ader\u00adnen Stan\u00addards ein\u00adgerichtet. Die Klassen\u00adlehrer lassen den Kindern Spiel\u00adraum f\u00fcr eigene Gestal\u00adtungsm\u00f6glichkeit\u00aden. So entste\u00adht eine fre\u00adundliche und anre\u00adgende Ler\u00adnumge\u00adbung, in der sich die Kinder wohl f\u00fchlen. Ein gro\u00dfer Schul\u00adhof bietet aus\u00adre\u00adichend Platz f\u00fcr Bewe\u00adgung und Spiel in den Pausen.<\/p>\n<p><\/p>\n<p><\/p>\n<p><\/p>\n<p><\/p>\n<p><\/p>[\/et_pb_text][\/et_pb_column][\/et_pb_row][et_pb_row column_structure=\u201c1_2,1_4,1_4\u201d use_custom_gutter=\u201con\u201d gutter_width=\u201c2\u201d _builder_version=\u201c4.16\u201d custom_padding=\u201d|||\u201d locked=\u201coff\u201d global_colors_info=\u201d{}\u201d][et_pb_column type=\u201c1_2\u201d _builder_version=\u201c4.16\u201d custom_padding=\u201d|||\u201d global_colors_info=\u201d{}\u201d custom_padding__hover=\u201d|||\u201d][et_pb_image src=\u201chttps:\/\/fes-heidenheim.de\/grundschule\/wp-content\/uploads\/sites\/4\/2022\/01\/fes-grundschule-klassenz06.jpg\u201d alt=\u201cFES Hei\u00adden\u00adheim \u2014 Grund\u00adschule\u201d title_text=\u201cfes-grundschule-klassenz06\u201d show_in_lightbox=\u201con\u201d use_overlay=\u201con\u201d overlay_icon_color=\u201d#ffffff\u201d hover_overlay_color=\u201crgba(255,127,0,0.6)\u201d hover_icon=\u201cP||divi||400\u201d align=\u201ccenter\u201d align_tablet=\u201ccenter\u201d align_phone=\u201d\u201d align_last_edited=\u201con|desktop\u201d _builder_version=\u201c4.24.3\u201d animation_style=\u201cfade\u201d animation_duration=\u201c1500ms\u201d hover_enabled=\u201c0\u201d box_shadow_style=\u201cpreset1\u201d box_shadow_vertical=\u201c0px\u201d box_shadow_blur=\u201c80px\u201d box_shadow_color=\u201crgba(0,0,0,0.1)\u201d global_colors_info=\u201d{}\u201d sticky_enabled=\u201c0\u201d][\/et_pb_image][\/et_pb_column][et_pb_column type=\u201c1_4\u201d _builder_version=\u201c4.16\u201d custom_padding=\u201d|||\u201d global_colors_info=\u201d{}\u201d custom_padding__hover=\u201d|||\u201d][et_pb_image src=\u201chttps:\/\/fes-heidenheim.de\/grundschule\/wp-content\/uploads\/sites\/4\/2022\/01\/fes-grundschule-klassenz04.jpg\u201d alt=\u201cFES Hei\u00adden\u00adheim \u2014 Grund\u00adschule\u201d title_text=\u201cfes-grundschule-klassenz04\u201d show_in_lightbox=\u201con\u201d use_overlay=\u201con\u201d overlay_icon_color=\u201d#ffffff\u201d hover_overlay_color=\u201crgba(216,97,141,0.6)\u201d hover_icon=\u201cL||divi||400\u201d align=\u201ccenter\u201d align_tablet=\u201ccenter\u201d align_phone=\u201d\u201d align_last_edited=\u201con|desktop\u201d _builder_version=\u201c4.24.3\u201d custom_margin=\u201d||9%|\u201d animation_style=\u201cfade\u201d animation_duration=\u201c1500ms\u201d hover_enabled=\u201c0\u201d box_shadow_style=\u201cpreset1\u201d box_shadow_vertical=\u201c0px\u201d box_shadow_blur=\u201c80px\u201d box_shadow_color=\u201crgba(0,0,0,0.1)\u201d locked=\u201coff\u201d global_colors_info=\u201d{}\u201d sticky_enabled=\u201c0\u201d][\/et_pb_image][et_pb_image src=\u201chttps:\/\/fes-heidenheim.de\/grundschule\/wp-content\/uploads\/sites\/4\/2022\/01\/fes-grundschule-klassenz01.jpg\u201d title_text=\u201cfes-grundschule-klassenz01\u201d show_in_lightbox=\u201con\u201d use_overlay=\u201con\u201d overlay_icon_color=\u201d#ffffff\u201d hover_overlay_color=\u201crgba(255,127,0,0.6)\u201d hover_icon=\u201cL||divi||400\u201d align=\u201ccenter\u201d align_tablet=\u201ccenter\u201d align_phone=\u201d\u201d align_last_edited=\u201con|desktop\u201d _builder_version=\u201c4.24.3\u201d animation_style=\u201cfade\u201d animation_duration=\u201c1500ms\u201d hover_enabled=\u201c0\u201d box_shadow_style=\u201cpreset1\u201d box_shadow_vertical=\u201c0px\u201d box_shadow_blur=\u201c80px\u201d box_shadow_color=\u201crgba(0,0,0,0.1)\u201d locked=\u201coff\u201d global_colors_info=\u201d{}\u201d sticky_enabled=\u201c0\u201d][\/et_pb_image][\/et_pb_column][et_pb_column type=\u201c1_4\u201d _builder_version=\u201c4.16\u201d custom_padding=\u201d|||\u201d global_colors_info=\u201d{}\u201d custom_padding__hover=\u201d|||\u201d][et_pb_image src=\u201chttps:\/\/fes-heidenheim.de\/grundschule\/wp-content\/uploads\/sites\/4\/2022\/01\/fes-grundschule-klassenz05.jpg\u201d alt=\u201cFES Hei\u00adden\u00adheim \u2014 Grund\u00adschule\u201d title_text=\u201cfes-grundschule-klassenz05\u201d show_in_lightbox=\u201con\u201d use_overlay=\u201con\u201d overlay_icon_color=\u201d#ffffff\u201d hover_overlay_color=\u201crgba(121,198,192,0.61)\u201d hover_icon=\u201cL||divi||400\u201d align=\u201ccenter\u201d align_tablet=\u201ccenter\u201d align_phone=\u201d\u201d align_last_edited=\u201con|desktop\u201d _builder_version=\u201c4.24.3\u201d custom_margin=\u201d||9%|\u201d animation_style=\u201cfade\u201d animation_duration=\u201c1500ms\u201d hover_enabled=\u201c0\u201d box_shadow_style=\u201cpreset1\u201d box_shadow_vertical=\u201c0px\u201d box_shadow_blur=\u201c80px\u201d box_shadow_color=\u201crgba(0,0,0,0.1)\u201d global_colors_info=\u201d{}\u201d sticky_enabled=\u201c0\u201d][\/et_pb_image][et_pb_image src=\u201chttps:\/\/fes-heidenheim.de\/grundschule\/wp-content\/uploads\/sites\/4\/2022\/01\/fes-grundschule-klassenz02.jpg\u201d alt=\u201cFES Hei\u00adden\u00adheim \u2014 Grund\u00adschule\u201d title_text=\u201cfes-grundschule-klassenz02\u201d show_in_lightbox=\u201con\u201d use_overlay=\u201con\u201d overlay_icon_color=\u201d#ffffff\u201d hover_overlay_color=\u201crgba(216,97,141,0.6)\u201d hover_icon=\u201cL||divi||400\u201d align=\u201ccenter\u201d align_tablet=\u201ccenter\u201d align_phone=\u201d\u201d align_last_edited=\u201con|desktop\u201d _builder_version=\u201c4.24.3\u201d animation_style=\u201cfade\u201d animation_duration=\u201c1500ms\u201d hover_enabled=\u201c0\u201d box_shadow_style=\u201cpreset1\u201d box_shadow_vertical=\u201c0px\u201d box_shadow_blur=\u201c80px\u201d box_shadow_color=\u201crgba(0,0,0,0.1)\u201d locked=\u201coff\u201d global_colors_info=\u201d{}\u201d sticky_enabled=\u201c0\u201d][\/et_pb_image][\/et_pb_column][\/et_pb_row][\/et_pb_section]","protected":false},"excerpt":{"rendered":"<p>Wir sind eine christliche Schule. Aber was bedeutet das eigentlich f\u00fcr unseren Schulalltag?Werte. Wis\u00adsen. Wohlf\u00fchlen. Die Freie Evan\u00adge\u00adlis\u00adche Grund\u00adschule Hei\u00adden\u00adheim ist eine Schule christlich evan\u00adge\u00adlis\u00adchen Beken\u00adnt\u00adniss\u00ades. Dieses Beken\u00adnt\u00adnis ver\u00adsuchen wir&nbsp;[\u2026]<\/p>\n","protected":false},"author":1,"featured_media":0,"parent":0,"menu_order":0,"comment_status":"closed","ping_status":"closed","template":"","meta":{"_et_pb_use_builder":"on","_et_pb_old_content":"<!-- wp:paragraph -->\n<p><\/p>\n<!-- \/wp:paragraph -->\n\n<!-- wp:heading {\"level\":1} -->\n<h1>Werte. Wissen. Wohlf\u00fchlen.<\/h1>\n<!-- \/wp:heading -->\n\n<!-- wp:paragraph -->\n<p>Die Freie Evangelische Grundschule Heidenheim ist eine Schule christlich evangelischen Bekenntnisses. Dieses Bekenntnis versuchen wir in einem gelebten Glauben an den lebendigen Gott im Alltag sichtbar werden zu lassen.<\/p>\n<!-- \/wp:paragraph -->\n\n<!-- wp:paragraph -->\n<p>Wie wirkt sich eine christliche Ausrichtung im Schulalltag aus?<\/p>\n<!-- \/wp:paragraph -->\n\n<!-- wp:heading {\"level\":3} -->\n<h3>Lehrerschaft<\/h3>\n<!-- \/wp:heading -->\n\n<!-- wp:paragraph -->\n<p>Alle Lehrer der Schule sind bezeugte Christen. Dies hat Bedeutung f\u00fcr ihr Berufsverst\u00e4ndnis, ihr Engagement und ihren Kontakt zu Sch\u00fclern und Elternhaus. Die ihnen anvertrauten Sch\u00fclerinnen und Sch\u00fcler als von Gott geliebte Menschen zu sehen, pr\u00e4gt ihre Arbeit nachhaltig. Die Lehrer treffen sich regelm\u00e4\u00dfig zu einer gemeinsamen Andacht, zum Austausch und zum Gebet, auch und gerade f\u00fcr die Sch\u00fclerinnen und Sch\u00fcler.<\/p>\n<!-- \/wp:paragraph -->\n\n<!-- wp:heading {\"level\":3} -->\n<h3>Werte<\/h3>\n<!-- \/wp:heading -->\n\n<!-- wp:paragraph -->\n<p>Im Wissen, dass die Sch\u00fclerinnen und Sch\u00fcler in einer Zeit gravierender Wertverluste und Orientierungslosigkeit praktische Hilfen und christliche Leitlinien ben\u00f6tigen, kommt der Teilnahme am evangelischen Religionsunterricht richtungsweisend Bedeutung zu. Grunds\u00e4tze des christlichen Glaubens werden im Fachunterricht aufgegriffen und vertieft, da wir der Auffassung sind, dass der christliche Glaube alle Lebensbereiche umfasst. Deshalb ist die Teilnahme am Religionsunterricht verbindlich. Wir gehen von einer grunds\u00e4tzlichen Zustimmung seitens der Eltern zu einer christlichen Erziehung aus. Die Aufnahme setzt keine bestimmte Konfessionszugeh\u00f6rigkeit voraus.<\/p>\n<!-- \/wp:paragraph -->\n\n<!-- wp:heading {\"level\":3} -->\n<h3>Unterricht<\/h3>\n<!-- \/wp:heading -->\n\n<!-- wp:paragraph -->\n<p>Besonderen Wert legen wir in allen Klassen auf eine kurze biblische Besinnung zum Tagesbeginn, die von Sch\u00fclern und Lehrern durch eine biblische Geschichte, ein Lied oder ein Gebet gemeinsam gestaltet wird.<\/p>\n<!-- \/wp:paragraph -->\n\n<!-- wp:paragraph -->\n<p>Die Woche beginnt mit einer gemeinsamen Andacht, an der alle Sch\u00fcler und Lehrer teilnehmen. Im Jahresablauf geh\u00f6ren Schulgottesdienste zum Schuljahresanfang und \u2013ende zum festen Programm unserer Schule, ebenso eine Weihnachts- und Osterfeier und ein Sommerfest.<\/p>\n<!-- \/wp:paragraph -->\n\n<!-- wp:paragraph -->\n<p>Uns allen gemeinsam ist die Aufgabe gestellt, die Werte und Leitlinien der Bibel in die Praxis des Schulalltags zu \u00fcbertragen.<\/p>\n<!-- \/wp:paragraph -->\n\n<!-- wp:heading {\"level\":3} -->\n<h3>Wir-Gef\u00fchl f\u00f6rdern<\/h3>\n<!-- \/wp:heading -->\n\n<!-- wp:paragraph -->\n<p>Die Freie Evangelische Grundschule m\u00f6chte durch Schulkleidung den Zusammenhalt in der Klasse und das \"Wir-Gef\u00fchl\" f\u00f6rdern sowie das Sozialverhalten verbessern. Dabei geht es nicht um Schuluniform, sondern um eine bequeme und funktionelle \"Arbeitskleidung\" (oberhalb des G\u00fcrtels).<\/p>\n<!-- \/wp:paragraph -->","_et_gb_content_width":"","inline_featured_image":false,"wp_typography_post_enhancements_disabled":false,"footnotes":""},"class_list":["post-1381","page","type-page","status-publish","hentry"],"yoast_head":"<!-- This site is optimized with the Yoast SEO plugin v27.4 - https:\/\/yoast.com\/product\/yoast-seo-wordpress\/ -->\n<title>Was uns ausmacht - Grundschule | Freie Evangelischen Schule und Kindertagesst\u00e4tte Heidenheim e. V.<\/title>\n<meta name=\"robots\" content=\"index, follow, max-snippet:-1, max-image-preview:large, max-video-preview:-1\" \/>\n<link rel=\"canonical\" href=\"https:\/\/fes-heidenheim.de\/grundschule\/ueber-uns\/\" \/>\n<meta property=\"og:locale\" content=\"de_DE\" \/>\n<meta property=\"og:type\" content=\"article\" \/>\n<meta property=\"og:title\" content=\"Was uns ausmacht - Grundschule | Freie Evangelischen Schule und Kindertagesst\u00e4tte Heidenheim e. V.\" \/>\n<meta property=\"og:description\" content=\"Wir sind eine christliche Schule. Aber was bedeutet das eigentlich f\u00fcr unseren Schulalltag?Werte. Wissen. Wohlf\u00fchlen. Die Freie Evangelische Grundschule Heidenheim ist eine Schule christlich evangelischen Bekenntnisses. Dieses Bekenntnis versuchen wir [&hellip;]\" \/>\n<meta property=\"og:url\" content=\"https:\/\/fes-heidenheim.de\/grundschule\/ueber-uns\/\" \/>\n<meta property=\"og:site_name\" content=\"Grundschule | Freie Evangelischen Schule und Kindertagesst\u00e4tte Heidenheim e. V.\" \/>\n<meta property=\"article:modified_time\" content=\"2024-04-18T11:07:57+00:00\" \/>\n<meta name=\"twitter:card\" content=\"summary_large_image\" \/>\n<meta name=\"twitter:label1\" content=\"Gesch\u00e4tzte Lesezeit\" \/>\n\t<meta name=\"twitter:data1\" content=\"9\u00a0Minuten\" \/>\n<script type=\"application\/ld+json\" class=\"yoast-schema-graph\">{\"@context\":\"https:\\\/\\\/schema.org\",\"@graph\":[{\"@type\":\"WebPage\",\"@id\":\"https:\\\/\\\/fes-heidenheim.de\\\/grundschule\\\/ueber-uns\\\/\",\"url\":\"https:\\\/\\\/fes-heidenheim.de\\\/grundschule\\\/ueber-uns\\\/\",\"name\":\"Was uns ausmacht - Grundschule | Freie Evangelischen Schule und Kindertagesst\u00e4tte Heidenheim e. V.\",\"isPartOf\":{\"@id\":\"https:\\\/\\\/fes-heidenheim.de\\\/grundschule\\\/#website\"},\"datePublished\":\"2021-02-12T15:38:34+00:00\",\"dateModified\":\"2024-04-18T11:07:57+00:00\",\"breadcrumb\":{\"@id\":\"https:\\\/\\\/fes-heidenheim.de\\\/grundschule\\\/ueber-uns\\\/#breadcrumb\"},\"inLanguage\":\"de\",\"potentialAction\":[{\"@type\":\"ReadAction\",\"target\":[\"https:\\\/\\\/fes-heidenheim.de\\\/grundschule\\\/ueber-uns\\\/\"]}]},{\"@type\":\"BreadcrumbList\",\"@id\":\"https:\\\/\\\/fes-heidenheim.de\\\/grundschule\\\/ueber-uns\\\/#breadcrumb\",\"itemListElement\":[{\"@type\":\"ListItem\",\"position\":1,\"name\":\"Startseite\",\"item\":\"https:\\\/\\\/fes-heidenheim.de\\\/grundschule\\\/\"},{\"@type\":\"ListItem\",\"position\":2,\"name\":\"Was uns ausmacht\"}]},{\"@type\":\"WebSite\",\"@id\":\"https:\\\/\\\/fes-heidenheim.de\\\/grundschule\\\/#website\",\"url\":\"https:\\\/\\\/fes-heidenheim.de\\\/grundschule\\\/\",\"name\":\"Grundschule | Freie Evangelischen Schule und Kindertagesst\u00e4tte Heidenheim e. V.\",\"description\":\"Webseiten der Grundschule der Freien Evangelischen Schule und Kindertagesst\u00e4tte Heidenheim e.V.\",\"potentialAction\":[{\"@type\":\"SearchAction\",\"target\":{\"@type\":\"EntryPoint\",\"urlTemplate\":\"https:\\\/\\\/fes-heidenheim.de\\\/grundschule\\\/?s={search_term_string}\"},\"query-input\":{\"@type\":\"PropertyValueSpecification\",\"valueRequired\":true,\"valueName\":\"search_term_string\"}}],\"inLanguage\":\"de\"}]}<\/script>\n<!-- \/ Yoast SEO plugin. -->","yoast_head_json":{"title":"Was uns ausmacht - Grundschule | Freie Evangelischen Schule und Kindertagesst\u00e4tte Heidenheim e. V.","robots":{"index":"index","follow":"follow","max-snippet":"max-snippet:-1","max-image-preview":"max-image-preview:large","max-video-preview":"max-video-preview:-1"},"canonical":"https:\/\/fes-heidenheim.de\/grundschule\/ueber-uns\/","og_locale":"de_DE","og_type":"article","og_title":"Was uns ausmacht - Grundschule | Freie Evangelischen Schule und Kindertagesst\u00e4tte Heidenheim e. V.","og_description":"Wir sind eine christliche Schule. Aber was bedeutet das eigentlich f\u00fcr unseren Schulalltag?Werte. Wissen. Wohlf\u00fchlen. Die Freie Evangelische Grundschule Heidenheim ist eine Schule christlich evangelischen Bekenntnisses. Dieses Bekenntnis versuchen wir [&hellip;]","og_url":"https:\/\/fes-heidenheim.de\/grundschule\/ueber-uns\/","og_site_name":"Grundschule | Freie Evangelischen Schule und Kindertagesst\u00e4tte Heidenheim e. V.","article_modified_time":"2024-04-18T11:07:57+00:00","twitter_card":"summary_large_image","twitter_misc":{"Gesch\u00e4tzte Lesezeit":"9\u00a0Minuten"},"schema":{"@context":"https:\/\/schema.org","@graph":[{"@type":"WebPage","@id":"https:\/\/fes-heidenheim.de\/grundschule\/ueber-uns\/","url":"https:\/\/fes-heidenheim.de\/grundschule\/ueber-uns\/","name":"Was uns ausmacht - Grundschule | Freie Evangelischen Schule und Kindertagesst\u00e4tte Heidenheim e. V.","isPartOf":{"@id":"https:\/\/fes-heidenheim.de\/grundschule\/#website"},"datePublished":"2021-02-12T15:38:34+00:00","dateModified":"2024-04-18T11:07:57+00:00","breadcrumb":{"@id":"https:\/\/fes-heidenheim.de\/grundschule\/ueber-uns\/#breadcrumb"},"inLanguage":"de","potentialAction":[{"@type":"ReadAction","target":["https:\/\/fes-heidenheim.de\/grundschule\/ueber-uns\/"]}]},{"@type":"BreadcrumbList","@id":"https:\/\/fes-heidenheim.de\/grundschule\/ueber-uns\/#breadcrumb","itemListElement":[{"@type":"ListItem","position":1,"name":"Startseite","item":"https:\/\/fes-heidenheim.de\/grundschule\/"},{"@type":"ListItem","position":2,"name":"Was uns ausmacht"}]},{"@type":"WebSite","@id":"https:\/\/fes-heidenheim.de\/grundschule\/#website","url":"https:\/\/fes-heidenheim.de\/grundschule\/","name":"Grundschule | Freie Evangelischen Schule und Kindertagesst\u00e4tte Heidenheim e. V.","description":"Webseiten der Grundschule der Freien Evangelischen Schule und Kindertagesst\u00e4tte Heidenheim e.V.","potentialAction":[{"@type":"SearchAction","target":{"@type":"EntryPoint","urlTemplate":"https:\/\/fes-heidenheim.de\/grundschule\/?s={search_term_string}"},"query-input":{"@type":"PropertyValueSpecification","valueRequired":true,"valueName":"search_term_string"}}],"inLanguage":"de"}]}},"_links":{"self":[{"href":"https:\/\/fes-heidenheim.de\/grundschule\/wp-json\/wp\/v2\/pages\/1381","targetHints":{"allow":["GET"]}}],"collection":[{"href":"https:\/\/fes-heidenheim.de\/grundschule\/wp-json\/wp\/v2\/pages"}],"about":[{"href":"https:\/\/fes-heidenheim.de\/grundschule\/wp-json\/wp\/v2\/types\/page"}],"author":[{"embeddable":true,"href":"https:\/\/fes-heidenheim.de\/grundschule\/wp-json\/wp\/v2\/users\/1"}],"replies":[{"embeddable":true,"href":"https:\/\/fes-heidenheim.de\/grundschule\/wp-json\/wp\/v2\/comments?post=1381"}],"version-history":[{"count":25,"href":"https:\/\/fes-heidenheim.de\/grundschule\/wp-json\/wp\/v2\/pages\/1381\/revisions"}],"predecessor-version":[{"id":3296,"href":"https:\/\/fes-heidenheim.de\/grundschule\/wp-json\/wp\/v2\/pages\/1381\/revisions\/3296"}],"wp:attachment":[{"href":"https:\/\/fes-heidenheim.de\/grundschule\/wp-json\/wp\/v2\/media?parent=1381"}],"curies":[{"name":"wp","href":"https:\/\/api.w.org\/{rel}","templated":true}]}}