{"id":2367,"date":"2021-10-17T11:54:39","date_gmt":"2021-10-17T09:54:39","guid":{"rendered":"https:\/\/fes-heidenheim.de\/gymnasium\/?page_id=2367"},"modified":"2025-10-06T11:33:06","modified_gmt":"2025-10-06T09:33:06","slug":"profil-und-angebot","status":"publish","type":"page","link":"https:\/\/fes-heidenheim.de\/gymnasium\/profil-und-angebot\/","title":{"rendered":"Profil und Angebot"},"content":{"rendered":"[et_pb_section fb_built=\u201c1\u201d fullwidth=\u201con\u201d _builder_version=\u201c4.16\u201d _module_preset=\u201cdefault\u201d background_color=\u201c#f2f2f2\u201d locked=\u201coff\u201d global_colors_info=\u201d{}\u201d][et_pb_fullwidth_header title=\u201cUnser Schul\u00adpro\u00adfil\u201d subhead=\u201cWerte. Wissen.Wohlf\u00fchlen.\u201d header_fullscreen=\u201con\u201d header_scroll_down=\u201con\u201d button_one_url=\u201chttps:\/\/fes-heidenheim.de\/#editorial\u201d button_two_url=\u201chttps:\/\/fes-heidenheim.de\/#kalender\u201d background_overlay_color=\u201crgba(0,0,0,0.2)\u201d admin_label=\u201cHero Land\u00ading FES RS\u201d module_class=\u201csfly_fullwidth_header\u201d _builder_version=\u201c4.17.1\u201d title_font=\u201d|700|||||||\u201d title_text_align=\u201cleft\u201d title_text_color=\u201c#F2F2F2\u201d title_font_size=\u201c70px\u201d content_font=\u201d||||||||\u201d subhead_font=\u201cRaleway||||||||\u201d subhead_text_align=\u201cleft\u201d subhead_font_size=\u201c70px\u201d subhead_line_height=\u201c1.1em\u201d background_color=\u201cRGBA(0,0,0,0)\u201d background_image=\u201chttps:\/\/fes-heidenheim.de\/gymnasium\/wp-content\/uploads\/sites\/8\/2021\/10\/fes-hero-angebot-rs2-scaled.jpg\u201d custom_button_one=\u201con\u201d button_one_text_color=\u201d#ffffff\u201d button_one_bg_color=\u201c#000000\u201d button_one_border_color=\u201d#ffffff\u201d button_one_font=\u201d|700|||||||\u201d button_one_icon=\u201c5||divi||400\u201d button_one_icon_color=\u201c#000000\u201d custom_button_two=\u201con\u201d button_two_border_width=\u201c0px\u201d button_two_font=\u201d|700|||||||\u201d button_two_icon=\u201c5||divi||400\u201d animation_style=\u201cfade\u201d animation_duration=\u201c1500ms\u201d title_font_size_tablet=\u201c48px\u201d title_font_size_phone=\u201c36px\u201d title_font_size_last_edited=\u201con|phone\u201d subhead_font_size_tablet=\u201c70px\u201d subhead_font_size_phone=\u201c36px\u201d subhead_font_size_last_edited=\u201con|phone\u201d custom_css_content=\u201cmax-width: 600px;||margin: 0 auto 15px;\u201d border_color_bottom=\u201d#ffffff\u201d border_color_all_image=\u201cRGBA(0,0,0,0)\u201d button_one_text_color_hover=\u201d#ffffff\u201d button_two_text_color_hover=\u201d#ffffff\u201d button_one_border_color_hover=\u201d#ffffff\u201d button_two_border_color_hover=\u201d#ffffff\u201d button_one_bg_color_hover=\u201crgba(255,255,255,0)\u201d button_two_bg_color_hover=\u201crgba(0,0,0,0)\u201d locked=\u201coff\u201d inline_fonts=\u201cAlkes\u201d global_colors_info=\u201d{}\u201d button_one_text_size__hover_enabled=\u201coff\u201d button_two_text_size__hover_enabled=\u201coff\u201d button_one_text_color__hover_enabled=\u201con\u201d button_one_text_color__hover=\u201c#000000\u201d button_two_text_color__hover_enabled=\u201con\u201d button_two_text_color__hover=\u201d#ffffff\u201d button_one_border_width__hover_enabled=\u201con|hover\u201d button_two_border_width__hover_enabled=\u201coff\u201d button_one_border_color__hover_enabled=\u201con|hover\u201d button_one_border_color__hover=\u201c#000000\u201d button_two_border_color__hover_enabled=\u201con|hover\u201d button_two_border_color__hover=\u201c#000000\u201d button_one_border_radius__hover_enabled=\u201coff\u201d button_two_border_radius__hover_enabled=\u201coff\u201d button_one_letter_spacing__hover_enabled=\u201coff\u201d button_two_letter_spacing__hover_enabled=\u201coff\u201d button_one_bg_color__hover_enabled=\u201con\u201d button_one_bg_color__hover=\u201cRGBA(0,0,0,0)\u201d button_two_bg_color__hover_enabled=\u201con|hover\u201d button_two_bg_color__hover=\u201crgba(0,0,0,0)\u201d button_one_border_width__hover=\u201c2px\u201d button_one_bg_enable_color__hover=\u201con\u201d][\/et_pb_fullwidth_header][\/et_pb_section][et_pb_section fb_built=\u201c1\u201d custom_padding_last_edited=\u201con|tablet\u201d admin_label=\u201cGeneral 12\u201d module_id=\u201cschulprofil\u201d _builder_version=\u201c4.17.3\u201d background_color=\u201crgba(204,102,153,0.3)\u201d background_enable_image=\u201coff\u201d custom_padding=\u201d||0vh|||\u201d custom_padding_tablet=\u201d||0vh|||\u201d custom_padding_phone=\u201d\u201d locked=\u201coff\u201d global_colors_info=\u201d{}\u201d][et_pb_row _builder_version=\u201c4.16\u201d _module_preset=\u201cdefault\u201d custom_padding=\u201c0px||0px|||\u201d locked=\u201coff\u201d global_colors_info=\u201d{}\u201d][et_pb_column type=\u201c4_4\u201d _builder_version=\u201c4.16\u201d _module_preset=\u201cdefault\u201d global_colors_info=\u201d{}\u201d][et_pb_image src=\u201chttps:\/\/fes-heidenheim.de\/grundschule\/wp-content\/uploads\/sites\/2\/2020\/06\/fes-logo2020-web-mob.png\u201d alt=\u201cfes Fis\u00adchchen\u201d title_text=\u201cfes-logo2020-web-mob\u201d align=\u201ccenter\u201d _builder_version=\u201c4.16\u201d _module_preset=\u201cdefault\u201d width=\u201c5%\u201d custom_margin=\u201d||9px|||\u201d global_colors_info=\u201d{}\u201d][\/et_pb_image][et_pb_text _builder_version=\u201c4.17.3\u201d _module_preset=\u201cdefault\u201d global_colors_info=\u201d{}\u201d]<h3><strong>Das FES Gymnasium<\/strong><strong><\/strong><strong><\/strong><\/h3>\n<h3>Christliche Werte vermitteln<strong><br><\/strong><\/h3>\n<p><!-- \/wp:post-content --><\/p>[\/et_pb_text][\/et_pb_column][\/et_pb_row][et_pb_row column_structure=\u201c3_5,2_5\u201d _builder_version=\u201c4.16\u201d custom_padding=\u201c29px||0px|||\u201d locked=\u201coff\u201d global_colors_info=\u201d{}\u201d][et_pb_column type=\u201c3_5\u201d _builder_version=\u201c4.16\u201d _module_preset=\u201cdefault\u201d global_colors_info=\u201d{}\u201d][et_pb_text quote_border_weight=\u201c0px\u201d quote_border_color=\u201crgba(0,0,0,0)\u201d _builder_version=\u201c4.27.4\u201d text_font=\u201d||||||||\u201d text_text_color=\u201c#232323\u201d link_font=\u201d|100|||on|||#000000|\u201d link_text_color=\u201c#000000\u201d quote_font=\u201cRaleway|200|on||||||\u201d quote_text_color=\u201d#8c8c8c\u201d quote_line_height=\u201c1.3em\u201d header_font=\u201d|700|||||||\u201d header_2_font=\u201d|700|||||||\u201d header_3_font=\u201d|700|||||||\u201d header_3_text_color=\u201c#232323\u201d header_4_letter_spacing=\u201c12px\u201d header_5_font=\u201d|300|||||||\u201d header_5_text_color=\u201d#bfbfbf\u201d header_5_letter_spacing=\u201c12px\u201d header_6_font=\u201d|700|||||||\u201d header_6_letter_spacing=\u201c12px\u201d module_alignment=\u201cleft\u201d custom_margin_tablet=\u201d\u201d custom_margin_phone=\u201d\u201d custom_margin_last_edited=\u201con|tablet\u201d custom_padding=\u201d||0px|||\u201d hover_enabled=\u201c0\u201d quote_font_size_tablet=\u201d\u201d quote_font_size_phone=\u201d\u201d quote_font_size_last_edited=\u201con|desktop\u201d border_width_top=\u201c2px\u201d border_color_top=\u201c#000000\u201d saved_tabs=\u201call\u201d locked=\u201coff\u201d global_colors_info=\u201d{}\u201d sticky_enabled=\u201c0\u201d]<p><!-- \/wp:paragraph --><\/p>\n<p><!-- wp:heading {\"level\":1} --><\/p>\n<p><!-- \/wp:heading --><\/p>\n<p><span class=\"text_main\">Das Gym\u00adna\u00adsi\u00adum der Freien Evan\u00adge\u00adlis\u00adchen Schule Hei\u00adden\u00adheim ist eine staatlich anerkan\u00adnte Pri\u00advatschule in freier Tr\u00e4ger\u00adschaft. <\/span><span class=\"text_main\">Die Erziehungs- und Bil\u00addungsziele unser\u00ader ganzheitlich christlichen P\u00e4d\u00ada\u00adgogik richt\u00aden sich an einem bib\u00adlis\u00adchen Welt\u00adbild&nbsp;aus.&nbsp;<\/span><\/p>\n<p>Zum Schul\u00adjahr 2025\/26 wurde an allen Gym\u00adnasien in BW in den Klassen\u00adstufen 5 und 6 als Regelform G9 wiedereingef\u00fchrt.<\/p>\n<p>Auch das staatlich anerkan\u00adnte FES-Gym\u00adna\u00adsi\u00adum wird als G9-Gym\u00adna\u00adsi\u00adum gef\u00fchrt, die bish\u00aderi\u00adgen Jahrgangsstufen in G8 wer\u00adden sp\u00e4testens mit dem Abitur\u00adjahrgang 2032 mit dem \u201ealten\u201c achtj\u00e4hri\u00adgen Bil\u00addungs\u00adgang die all\u00adge\u00admeine Hochschul\u00adreife erlangen.<\/p>\n<p>Die Sch\u00fc\u00adlerin\u00adnen und Sch\u00fcler erhal\u00adten eine fach\u00adliche Aus\u00adbil\u00addung und erwer\u00adben Kom\u00adpe\u00adten\u00adzen in allen Schulf\u00e4chern.<\/p>\n<p class=\"moz-quote-pre\">Aus\u00adge\u00adhend vom christlichen Men\u00adschen\u00adbild ste\u00adht am FES-Gym\u00adna\u00adsi\u00adum der Erwerb ein\u00ader ver\u00adtieften All\u00adge\u00admein\u00adbil\u00addung, Studi\u00ader- und Reflex\u00adions\u00adf\u00e4higkeit sowie von Ver\u00adant\u00adwor\u00adtungs\u00adbe\u00adwusst\u00adsein im Mit\u00adtelpunkt. Das FES-Gym\u00adna\u00adsi\u00adum, das neben einem sprach\u00adlichen Pro\u00adfil sowie einem natur\u00adwis\u00adsenschaftlichen Pro\u00adfil auch eine ver\u00adst\u00e4rkt musisch-k\u00fcn\u00adst\u00adlerische Aus\u00adbil\u00addung bietet, garantiert auf\u00adgrund der per\u00ads\u00f6n\u00adlichen Ler\u00adnumge\u00adbung f\u00fcr die Sch\u00fcler bere\u00adits ab der 5.Klasse einen beson\u00adderen Lern\u00ader\u00adfolg. Ein durchge\u00adhen\u00adder Unter\u00adricht in Medi\u00aden\u00adbil\u00addung oder eine eigene Klassen\u00adleitungsstunde erm\u00f6glichen am FES-Gym\u00adna\u00adsi\u00adum zus\u00e4t\u00adzliche Unter\u00adricht\u00adszeit und F\u00f6rderung.<\/p>\n<p><span class=\"text_main\">Per\u00ads\u00f6n\u00adlichkeits\u00adbil\u00addung ist ein weit\u00ader\u00ader Baustein der schulis\u00adchen Bil\u00addung, denn jedes Kind hat beson\u00addere Tal\u00adente und eine einzi\u00adgar\u00adtige Per\u00ads\u00f6n\u00adlichkeit. Schw\u00e4chen st\u00e4rken und Tal\u00adente f\u00f6rdern ist ein ele\u00admentar\u00ader Grund\u00adsatz unser\u00ader P\u00e4d\u00ada\u00adgogik und gibt den Sch\u00fc\u00adlerin\u00adnen und Sch\u00fclern ein solides Fun\u00adda\u00adment, um im t\u00e4glichen Leben zu bestehen.&nbsp;<\/span><\/p>\n<p><span class=\"text_main\">Die FES ver\u00adste\u00adht sich als eine gro\u00dfe Gemein\u00adschaft, in der sich jed\u00ader Sch\u00fcler und jede Sch\u00fc\u00adlerin nach seinen F\u00e4higkeit\u00aden ein\u00adbrin\u00adgen kann und in der sich Soziale Kom\u00adpe\u00adten\u00adzen entwick\u00adeln k\u00f6nnen.&nbsp;<\/span><\/p>\n<p><span class=\"text_main\"><\/span><span class=\"text_main\"><\/span>Als Erg\u00e4nzung und Bere\u00adicherung zum Unter\u00adricht sind erleb\u00adnis\u00adp\u00e4d\u00ada\u00adgogis\u00adche Ange\u00adbote im Rah\u00admen von Klassenexkur\u00adsio\u00adnen im In- und Aus\u00adland, Pro\u00adjek\u00adt\u00adwochen oder Meth\u00ado\u00add\u00aden\u00adt\u00ada\u00adgen vorgesehen.<\/p>\n<p>Die FES-Sch\u00fc\u00adlerin\u00adnen und \u2011Sch\u00fcler erfahren, wie sie sich in der Gemein\u00adschaft behaupten, soziale Ver\u00adant\u00adwor\u00adtung \u00fcbernehmen, team\u00adf\u00e4hig han\u00addeln und sich so zu starken, beziehungs\u00adf\u00e4hi\u00adgen und ver\u00adant\u00adwor\u00adtungsvollen Per\u00ads\u00f6n\u00adlichkeit\u00aden entwick\u00adeln k\u00f6nnen.<\/p>\n<p>Nicht zulet\u00adzt ist uns als evan\u00adge\u00adlis\u00adche Schule die Ver\u00admit\u00adtlung von Werten wichtig. Wir vertreten die christlichen Werte indem wir ver\u00adsuchen, sie jeden Tag neu zu leben. N\u00e4ch\u00adsten\u00adliebe, G\u00fcte, Acht\u00adsamkeit, Wertsch\u00e4tzung, Verge\u00adbung, etc. \u2013 wer\u00adden in den Schu\u00adlall\u00adt\u00adag hinein\u00adgelebt. Jede Schul\u00adwoche startet mit ein\u00ader gemein\u00adsamen Wochenan\u00addacht in der Aula. An jedem Schul-Tages\u00adbe\u00adginn gibt es eine kurze bib\u00adlis\u00adche Besin\u00adnung, der die Kinder und Jugendlichen durch den Schul\u00adt\u00adag begleit\u00aden m\u00f6chte.<span class=\"text_main\"><\/span><\/p>\n<p><span class=\"text_main\">Mit \u201eMusik und The\u00adater\u201c sowie \u201ewer\u00adto\u00adri\u00aden\u00adtiertem Sportun\u00adter\u00adricht\u201c haben wir au\u00dfer\u00addem zwei beson\u00addere Schw\u00ader\u00adpunk\u00adte, in welchen wir unseren Sch\u00fc\u00adlerin\u00adnen und Sch\u00fclern die M\u00f6glichkeit bieten, ihre Gaben und Tal\u00adente auszuleben und auszubauen.<\/span><\/p>\n<p><span class=\"text_main\">Die Auf\u00adnahme an die Freie Evan\u00adge\u00adlis\u00adche Schule Hei\u00adden\u00adheim set\u00adzt grund\u00ads\u00e4t\u00adzlich keine Kon\u00adfes\u00adsion\u00adszuge\u00adh\u00f6rigkeit voraus, die Teil\u00adnahme am evan\u00adge\u00adlis\u00adchen Reli\u00adgion\u00adsun\u00adter\u00adricht ist jedoch verpflichtend.<\/span><\/p>\n<p><!-- \/wp:paragraph --><\/p>\n<p><!-- wp:heading {\"level\":3} --><\/p>\n<p><!-- \/wp:paragraph --><\/p>\n<p><!-- wp:heading {\"level\":3} --><\/p>\n<p><!-- \/wp:paragraph --><\/p>[\/et_pb_text][\/et_pb_column][et_pb_column type=\u201c2_5\u201d _builder_version=\u201c4.16\u201d _module_preset=\u201cdefault\u201d global_colors_info=\u201d{}\u201d][et_pb_cta title=\u201cUnser Pro\u00adfil im \u00dcberblick\u201d _builder_version=\u201c4.17.3\u201d _module_preset=\u201cdefault\u201d header_level=\u201ch4\u201d header_font=\u201d|700|||||||\u201d background_color=\u201cRGBA(255,255,255,0)\u201d text_orientation=\u201cleft\u201d background_layout=\u201clight\u201d custom_padding=\u201d||0px|||\u201d border_width_top=\u201c10px\u201d border_color_top=\u201c#000000\u201d locked=\u201coff\u201d global_colors_info=\u201d{}\u201d]<ul>\n<li>Ver\u00admit\u00adteln christlich\u00ader Werte mit christlich aus\u00adgerichteter P\u00e4dagogik<\/li>\n<li>Staatlich anerkan\u00adnt<\/li>\n<li>Ab Kl. 8 sprach\u00adlich\u00ades Pro\u00adfil mit Spanisch oder Natur\u00adwis\u00adsenschaftlich\u00ades Pro\u00adfil mit&nbsp;NWT<\/li>\n<li>Eigene Unter\u00adrichts\u00adf\u00e4ch\u00ader wie Medienbildung\/Informatik ab Kl. 5 und Wirtschaft\/Beruf\/Soziales ab Kl.&nbsp;8<\/li>\n<li>Schulin\u00adtern\u00ader Schw\u00ader\u00adpunkt Sport- und Bewe\u00adgung mit einem Ange\u00adbot an vielf\u00e4lti\u00adgen sportlichen Aktiv\u00adit\u00e4ten und Koop\u00ader\u00ada\u00adtio\u00adnen im noten\u00adfreien Raum<\/li>\n<li>Schulin\u00adtern\u00ader Schw\u00ader\u00adpunkt Sing- und Chor\u00adp\u00e4d\u00ada\u00adgogik (\u201cVokalp\u00e4d\u00ada\u00adgogik\u201d): Ver\u00adst\u00e4rk\u00adter Musikun\u00adter\u00adricht in den Klassen 5 und 6 mit vokalp\u00e4d\u00ada\u00adgogis\u00adch\u00ader Ausbildung<\/li>\n<li>\u00dcber\u00adschaubare Klas\u00adsen\u00adgr\u00f6\u00dfen mit 18\u201324 Sch\u00fc\u00adlerin\u00adnen und Sch\u00fcler<\/li>\n<li>FES-Exkur\u00adsio\u00adnen und Reisen mit aben\u00adteuer\u00adp\u00e4d\u00ada\u00adgogis\u00adchen, fremd\u00adsprach\u00adlichen, musikalis\u00adchen und natur\u00adwis\u00adsenschaftlichen Programmen<\/li>\n<\/ul>\n<p>&nbsp;<\/p>[\/et_pb_cta][\/et_pb_column][\/et_pb_row][\/et_pb_section][et_pb_section fb_built=\u201c1\u201d admin_label=\u201cSchulkonzept \u00dcberblick\u201d module_id=\u201caktuelles-termine\u201d _builder_version=\u201c4.17.3\u201d _module_preset=\u201cdefault\u201d background_color=\u201crgba(204,102,153,0.8)\u201d locked=\u201coff\u201d global_colors_info=\u201d{}\u201d][et_pb_row module_class=\u201cparent-column\u201d _builder_version=\u201c4.16.0\u201d _module_preset=\u201cdefault\u201d global_colors_info=\u201d{}\u201d][et_pb_column type=\u201c4_4\u201d _builder_version=\u201c4.16.0\u201d _module_preset=\u201cdefault\u201d global_colors_info=\u201d{}\u201d][et_pb_text _builder_version=\u201c4.17.0\u201d _module_preset=\u201cdefault\u201d header_3_text_color=\u201c#000000\u201d custom_margin=\u201d||||false|false\u201d global_colors_info=\u201d{}\u201d]<h3><strong>Unser Schulkonzept<\/strong><strong><br><\/strong><\/h3>\n<h3>im \u00dcberblick<\/h3>[\/et_pb_text][et_pb_toggle title=\u201cChristliche P\u00e4d\u00ada\u00adgogik\u201d open_toggle_text_color=\u201c#000000\u201d open_toggle_background_color=\u201cRGBA(255,255,255,0)\u201d closed_toggle_background_color=\u201cRGBA(255,255,255,0)\u201d icon_color=\u201c#000000\u201d toggle_icon=\u201cL||divi||400\u201d icon_font_size=\u201c34px\u201d open_icon_color=\u201c#000000\u201d open_toggle_icon=\u201cM||divi||400\u201d open_icon_font_size=\u201c34px\u201d admin_label=\u201cChristliche P\u00e4d\u00ada\u00adgogik\u201d module_class=\u201cpa-bullet-list\u20111\u201d _builder_version=\u201c4.17.0\u201d _module_preset=\u201cdefault\u201d title_text_color=\u201c#000000\u201d title_font=\u201d|700|||||||\u201d title_font_size=\u201c24px\u201d closed_title_font=\u201d||||||||\u201d closed_title_font_size=\u201c24px\u201d custom_margin=\u201d||||false|false\u201d hover_enabled=\u201c0\u201d border_width_all=\u201c0px\u201d border_width_top=\u201c2px\u201d border_color_top=\u201c#000000\u201d border_width_right=\u201c0px\u201d border_width_bottom=\u201c2px\u201d border_color_bottom=\u201c#000000\u201d border_width_left=\u201c0px\u201d global_colors_info=\u201d{}\u201d sticky_enabled=\u201c0\u201d]<ul>\n<li class=\"divi-module-destination\">Unter dem Dach der Freien Evan\u00adge\u00adlis\u00adchen Schule Hei\u00adde\u00adheim k\u00f6n\u00adnen sich Sch\u00fcler\/innen aller Kon\u00adfes\u00adsio\u00adnen frei entfalten<\/li>\n<li class=\"divi-module-destination\">Die Teil\u00adnahme am evan\u00adge\u00adlis\u00adchen Reli\u00adgion\u00adsun\u00adter\u00adricht ist f\u00fcr alle Sch\u00fcler\/innen verpflichtend<\/li>\n<li class=\"divi-module-destination\">Die P\u00e4d\u00ada\u00adgogik an der FES ist am bib\u00adlis\u00adchen Men\u00adschen\u00adbild aus\u00adgerichtet und basiert auf ein\u00ader christlichen Weltanschauung<\/li>\n<li class=\"divi-module-destination\">Im t\u00e4glichen Miteinan\u00adder wer\u00adden christliche Werte ver\u00admit\u00adtelt und bewu\u00dft gelebt. Qual\u00adi\u00adfiziert\u00ader Fachunter\u00adricht und ganzheitliche christliche P\u00e4d\u00ada\u00adgogik erg\u00e4nzen sich so und erm\u00f6glichen den Kindern und Jugendlichen die Erfahrung von Anerken\u00adnung und tiefer Gebor\u00adgen\u00adheit, als auch von per\u00ads\u00f6n\u00adlichen Gren\u00adzen und \u00e4u\u00dferen Anforderungen<\/li>\n<li class=\"divi-module-destination\">Die Schul\u00adwoche wird von Sch\u00fcler\/innen und Lehrerschaft mit ein\u00ader gemein\u00adsamen Andacht begonnen<\/li>\n<\/ul>[\/et_pb_toggle][et_pb_toggle title=\u201cQualifizierter Unter\u00adricht\u201d open_toggle_text_color=\u201c#000000\u201d icon_color=\u201c#000000\u201d toggle_icon=\u201cL||divi||400\u201d icon_font_size=\u201c34px\u201d open_icon_color=\u201c#000000\u201d open_toggle_icon=\u201cM||divi||400\u201d open_icon_font_size=\u201c34px\u201d admin_label=\u201cQualifizierter Unter\u00adricht\u201d module_class=\u201cpa-bullet-list\u20111\u201d _builder_version=\u201c4.17.3\u201d _module_preset=\u201cdefault\u201d title_text_color=\u201c#000000\u201d title_level=\u201ch4\u201d title_font=\u201d|700|||||||\u201d title_font_size=\u201c24px\u201d closed_title_font=\u201d|700|||||||\u201d closed_title_font_size=\u201c24px\u201d background_color=\u201cRGBA(255,255,255,0)\u201d custom_margin=\u201d-38px||||false|false\u201d custom_padding=\u201c24px||||false|false\u201d border_width_top=\u201c0px\u201d border_color_top=\u201c#000000\u201d border_width_right=\u201c0px\u201d border_width_bottom=\u201c2px\u201d border_color_bottom=\u201c#000000\u201d border_width_left=\u201c0px\u201d global_colors_info=\u201d{}\u201d]<ul>\n<li class=\"divi-module-destination\">Der Unter\u00adricht an der FES Hei\u00adden\u00adheim richtet sich inhaltlich nach den staatlichen Bil\u00addungspl\u00e4\u00adnen des Lan\u00addes Baden-W\u00fcrttemberg<\/li>\n<li class=\"divi-module-destination\">Unser Schul\u00adpro\u00adfil als famil\u00adi\u00e4re Schule mit kle\u00adingliedri\u00adgen Struk\u00adturen spiegelt sich auch in der Gr\u00f6\u00dfe der Klassen wider: Der Klassen\u00adteil\u00ader liegt deshalb bei reg\u00adul\u00e4r 24 Sch\u00fc\u00adlerin\u00adnen und Sch\u00fclern je Klasse.<\/li>\n<li class=\"divi-module-destination\">\n<div>Das FES-Gym\u00adna\u00adsi\u00adum ver\u00adste\u00adht sich vor\u00adwiegend als Schule in Halb\u00adtages\u00adform, d.h. der Schul\u00adt\u00adag Ihres Kindes endet in der Regel entwed\u00ader um 12:40 Uhr (= Ende 6. Unter\u00adrichtsstunde) oder um 13:30 Uhr (Unter\u00adrichtsstunde). kommt Nach\u00admit\u00adtag\u00adsun\u00adter\u00adricht&nbsp;hinzu.<\/div>\n<\/li>\n<li class=\"divi-module-destination\">\n<div>Der Schul\u00adt\u00adag gliedert sich in drei 45-Minuten-Unter\u00adricht\u00adsein\u00adheit\u00aden zu Tages\u00adbe\u00adginn, gefol\u00adgt von ein\u00ader gro\u00dfen Pause. Dieser schlie\u00dft sich eine 90-Minuten-Unter\u00adricht\u00adsein\u00adheit an.<br>Die vor\u00adlet\u00adzte und let\u00adzte Unter\u00adrichtsstunde ist wieder in 45-Minuten-Unter\u00adricht\u00adsein\u00adheit\u00aden rhythmisiert.<\/div>\n<\/li>\n<li class=\"divi-module-destination\">\n<div>\n<p>In der gro\u00dfen Pause bieten wir unser\u00ader Sch\u00fc\u00adlerin\u00adnen und Sch\u00fcler an drei Wochen\u00adt\u00ada\u00adgen ein kosten\u00adlos\u00ades Ange\u00adbot an frischem Obst und Gem\u00fcse an. An einem Wasser\u00adspender im Atri\u00adum k\u00f6n\u00adnen sich die Sch\u00fc\u00adlerin\u00adnen und Sch\u00fcler rund um die Uhr mit Tafel- und Sprudel\u00adwass\u00ader kosten\u00adlos ver\u00adsor\u00adgen. Selb\u00adstver\u00adst\u00e4ndlich gibt es schult\u00e4glich auch einen mobilen Verkauf von frischen Back\u00adwaren und weit\u00aderen kleinen St\u00e4rkun\u00adgen durch eine \u00f6rtliche B\u00e4ckerei.<\/p>\n<\/div>\n<\/li>\n<\/ul>[\/et_pb_toggle][et_pb_toggle title=\u201cSprachen Englisch, Franz\u00f6\u00adsisch und Spanisch\u201d open_toggle_text_color=\u201c#000000\u201d icon_color=\u201c#000000\u201d toggle_icon=\u201cL||divi||400\u201d icon_font_size=\u201c34px\u201d open_icon_color=\u201c#000000\u201d open_toggle_icon=\u201cM||divi||400\u201d open_icon_font_size=\u201c34px\u201d admin_label=\u201cSprachen\u201d module_class=\u201cpa-bullet-list\u20111\u201d _builder_version=\u201c4.17.3\u201d _module_preset=\u201cdefault\u201d title_text_color=\u201c#000000\u201d title_level=\u201ch4\u201d title_font=\u201d|700|||||||\u201d title_font_size=\u201c24px\u201d closed_title_font=\u201d|700|||||||\u201d closed_title_font_size=\u201c24px\u201d background_color=\u201cRGBA(255,255,255,0)\u201d custom_margin=\u201d-38px||||false|false\u201d custom_padding=\u201c24px||||false|false\u201d border_width_top=\u201c0px\u201d border_color_top=\u201c#000000\u201d border_width_right=\u201c0px\u201d border_width_bottom=\u201c2px\u201d border_color_bottom=\u201c#000000\u201d border_width_left=\u201c0px\u201d global_colors_info=\u201d{}\u201d]<p><span class=\"text_main\">Die Sch\u00fc\u00adlerIn\u00adnen ler\u00adnen neben <strong>Englisch<\/strong> ab der 6. Klasse&nbsp;<b>Franz\u00f6\u00adsisch<\/b>. Die zweite Fremd\u00adsprache wird mit zus\u00e4t\u00adzlich\u00ader Unter\u00adricht\u00adszeit beson\u00adders gef\u00f6rdert. Im <strong>Sprach\u00adpro\u00adfil<\/strong> kommt in der <strong>8. Klasse&nbsp;Spanisch&nbsp;als dritte Fremd\u00adsprache<\/strong> hinzu.<\/span><\/p>\n<div>\n<p>&nbsp;<\/p>\n<div>Die Sch\u00fc\u00adlerIn\u00adnen haben die M\u00f6glichkeit in Franz\u00f6\u00adsisch das europ\u00e4is\u00adche Sprachdiplom&nbsp;<b>DELF <\/b>(Dipl\u00f4me d\u2019Etudes en Langue Fran\u00adcaise) mit\u00adtels eines zus\u00e4t\u00adzlich durch die Schule ange\u00adbote\u00adnen Vor\u00adbere\u00aditungskurs\u00ades zu erwer\u00adben. Die Sch\u00fc\u00adlerIn\u00adnen leg\u00aden eine DELF-Sco\u00adlaire Pr\u00fc\u00adfung ab, die f\u00fcr zuk\u00fcn\u00adftige Arbeit\u00adge\u00adber eine au\u00dfer\u00adschulis\u00adche Bew\u00ader\u00adtung der Franz\u00f6\u00adsis\u00adchken\u00adnt\u00adnisse ihrer Bewer\u00adber bedeutet, da sie die fremd\u00adsprach\u00adlichen Kom\u00adpe\u00adten\u00adzen aus\u00adsagekr\u00e4ftiger definiert als eine Zeug\u00adniszen\u00adsur. Dieses Mod\u00adul wird allerd\u00adings nicht j\u00e4hrlich angeboten.<\/div>\n<div><\/div>\n<div>Fern\u00ader k\u00f6n\u00adnen die Sch\u00fc\u00adlerIn\u00adnen das&nbsp;<b>Cam\u00adbridge-Zer\u00adti\u00adfikat PET&nbsp;<\/b>erwer\u00adben. Es ist ein weltweit anerkan\u00adntes Zer\u00adti\u00adfikat der Uni\u00adver\u00adsit\u00e4t Cam\u00adbridge, von welch\u00ader wir auch das Vor\u00adbere\u00aditungs\u00adma\u00adte\u00adr\u00adi\u00adal bekom\u00admen. Die Pr\u00fc\u00adfung umfasst Auf\u00adgaben zu den vier Sprach\u00adfer\u00adti\u00adgungs\u00adbere\u00adichen Read\u00ading, Writ\u00ading, Lis\u00adten\u00ading und Speak\u00ading. Dieser Test soll unseren Sch\u00fc\u00adlerIn\u00adnen bei ihrem Studi\u00adum, ihrer Bewer\u00adbung oder bei ihrer weit\u00aderen Beruf\u00adsaus\u00adbil\u00addung gr\u00f6\u00dfere Chan\u00adcen ein\u00adr\u00e4u\u00admen. In einem geson\u00adderten Kurs wer\u00adden die Sch\u00fc\u00adlerIn\u00adnen darauf vorbereitet.<\/div>\n<\/div>[\/et_pb_toggle][et_pb_toggle title=\u201cMusik- und Chor\u00adp\u00e4d\u00ada\u00adgogik\u201d open_toggle_text_color=\u201c#000000\u201d icon_color=\u201c#000000\u201d toggle_icon=\u201cL||divi||400\u201d icon_font_size=\u201c34px\u201d open_icon_color=\u201c#000000\u201d open_toggle_icon=\u201cM||divi||400\u201d open_icon_font_size=\u201c34px\u201d admin_label=\u201cMusikprofil\u201d module_class=\u201cpa-bullet-list\u20111\u201d _builder_version=\u201c4.17.4\u201d _module_preset=\u201cdefault\u201d title_text_color=\u201c#000000\u201d title_level=\u201ch4\u201d title_font=\u201d|700|||||||\u201d title_font_size=\u201c24px\u201d closed_title_font=\u201d|700|||||||\u201d closed_title_font_size=\u201c24px\u201d background_color=\u201cRGBA(255,255,255,0)\u201d custom_margin=\u201d-38px||||false|false\u201d custom_padding=\u201c24px||||false|false\u201d border_width_top=\u201c0px\u201d border_color_top=\u201c#000000\u201d border_width_right=\u201c0px\u201d border_width_bottom=\u201c2px\u201d border_color_bottom=\u201c#000000\u201d border_width_left=\u201c0px\u201d global_colors_info=\u201d{}\u201d]<ul>\n<li>Der schulin\u00adterne Schw\u00ader\u00adpunk Sing- und Chor\u00adp\u00e4d\u00ada\u00adgogik an der FES ist ein einzi\u00adgar\u00adtiges stimm\u00adlich-musikalis\u00adches Aus\u00adbil\u00addungs- und F\u00f6rderkonzept, das an den Bed\u00fcrfnis\u00adsen und M\u00f6glichkeit\u00aden der unter\u00adschiedlichen Alters\u00adgrup\u00adpen aus\u00adgerichtet ist. Es set\u00adzt sich aus Chor und indi\u00advidu\u00adellem Gesang\u00adsun\u00adter\u00adricht mit Stimm\u00adbil\u00addung zusammen.<\/li>\n<\/ul>[\/et_pb_toggle][et_pb_toggle title=\u201c%22Glauben konkret%22\u201d open_toggle_text_color=\u201c#000000\u201d icon_color=\u201c#000000\u201d toggle_icon=\u201cL||divi||400\u201d icon_font_size=\u201c34px\u201d open_icon_color=\u201c#000000\u201d open_toggle_icon=\u201cM||divi||400\u201d open_icon_font_size=\u201c34px\u201d admin_label=\u201cDiakonie in Aktion\u201d module_class=\u201cpa-bullet-list\u20111\u201d _builder_version=\u201c4.17.4\u201d _module_preset=\u201cdefault\u201d title_text_color=\u201c#000000\u201d title_level=\u201ch4\u201d title_font=\u201d|700|||||||\u201d title_font_size=\u201c24px\u201d closed_title_font=\u201d|700|||||||\u201d closed_title_font_size=\u201c24px\u201d background_color=\u201cRGBA(255,255,255,0)\u201d custom_margin=\u201d-38px||||false|false\u201d custom_padding=\u201c24px||||false|false\u201d border_width_top=\u201c0px\u201d border_color_top=\u201c#000000\u201d border_width_right=\u201c0px\u201d border_width_bottom=\u201c2px\u201d border_color_bottom=\u201c#000000\u201d border_width_left=\u201c0px\u201d global_colors_info=\u201d{}\u201d]<ul>\n<li>\u201cGlauben konkret\u201d wird als schulin\u00adternes Pro\u00adfil neben den vorgegebe\u00adnen Wahlpflicht\u00adf\u00e4ch\u00adern angeboten.<\/li>\n<li>Sch\u00fc\u00adlerin\u00adnen und Sch\u00fcler k\u00f6n\u00adnen fr\u00fch wertvolle sozial\u00addiakonis\u00adche Erfahrun\u00adgen sam\u00admeln. Sie ler\u00adnen beispiel\u00adsweise, nach ihren F\u00e4higkeit\u00aden Ver\u00adant\u00adwor\u00adtung zu \u00fcbernehmen und Begriffe wie Sol\u00adi\u00addar\u00adit\u00e4t, Gerechtigkeit und Men\u00adschlichkeit im (Schul-) All\u00adt\u00adag zu erfahren und umzusetzen.<\/li>\n<li>Unter \u201cGlauben konkret\u201d ver\u00adste\u00adht man alle diakonis\u00adchen Aspek\u00adte des Dien\u00adstes am Men\u00adschen im kirch\u00adlichen Umfeld. Diakonie ist der Begriff f\u00fcr das soziale Han\u00addeln der evan\u00adge\u00adlis\u00adchen Kirchen, das aus dem christlichen Glauben erw\u00e4chst.<\/li>\n<li><\/li>\n<\/ul>[\/et_pb_toggle][et_pb_toggle title=\u201cAufnahme\u201d open_toggle_text_color=\u201c#000000\u201d icon_color=\u201c#000000\u201d toggle_icon=\u201cL||divi||400\u201d icon_font_size=\u201c34px\u201d open_icon_color=\u201c#000000\u201d open_toggle_icon=\u201cM||divi||400\u201d open_icon_font_size=\u201c34px\u201d admin_label=\u201cAufnahme\u201d module_class=\u201cpa-bullet-list\u20111\u201d _builder_version=\u201c4.17.3\u201d _module_preset=\u201cdefault\u201d title_text_color=\u201c#000000\u201d title_level=\u201ch4\u201d title_font=\u201d|700|||||||\u201d title_font_size=\u201c24px\u201d closed_title_font=\u201d|700|||||||\u201d closed_title_font_size=\u201c24px\u201d background_color=\u201cRGBA(255,255,255,0)\u201d custom_margin=\u201d-38px||||false|false\u201d custom_padding=\u201c24px||||false|false\u201d hover_enabled=\u201c0\u201d border_width_top=\u201c0px\u201d border_color_top=\u201c#000000\u201d border_width_right=\u201c0px\u201d border_width_bottom=\u201c2px\u201d border_color_bottom=\u201c#000000\u201d border_width_left=\u201c0px\u201d global_colors_info=\u201d{}\u201d sticky_enabled=\u201c0\u201d]<ul>\n<li class=\"divi-module-destination\">Die Auf\u00adnahme am FES-Gym\u00adna\u00adsi\u00adum set\u00adzt keine bes\u00adtimmte Kon\u00adfes\u00adsion\u00adszuge\u00adh\u00f6rigkeit voraus, denn die FES Hei\u00adden\u00adheim ist offen f\u00fcr alle Kinder und Jugendlichen.<\/li>\n<li class=\"divi-module-destination\">Die Teil\u00adnahme am evan\u00adge\u00adlis\u00adchen Reli\u00adgion\u00adsun\u00adter\u00adricht ist verpflichtend.<\/li>\n<li class=\"divi-module-destination\">In bes\u00adtimmten F\u00e4llen ist eine Anmel\u00addung und Ein\u00adschrei\u00adbung zur Auf\u00adnahme im laufend\u00aden Schul\u00adjahr m\u00f6glich. Bitte wen\u00adden Sie sich an&nbsp;uns.<\/li>\n<li class=\"divi-module-destination\">Sie m\u00f6cht\u00aden die FES ken\u00adnen\u00adler\u00adnen? Dann kom\u00admen Sie bitte auf uns zu, damit wir einen Schnup\u00adpert\u00ader\u00admin vere\u00adin\u00adbaren k\u00f6nnen.<\/li>\n<\/ul>[\/et_pb_toggle][et_pb_toggle title=\u201cAnmeldung \u201d open_toggle_text_color=\u201c#000000\u201d icon_color=\u201c#000000\u201d toggle_icon=\u201cL||divi||400\u201d icon_font_size=\u201c34px\u201d open_icon_color=\u201c#000000\u201d open_toggle_icon=\u201cM||divi||400\u201d open_icon_font_size=\u201c34px\u201d admin_label=\u201cAnmeldung\u201d module_id=\u201canmeldung\u201d module_class=\u201cpa-bullet-list\u20111\u201d _builder_version=\u201c4.23.4\u201d _module_preset=\u201cdefault\u201d title_text_color=\u201c#000000\u201d title_level=\u201ch4\u201d title_font=\u201d|700|||||||\u201d title_font_size=\u201c24px\u201d closed_title_font=\u201d|700|||||||\u201d closed_title_font_size=\u201c24px\u201d background_color=\u201cRGBA(255,255,255,0)\u201d custom_margin=\u201d-38px||||false|false\u201d custom_padding=\u201c24px||||false|false\u201d border_width_top=\u201c0px\u201d border_color_top=\u201c#000000\u201d border_width_right=\u201c0px\u201d border_width_bottom=\u201c2px\u201d border_color_bottom=\u201c#000000\u201d border_width_left=\u201c0px\u201d global_colors_info=\u201d{}\u201d]<div>\n<p>Um Ihr Kind am FES-Gym\u00adna\u00adsi\u00adum anzumelden, f\u00fcllen Sie bitte das <a href=\"https:\/\/fes-heidenheim.de\/gymnasium\/wp-content\/uploads\/sites\/8\/2023\/10\/Vormerkungsformular-Gymnasium.pdf\" target=\"_blank\" rel=\"noopener\" title=\"Formular zur Vormerkung\"><strong>For\u00admu\u00adlar zur Vormerkung<\/strong><\/a> aus und senden es unter\u00adschrieben per E\u2011Mail oder auf dem Post\u00adweg an uns zur\u00fcck.<\/p>\n<\/div>\n<div><a href=\"https:\/\/fes-heidenheim.de\/gymnasium\/wp-content\/uploads\/sites\/8\/2023\/10\/Vormerkungsformular-Gymnasium.pdf\" target=\"_blank\" rel=\"noopener\" title=\"Formular zur Vormerkung\"><strong>For\u00admu\u00adlar zur VORMERKUNG<\/strong><\/a><\/div>\n<div><\/div>\n<div>E\u2011Mail: <a href=\"mailto:gymnasium@fes-heidenheim.de\">gymnasium@fes-heidenheim.de<\/a><\/div>\n<div>Postadresse:<br>Freie Evan\u00adge\u00adlis\u00adche Schule und Kindertagesst\u00e4tte Heidenheim<\/div>\n<div>Gym\u00adna\u00adsi\u00adum<\/div>\n<div><\/div>\n<div>Kurze Stra\u00dfe 9<br>89522 Hei\u00adden\u00adheim<\/div>\n<p><span class=\"text_main\"><\/span><\/p>\n<p><span class=\"text_main\">Sie erhal\u00adten eine Emp\u00adfangs\u00adbest\u00e4\u00adti\u00adgung mit ein\u00ader Infor\u00adma\u00adtion aller notwendi\u00adgen Unter\u00adla\u00adgen und allen weit\u00aderen f\u00fcr die Anmel\u00addung wichti\u00adgen Termine.<\/span><\/p>\n<p><span class=\"text_main\"><\/span><\/p>\n<p>Bitte brin\u00adgen Sie fol\u00adgende Unter\u00adla\u00adgen f\u00fcr die Anmel\u00addung&nbsp;mit:<\/p>\n<ul>\n<li><span class=\"text_main\">Fam\u00adi\u00adlien\u00adstamm\u00adbuch oder eine Geburt\u00adsurkunde zur Einsicht<\/span><\/li>\n<li><span class=\"text_main\">Eine Zeug\u00adniskopie der 3. Klasse sowie \u2013 sofern vor\u00adliegend \u2013 der Hal\u00adb\u00adjahresin\u00adfor\u00adma\u00adtion der 4. Klasse.&nbsp;<\/span><\/li>\n<li><span class=\"text_main\">Die Grundschulempfehlung\/Anmeldung zur weit\u00ader\u00adf\u00fchren\u00adden Schule<\/span><\/li>\n<li><span class=\"text_main\">Einen Nach\u00adweis der Masern\u00adschutz\u00adimp\u00adfung gem\u00e4\u00df Masern\u00adschutzge\u00adsetz seit 1. M\u00e4rz 2020. Der Nach\u00adweis kann durch den Imp\u00adfausweis, das gelbe Kinderun\u00adter\u00adsuchung\u00adsheft oder, ins\u00adbeson\u00addere bei bere\u00adits erlit\u00adten\u00ader Krankheit, ein \u00e4rztlich\u00ades Attest beige\u00adbracht werden.<\/span><\/li>\n<\/ul>[\/et_pb_toggle][et_pb_toggle title=\u201cSchulgeb\u00fchren\u201d open_toggle_text_color=\u201c#000000\u201d icon_color=\u201c#000000\u201d toggle_icon=\u201cL||divi||400\u201d icon_font_size=\u201c34px\u201d open_icon_color=\u201c#000000\u201d open_toggle_icon=\u201cM||divi||400\u201d open_icon_font_size=\u201c34px\u201d admin_label=\u201cSchulgebuehren\u201d module_class=\u201cpa-bullet-list\u20111\u201d _builder_version=\u201c4.27.4\u201d _module_preset=\u201cdefault\u201d title_text_color=\u201c#000000\u201d title_level=\u201ch4\u201d title_font=\u201d|700|||||||\u201d title_font_size=\u201c24px\u201d closed_title_font=\u201d|700|||||||\u201d closed_title_font_size=\u201c24px\u201d background_color=\u201cRGBA(255,255,255,0)\u201d custom_margin=\u201d-38px||||false|false\u201d custom_padding=\u201c24px||||false|false\u201d hover_enabled=\u201c0\u201d border_width_top=\u201c0px\u201d border_color_top=\u201c#000000\u201d border_width_right=\u201c0px\u201d border_width_bottom=\u201c2px\u201d border_color_bottom=\u201c#000000\u201d border_width_left=\u201c0px\u201d global_colors_info=\u201d{}\u201d sticky_enabled=\u201c0\u201d]<div><\/div>\n<div>Ab Schul\u00adjahr 2025\/26<\/div>\n<table style=\"width: 100%;\" border=\"0\" align=\"left\">\n<tbody>\n<tr>\n<td>1 Kind Grundschule\/2 Kinder Grundschule<\/td>\n<td>107,50 \u20ac\/161,50 \u20ac<\/td>\n<\/tr>\n<tr>\n<td>1 Kind Realschule oder Gym\u00adna\u00adsi\u00adum G&nbsp;9<\/td>\n<td>183,00 \u20ac<\/td>\n<\/tr>\n<tr>\n<td>2 Kinder (1GS + 1 RS oder G&nbsp;9)<\/td>\n<td>199,00 \u20ac<\/td>\n<\/tr>\n<tr>\n<td>2 Kinder RS oder G&nbsp;9<\/td>\n<td>274,50 \u20ac<\/td>\n<\/tr>\n<tr>\n<td>ab 3. (j\u00fcng\u00adstem)&nbsp;Kind<\/td>\n<td style=\"width: 50%;\">schul\u00adgeld\u00adfrei&nbsp;&nbsp;&nbsp;&nbsp; &nbsp;<span style=\"text-decoration: line-through;\"><\/span><\/td>\n<\/tr>\n<\/tbody>\n<\/table>\n<p style=\"text-align: justify;\"><span style=\"letter-spacing: 0pt;\"><\/span><\/p>\n<p style=\"text-align: justify;\"><span style=\"letter-spacing: 0pt;\"><\/span><\/p>\n<ul>\n<li style=\"text-align: justify;\"><span style=\"letter-spacing: 0pt;\">Die ein\u00adma\u00adlige Anmeldege\u00adb\u00fchr betr\u00e4gt <\/span><span style=\"letter-spacing: 0pt;\">f\u00fcr Gym\u00adna\u00adsi\u00adum und Realschule 100,00 \u20ac und f\u00fcr die Grund\u00adschule 90,00 \u20ac.<\/span><\/li>\n<li>Als Pri\u00advatschule finanziert sich die Freie Evan\u00adge\u00adlis\u00adche Schule Hei\u00adden\u00adheim durch staatliche Zusch\u00fcsse nach dem Pri\u00advatschulge\u00adsetz, durch das Schul\u00adgeld, durch Spenden und durch frei\u00adwillige und ehre\u00adnamtliche Arbeit\u00aden der Eltern, der Lehrer und des Fre\u00adun\u00addeskreis\u00ades der Freien Evan\u00adge\u00adlis\u00adchen Schule Heidenheim.<\/li>\n<li>Damit das Schul\u00adgeld auch f\u00fcr Fam\u00adi\u00adlien mit mehreren Kindern trag\u00adbar bleibt, unter\u00adst\u00fctzt ein Kreis von Fre\u00adun\u00adden und F\u00f6rder\u00adern die Arbeit der Schule. Solche Spenden wie auch das Schul\u00adgeld sind in ein\u00ader bes\u00adtimmten H\u00f6he steuer\u00adlich abzugsf\u00e4hig.<\/li>\n<\/ul>[\/et_pb_toggle][\/et_pb_column][\/et_pb_row][\/et_pb_section][et_pb_section fb_built=\u201c1\u201d _builder_version=\u201c4.17.0\u201d _module_preset=\u201cdefault\u201d global_colors_info=\u201d{}\u201d][et_pb_row _builder_version=\u201c4.17.0\u201d _module_preset=\u201cdefault\u201d global_colors_info=\u201d{}\u201d][et_pb_column type=\u201c4_4\u201d _builder_version=\u201c4.17.0\u201d _module_preset=\u201cdefault\u201d global_colors_info=\u201d{}\u201d][et_pb_image src=\u201chttps:\/\/fes-heidenheim.de\/gymnasium\/wp-content\/uploads\/sites\/8\/2022\/04\/fes-hdh-stimmbildung-scaled.jpg\u201d alt=\u201cFES Hei\u00adden\u00adheim Stimm\u00adbil\u00addung\u201d title_text=\u201cfes-hdh-stimmbildung\u201d _builder_version=\u201c4.17.0\u201d _module_preset=\u201cdefault\u201d global_colors_info=\u201d{}\u201d][\/et_pb_image][\/et_pb_column][\/et_pb_row][\/et_pb_section][et_pb_section fb_built=\u201c1\u201d custom_padding_last_edited=\u201con|tablet\u201d admin_label=\u201cGYM Schulis\u00adche Ange\u00adbote\u201d module_id=\u201cangebote\u201d _builder_version=\u201c4.17.3\u201d background_color=\u201c#F2F2F2\u201d background_enable_image=\u201coff\u201d custom_padding=\u201d||0vh|||\u201d custom_padding_tablet=\u201d||0vh|||\u201d custom_padding_phone=\u201d\u201d locked=\u201coff\u201d global_colors_info=\u201d{}\u201d][et_pb_row module_class=\u201cparent-column\u201d _builder_version=\u201c4.16.0\u201d _module_preset=\u201cdefault\u201d global_colors_info=\u201d{}\u201d][et_pb_column type=\u201c4_4\u201d _builder_version=\u201c4.16.0\u201d _module_preset=\u201cdefault\u201d global_colors_info=\u201d{}\u201d][et_pb_text _builder_version=\u201c4.17.0\u201d _module_preset=\u201cdefault\u201d header_3_text_color=\u201c#000000\u201d custom_margin=\u201d||60px||false|false\u201d locked=\u201coff\u201d global_colors_info=\u201d{}\u201d]<h3><strong>Unser schulischen Angebote<\/strong><strong><br><\/strong><\/h3>\n<h3>F\u00fcr jede\/n etwas&nbsp;dabei<\/h3>\n<p>&nbsp;<\/p>[\/et_pb_text][et_pb_toggle title=\u201cAGs\u201d open_toggle_text_color=\u201c#000000\u201d icon_color=\u201c#000000\u201d toggle_icon=\u201cL||divi||400\u201d icon_font_size=\u201c34px\u201d open_icon_color=\u201c#000000\u201d open_toggle_icon=\u201cM||divi||400\u201d open_icon_font_size=\u201c34px\u201d admin_label=\u201cAGs\u201d module_class=\u201cpa-bullet-list\u20111\u201d _builder_version=\u201c4.17.4\u201d _module_preset=\u201cdefault\u201d title_text_color=\u201c#000000\u201d title_level=\u201ch4\u201d title_font=\u201d|700|||||||\u201d title_font_size=\u201c24px\u201d closed_title_font=\u201d|700|||||||\u201d closed_title_font_size=\u201c24px\u201d background_color=\u201cRGBA(255,255,255,0)\u201d custom_margin=\u201d-38px||||false|false\u201d custom_padding=\u201c24px||||false|false\u201d border_width_all=\u201c0px\u201d border_width_top=\u201c2px\u201d border_color_top=\u201c#000000\u201d border_width_right=\u201c0px\u201d border_width_bottom=\u201c2px\u201d border_color_bottom=\u201c#000000\u201d border_width_left=\u201c0px\u201d global_colors_info=\u201d{}\u201d]<p>Von Klasse 5 \u2014 7 besucht jede Sch\u00fc\u00adlerin und jed\u00ader Sch\u00fcler eine AG. Das Ange\u00adbot an AGs wech\u00adselt je nach Anbi\u00adeter. Im Hal\u00adb\u00adjahr k\u00f6n\u00adnen die Sch\u00fcler und Sch\u00fc\u00adlerin\u00adnen in eine andere AG wech\u00adseln. Die AGs wer\u00adden jahrgangs\u00fcber\u00adgreifend ange\u00adboten. Die AGs find\u00aden dien\u00adstags statt und wer\u00adden von den Sch\u00fc\u00adlerin\u00adnen und Sch\u00fclern sehr gesch\u00e4tzt!<\/p>[\/et_pb_toggle][et_pb_toggle title=\u201cBASICS\u201d open_toggle_text_color=\u201c#000000\u201d icon_color=\u201c#000000\u201d toggle_icon=\u201cL||divi||400\u201d icon_font_size=\u201c34px\u201d open_icon_color=\u201c#000000\u201d open_toggle_icon=\u201cM||divi||400\u201d open_icon_font_size=\u201c34px\u201d admin_label=\u201cBASICS\u201d module_class=\u201cpa-bullet-list\u20111\u201d _builder_version=\u201c4.16.0\u201d _module_preset=\u201cdefault\u201d title_text_color=\u201c#000000\u201d title_level=\u201ch4\u201d title_font=\u201d|700|||||||\u201d title_font_size=\u201c24px\u201d closed_title_font=\u201d|700|||||||\u201d closed_title_font_size=\u201c24px\u201d background_color=\u201cRGBA(255,255,255,0)\u201d custom_margin=\u201d-38px||||false|false\u201d custom_padding=\u201c24px||||false|false\u201d border_width_all=\u201c0px\u201d border_width_top=\u201c0px\u201d border_color_top=\u201c#000000\u201d border_width_right=\u201c0px\u201d border_width_bottom=\u201c2px\u201d border_color_bottom=\u201c#000000\u201d border_width_left=\u201c0px\u201d global_colors_info=\u201d{}\u201d]<p style=\"text-align: left;\"><strong>B<\/strong>ibel <strong>A<\/strong>ction <strong>S<\/strong>pass <strong>I<\/strong>nput <strong>C<\/strong>hris\u00adtus <strong>S<\/strong>piel<\/p>\n<p style=\"text-align: left;\">Seit dem Schul\u00adjahr 2010\/2011 wer\u00adden zu Beginn des Schul\u00adjahres unsere BASICS durchge\u00adf\u00fchrt. Dazu f\u00e4hrt jede Klasse mit ihrem Klassenlehrer\/ ihrer Klassen\u00adlehrerin in ein f\u00fcr die Sch\u00fcler geeignetes Haus, um Zeit mit Gott und Zeit in der Klas\u00adsen\u00adge\u00admein\u00adschaft zu ver\u00adbrin\u00adgen. Es soll Zeit sein f\u00fcr Fra\u00adgen und Zeit f\u00fcr Spiel, Spa\u00df und tolle Gemeinschaftserlebnisse.<\/p>\n<p style=\"text-align: left;\">Jede Klassen\u00adstufe besch\u00e4ftigt sich mit einem bes\u00adtimmten Thema:<\/p>\n<p style=\"text-align: left;\">Klasse 5 Jesus, mein Fre\u00adund \u2014 ich finde Freunde<\/p>\n<p style=\"text-align: left;\">Klasse 6 Ich werde erwachsen<\/p>\n<p style=\"text-align: left;\">Klasse 7 Leben als Christ im Alltag<\/p>\n<p style=\"text-align: left;\">Klasse 8 Christ\u00adsein konkret<\/p>\n<p style=\"text-align: left;\">Klasse 9 meine Gaben entdecken<\/p>\n<p style=\"text-align: left;\">Klasse 10 Zukunftsperspektiven<\/p>\n<p style=\"text-align: left;\">Die ersten BASICS im Sep\u00adtem\u00adber 2010 waren drei wun\u00adder\u00adsch\u00f6ne Tage, alle Sch\u00fcler und Lehrkr\u00e4fte kamen begeis\u00adtert zur\u00fcck.<\/p>[\/et_pb_toggle][et_pb_toggle title=\u201cKooperation Duale Hochschule BW (DHBW) \u2014 Hei\u00adden\u00adheim\u201d open_toggle_text_color=\u201c#000000\u201d icon_color=\u201c#000000\u201d toggle_icon=\u201cL||divi||400\u201d icon_font_size=\u201c34px\u201d open_icon_color=\u201c#000000\u201d open_toggle_icon=\u201cM||divi||400\u201d open_icon_font_size=\u201c34px\u201d admin_label=\u201cKooperation Duale Hochschule Baden-W\u00fcrt\u00adtem\u00adberg (DHBW) \u2014 Hei\u00adden\u00adheim\u201d module_class=\u201cpa-bullet-list\u20111\u201d _builder_version=\u201c4.17.3\u201d _module_preset=\u201cdefault\u201d title_text_color=\u201c#000000\u201d title_level=\u201ch4\u201d title_font=\u201d|700|||||||\u201d title_font_size=\u201c24px\u201d closed_title_font=\u201d|700|||||||\u201d closed_title_font_size=\u201c24px\u201d background_color=\u201cRGBA(255,255,255,0)\u201d custom_margin=\u201d-38px||||false|false\u201d custom_padding=\u201c24px||||false|false\u201d border_width_all=\u201c0px\u201d border_width_top=\u201c0px\u201d border_color_top=\u201c#000000\u201d border_width_right=\u201c0px\u201d border_width_bottom=\u201c2px\u201d border_color_bottom=\u201c#000000\u201d border_width_left=\u201c0px\u201d global_colors_info=\u201d{}\u201d]<p><span class=\"text_main\">Zusam\u00adme\u00adnar\u00adbeit zur inten\u00adsiv\u00aden F\u00f6rderung von Sch\u00fc\u00adlerin\u00adnen und Sch\u00fclern: Koop\u00ader\u00ada\u00adtion von DHBW Hei\u00adden\u00adheim und dem FES-Gymnasium<\/span><\/p>\n<p>Das FES-Gym\u00adna\u00adsi\u00adum und die Duale Hochschule Hei\u00adden\u00adheim wer\u00adden arbeit\u00aden eng zusam\u00adme\u00adnar\u00adbeit\u00aden. Den Auf\u00adtakt bildete ein mehrteiliges Sem\u00adi\u00adnar mit Prof. Dr.-Ing. Hans\u00adgert Hasch\u00ader, Stu\u00addi\u00aden\u00adgangsleit\u00ader Wirtschaftsin\u00adge\u00adnieur\u00adwe\u00adsen an der DHBW Heidenheim.<\/p>\n<p>Die Sch\u00fcler der Klassen\u00adstufe 7 unseres Gym\u00adna\u00adsi\u00adums ver\u00adbrin\u00adgen w\u00e4hrend der 3\u2011t\u00e4gigen Koop\u00ader\u00ada\u00adtionsver\u00adanstal\u00adtung&nbsp; zwar den Vor\u00admit\u00adtag an unser\u00ader Schule, besuchen aber nicht etwa ein reg\u00adul\u00e4res Unter\u00adrichts\u00adfach, son\u00addern ler\u00adnen und arbeit\u00aden mit&nbsp; \u201cPaten\u00adpro\u00adfes\u00adsor\u201d Hans\u00adgert Hasch\u00ader. Gemein\u00adsam mit Schulleit\u00ader Andreas Borkeloh hat\u00adte dieser das Koop\u00ader\u00ada\u00adtionspro\u00adjekt einge\u00adf\u00e4delt. Ganz prak\u00adtisch geht es dabei f\u00fcr die jun\u00adgen Gym\u00adnasi\u00adas\u00adten unser\u00ader FES zu: Mit\u00adtels Rasper\u00adry-Pi3-Klein-Com\u00adput\u00adern wer\u00adden beispiel\u00adsweise Auf\u00adgaben von Mess- und Steuerungssys\u00adte\u00admen, wie sie in mod\u00ader\u00adnen Industrie\u20114.0\u2011Systemen Anwen\u00addung find\u00aden, entwick\u00adelt und erkl\u00e4rt.<\/p>\n<p><span class=\"text_main\">\u201eAls Gym\u00adna\u00adsi\u00adum m\u00f6cht\u00aden wir unseren Sch\u00fclern bere\u00adits sehr fr\u00fch Freude und Offen\u00adheit gegen\u00fcber aktuellen The\u00admen wie \u2018Dig\u00adi\u00adtal\u00adisierung und Ver\u00adnet\u00adzung\u2019 erzeu\u00adgen und sie auch in tech\u00adnol\u00ado\u00adgis\u00adchen Schw\u00ader\u00adpunk\u00adten auf ein sp\u00e4teres Studi\u00adum vor\u00adbere\u00adit\u00aden\u201c, erl\u00e4utert Andreas Borkeloh die Inten\u00adtion der Zusam\u00adme\u00adnar\u00adbeit. Die Beson\u00adder\u00adheit der aktuellen Koop\u00ader\u00ada\u00adtion liegt aber auch darin, dass die Ver\u00adanstal\u00adtung der Hochschule unmit\u00adtel\u00adbar an unser\u00ader Schule selb\u00adst stat\u00adtfind\u00adet und in die unter\u00adrichtliche Aus\u00adbil\u00addung an unserem Gym\u00adna\u00adsi\u00adum einge\u00adbet\u00adtet wird. \u201eDer Auf\u00adtakt der aktuellen Koop\u00ader\u00ada\u00adtion mit der DHBW Hei\u00adden\u00adheim stellt f\u00fcr uns als noch junges Hei\u00adden\u00adheimer Gym\u00adna\u00adsi\u00adum einen weit\u00aderen wichti\u00adgen Baustein in der Ver\u00adnet\u00adzung mit der Raum\u00adschaft dar\u201c, so Andreas Borkeloh.&nbsp;<\/span><\/p>\n<p><span class=\"text_main\">Sem\u00adi\u00adnare mit dem Ziel ein\u00ader fes\u00adten Bil\u00addungspart\u00adner\u00adschaft zwis\u00adchen DHBW und unserem FES-Gym\u00adna\u00adsi\u00adum, welche die The\u00admatik f\u00fcr die Gym\u00adnasi\u00adas\u00adten unseren Freien Evan\u00adge\u00adlis\u00adchen Schule ver\u00adtiefen, wer\u00adden fort\u00adlaufend angeboten.&nbsp;<\/span><\/p>[\/et_pb_toggle][et_pb_toggle title=\u201c%22Glauben konkret%22\u201d open_toggle_text_color=\u201c#000000\u201d icon_color=\u201c#000000\u201d toggle_icon=\u201cL||divi||400\u201d icon_font_size=\u201c34px\u201d open_icon_color=\u201c#000000\u201d open_toggle_icon=\u201cM||divi||400\u201d open_icon_font_size=\u201c34px\u201d admin_label=\u201cDiakonie Pro\u00adfil\u201d module_class=\u201cpa-bullet-list\u20111\u201d _builder_version=\u201c4.17.4\u201d _module_preset=\u201cdefault\u201d title_text_color=\u201c#000000\u201d title_level=\u201ch4\u201d title_font=\u201d|700|||||||\u201d title_font_size=\u201c24px\u201d closed_title_font=\u201d|700|||||||\u201d closed_title_font_size=\u201c24px\u201d background_color=\u201cRGBA(255,255,255,0)\u201d custom_margin=\u201d-38px||||false|false\u201d custom_padding=\u201c24px||||false|false\u201d border_width_all=\u201c0px\u201d border_width_top=\u201c0px\u201d border_color_top=\u201c#000000\u201d border_width_right=\u201c0px\u201d border_width_bottom=\u201c2px\u201d border_color_bottom=\u201c#000000\u201d border_width_left=\u201c0px\u201d global_colors_info=\u201d{}\u201d]<p style=\"text-align: left;\">\u201eDie Schule ist eine St\u00e4tte des Lebens und Ler\u00adnens und muss dazu beitra\u00adgen, dass die Grundw\u00aderte unser\u00ader Demokratie und die moralis\u00adchen Nor\u00admen der christlich-abendl\u00e4ndis\u00adchen Tra\u00addi\u00adtion nicht nur the\u00ado\u00adretisch ver\u00admit\u00adtelt, son\u00addern auch mit Leben erf\u00fcllt und in der allt\u00e4glichen Prax\u00adis umge\u00adset\u00adzt wer\u00adden.\u201c (Prof. Kleinknecht in Schulin\u00adtern 10\/94) Die FES m\u00f6chte ihren Sch\u00fclern ver\u00admit\u00adteln, dass der Glaube durch diakonis\u00adches Han\u00addeln prak\u00adtisch wird. Dadurch wer\u00adden Ver\u00adant\u00adwor\u00adtung, Sol\u00adi\u00addar\u00adit\u00e4t, Gerechtigkeit und Mit\u00admen\u00adschlichkeit im Schu\u00adlall\u00adt\u00adag einge\u00fcbt.<\/p>\n<ul>\n<li style=\"text-align: left;\">Cur\u00adricu\u00adlum<\/li>\n<li style=\"text-align: left;\">Klasse 5 Gemein\u00adschaft erleben<\/li>\n<li style=\"text-align: left;\">Lek\u00adt\u00fcre aus dem sozialen und diakonis\u00adchen Bereich<\/li>\n<li style=\"text-align: left;\">Andacht\u00aden, Rol\u00adlen\u00adspiele, Jungschar, Dien\u00adste im Klassenverband<\/li>\n<li style=\"text-align: left;\">Klasse 6 Gemein\u00adschaft gestal\u00adten \u2013 Ver\u00adant\u00adwor\u00adtung \u00fcbernehmen<\/li>\n<li style=\"text-align: left;\">Begr\u00fc\u00dfung der neuen F\u00fcn\u00adftk\u00adl\u00e4ssler, Spielevor\u00admit\u00adtag f\u00fcr die Erstkl\u00e4ssler<\/li>\n<li style=\"text-align: left;\">Klasse 7 Leben im sozialen Gef\u00fcge<\/li>\n<li style=\"text-align: left;\">Mitar\u00adbeit in der SMV und im Sch\u00fcler\u00adbibelkreis, Pausen\u00adspiele f\u00fcr die 4.- 6. Klasse, Erkun\u00addung des Ev. Jugendw\u00aderkes, Erziehung in der Fam\u00adi\u00adlie, Erkun\u00addung und Prak\u00adtikum in einem Kindergarten<\/li>\n<li style=\"text-align: left;\">Klasse 8 Leben mit behin\u00adderten und alten Menschen<\/li>\n<li style=\"text-align: left;\">Ein\u00adrich\u00adtun\u00adgen f\u00fcr behin\u00adderte und alte Men\u00adschen ken\u00adnen\u00adler\u00adnen: Bodelschwingh\u00adsche Anstal\u00adten in Bethel, Niko\u00adlauspflege, Leben\u00adshil\u00adfe, Ther\u00ada\u00adpeutis\u00adches Reit\u00aden, Ev. Heim\u00ads\u00adtiftung (Erkun\u00addung und Praktikum)<\/li>\n<li style=\"text-align: left;\">Klasse 9 Jugendleit\u00ader\u00adaus\u00adbil\u00addung durch das Ev. Jugendwerk<\/li>\n<li style=\"text-align: left;\">u.a. Spielp\u00e4d\u00ada\u00adgogik, Jugen\u00addar\u00adbeit im Kreis Hei\u00adden\u00adheim, Geschicht\u00aden erz\u00e4hlen, Andachts\u00adgestal\u00adtung, Leit\u00ader\u00adrolle, Zeit\u00adman\u00adage\u00adment, Vor\u00adbere\u00aditung des Wei\u00adh\u00adnachts\u00adgottes\u00addi\u00aden\u00adstes, Rechts-ABC und Auf\u00adsicht\u00adspflicht, Pro\u00adgramm\u00adpla\u00adnung, Entwick\u00adlungspsy\u00adcholo\u00adgie, Seelsorge<\/li>\n<li style=\"text-align: left;\">Klasse 10 Sozial-christliche Ein\u00adrich\u00adtun\u00adgen im Kreis Heidenheim<\/li>\n<li style=\"text-align: left;\">Arbeits\u00adbere\u00adiche von Diakonie und Car\u00adi\u00adtas, Kinder\u00adw\u00aderk Lima, Geh\u00f6r\u00adlose\u00adnar\u00adbeit, Ves\u00adperkirche, \u201eLiebe in der Tat\u201c, Notfallseelsorge<\/li>\n<li style=\"text-align: left;\">(Erkun\u00addung, Prak\u00adti\u00adka und Pr\u00e4sentationen)<\/li>\n<\/ul>[\/et_pb_toggle][et_pb_toggle title=\u201cHausaufgaben-Anleitung\u201d open_toggle_text_color=\u201c#000000\u201d icon_color=\u201c#000000\u201d toggle_icon=\u201cL||divi||400\u201d icon_font_size=\u201c34px\u201d open_icon_color=\u201c#000000\u201d open_toggle_icon=\u201cM||divi||400\u201d open_icon_font_size=\u201c34px\u201d module_class=\u201cpa-bullet-list\u20111\u201d _builder_version=\u201c4.17.3\u201d _module_preset=\u201cdefault\u201d title_text_color=\u201c#000000\u201d title_level=\u201ch4\u201d title_font=\u201d|700|||||||\u201d title_font_size=\u201c24px\u201d closed_title_font=\u201d|700|||||||\u201d closed_title_font_size=\u201c24px\u201d background_color=\u201cRGBA(255,255,255,0)\u201d custom_margin=\u201d-38px||||false|false\u201d custom_padding=\u201c24px||||false|false\u201d border_width_all=\u201c0px\u201d border_width_top=\u201c0px\u201d border_color_top=\u201c#000000\u201d border_width_right=\u201c0px\u201d border_width_bottom=\u201c2px\u201d border_color_bottom=\u201c#000000\u201d border_width_left=\u201c0px\u201d global_colors_info=\u201d{}\u201d]<div style=\"text-align: left;\" align=\"right\"><span class=\"text_main\">Ganzj\u00e4hrig find\u00adet mehrmals w\u00f6chentlich eine Hausauf\u00adgabenan\u00adleitung f\u00fcr die Sch\u00fcler statt, die Prob\u00adleme haben, ihre Hausauf\u00adgaben selb\u00adst\u00adst\u00e4ndig zu erledi\u00adgen. Sie wer\u00adden indi\u00advidu\u00adell von ein\u00ader Lehrkraft berat\u00aden, wie sie ihre Hausauf\u00adgaben organ\u00adisieren und struk\u00adturi\u00aderen k\u00f6nnen.&nbsp;<\/span><\/div>[\/et_pb_toggle][et_pb_toggle title=\u201cMethodentage\u201d open_toggle_text_color=\u201c#000000\u201d icon_color=\u201c#000000\u201d toggle_icon=\u201cL||divi||400\u201d icon_font_size=\u201c34px\u201d open_icon_color=\u201c#000000\u201d open_toggle_icon=\u201cM||divi||400\u201d open_icon_font_size=\u201c34px\u201d module_class=\u201cpa-bullet-list\u20111\u201d _builder_version=\u201c4.17.4\u201d _module_preset=\u201cdefault\u201d title_text_color=\u201c#000000\u201d title_level=\u201ch4\u201d title_font=\u201d|700|||||||\u201d title_font_size=\u201c24px\u201d closed_title_font=\u201d|700|||||||\u201d closed_title_font_size=\u201c24px\u201d background_color=\u201cRGBA(255,255,255,0)\u201d custom_margin=\u201d-38px||||false|false\u201d custom_padding=\u201c24px||||false|false\u201d border_width_all=\u201c0px\u201d border_width_top=\u201c0px\u201d border_color_top=\u201c#000000\u201d border_width_right=\u201c0px\u201d border_width_bottom=\u201c2px\u201d border_color_bottom=\u201c#000000\u201d border_width_left=\u201c0px\u201d global_colors_info=\u201d{}\u201d]<div style=\"text-align: left;\" align=\"right\">\n<div style=\"text-align: left;\" align=\"right\">\n<p>\u00dcber das ganze Schul\u00adjahr hin\u00adweg find\u00aden ver\u00adschiedene halbt\u00e4gige Meth\u00ado\u00add\u00aden\u00adt\u00adage statt, bei denen die Sch\u00fcler-\/in\u00adnen ver\u00adschiedene Meth\u00ado\u00add\u00aden des Ler\u00adnens ken\u00adnen und anwen\u00adden lernen.<\/p>\n<p>Fol\u00adgende The\u00admen wer\u00adden u.a. durchgenom\u00admen und einge\u00fcbt:<\/p>\n<ul>\n<li>Hausauf\u00adgaben<\/li>\n<li>Das F\u00fchren von Heften und Ordnern.<\/li>\n<li>mein Arbeit\u00adsplatz<\/li>\n<li>Mind-Map\u00adping<\/li>\n<li>Grup\u00adpe\u00adnar\u00adbeit<\/li>\n<li>effek\u00adtives Ler\u00adnen: Lern\u00adtypen, mehrkanaliges Ler\u00adnen, \u00dcbungsformen<\/li>\n<li>Lesetech\u00adniken \u2013 die 5\u2011Schritt-Lesemeth\u00adode<\/li>\n<li>Markieren, Struk\u00adturi\u00aderen, Noti\u00adzen machen<\/li>\n<li>Arbeit mit Nach\u00adschlagew\u00aderken, Infor\u00adma\u00adtio\u00adnen beschaffen<\/li>\n<li>Vor\u00adbere\u00aditung von Klassenarbeiten<\/li>\n<li>Refer\u00adate und Pr\u00e4sentationen<\/li>\n<li>Visu\u00adal\u00adisierung\u00adstech\u00adniken<\/li>\n<li>Brain\u00adstorm\u00ading<\/li>\n<li>Zeit\u00adpla\u00adnung<\/li>\n<li>Wieder\u00adhol\u00adungsstrate\u00adgien<\/li>\n<li>Bewer\u00adber\u00adtrain\u00ading<\/li>\n<li>Pro\u00adjek\u00adt\u00adpla\u00adnung<\/li>\n<\/ul>\n<p>Den Sch\u00fclern macht es Spa\u00df, neue Lern\u00admeth\u00ado\u00add\u00aden ken\u00adnen zu ler\u00adnen. Sie f\u00fchren einen Ord\u00adner \u00fcber diese Meth\u00ado\u00add\u00aden und k\u00f6n\u00adnen darin nach\u00adschla\u00adgen, wenn sie eine Meth\u00adode brauchen. Wichtig ist die anschlie\u00dfende Ein\u00fcbung in m\u00f6glichst vie\u00adlen F\u00e4ch\u00adern, dadurch erre\u00adichen wir eine Ver\u00adtiefung und die Sch\u00fcler greifen beim selb\u00adst\u00adst\u00e4ndi\u00adgen Erar\u00adbeit\u00aden auf eine der einge\u00fcbten Meth\u00ado\u00add\u00aden zur\u00fcck.<\/p>\n<p>Wir sind ges\u00adpan\u00adnt auf weit\u00adere Erfahrungen.<\/p>\n<\/div>\n<\/div>[\/et_pb_toggle][et_pb_toggle title=\u201cRechtschreibf\u00f6rderung\u201d open_toggle_text_color=\u201c#000000\u201d icon_color=\u201c#000000\u201d toggle_icon=\u201cL||divi||400\u201d icon_font_size=\u201c34px\u201d open_icon_color=\u201c#000000\u201d open_toggle_icon=\u201cM||divi||400\u201d open_icon_font_size=\u201c34px\u201d module_class=\u201cpa-bullet-list\u20111\u201d _builder_version=\u201c4.17.1\u201d _module_preset=\u201cdefault\u201d title_text_color=\u201c#000000\u201d title_level=\u201ch4\u201d title_font=\u201d|700|||||||\u201d title_font_size=\u201c24px\u201d closed_title_font=\u201d|700|||||||\u201d closed_title_font_size=\u201c24px\u201d background_color=\u201cRGBA(255,255,255,0)\u201d custom_margin=\u201d-38px||||false|false\u201d custom_padding=\u201c24px||||false|false\u201d border_width_all=\u201c0px\u201d border_width_top=\u201c0px\u201d border_color_top=\u201c#000000\u201d border_width_right=\u201c0px\u201d border_width_bottom=\u201c2px\u201d border_color_bottom=\u201c#000000\u201d border_width_left=\u201c0px\u201d global_colors_info=\u201d{}\u201d]<div style=\"text-align: left;\" align=\"right\">\n<div style=\"text-align: left;\" align=\"right\">\n<div style=\"text-align: left;\" align=\"right\"><span class=\"text_main\">Aus\u00adge\u00adhend von ein\u00ader Rechtschreib\u00addi\u00adag\u00adnose zu Beginn des Schul\u00adjahres, wird j\u00e4hrlich f\u00fcr die Klassen 5 und 6 Rechtschreibf\u00f6rderung ange\u00adboten. Die Sch\u00fc\u00adlerin\u00adnen und Sch\u00fcler wer\u00adden nach ihren indi\u00advidu\u00adellen Fehler\u00adschw\u00e4chen in kleine Grup\u00adpen eingeteilt. Ein\u00admal w\u00f6chentlich find\u00adet die Rechtschreibf\u00f6rderung statt. An diesen Tre\u00adf\u00adfen wer\u00adden Hil\u00adfestel\u00adlun\u00adgen gegeben und spielerisch ge\u00fcbt. Dar\u00fcber hin\u00adaus erhal\u00adten die Sch\u00fcler pro\u00adpor\u00adtion\u00adierte, kleine Wochenauf\u00adgaben, um das Gel\u00adernte zu wieder\u00adholen und zu vertiefen.<\/span><\/div>\n<\/div>\n<\/div>[\/et_pb_toggle][et_pb_toggle title=\u201cSch\u00fclernachhilfe\u201d open_toggle_text_color=\u201c#000000\u201d icon_color=\u201c#000000\u201d toggle_icon=\u201cL||divi||400\u201d icon_font_size=\u201c34px\u201d open_icon_color=\u201c#000000\u201d open_toggle_icon=\u201cM||divi||400\u201d open_icon_font_size=\u201c34px\u201d module_class=\u201cpa-bullet-list\u20111\u201d _builder_version=\u201c4.17.1\u201d _module_preset=\u201cdefault\u201d title_text_color=\u201c#000000\u201d title_level=\u201ch4\u201d title_font=\u201d|700|||||||\u201d title_font_size=\u201c24px\u201d closed_title_font=\u201d|700|||||||\u201d closed_title_font_size=\u201c24px\u201d background_color=\u201cRGBA(255,255,255,0)\u201d custom_margin=\u201d-38px||||false|false\u201d custom_padding=\u201c24px||||false|false\u201d border_width_all=\u201c0px\u201d border_width_top=\u201c0px\u201d border_color_top=\u201c#000000\u201d border_width_right=\u201c0px\u201d border_width_bottom=\u201c2px\u201d border_color_bottom=\u201c#000000\u201d border_width_left=\u201c0px\u201d global_colors_info=\u201d{}\u201d]<div style=\"text-align: left;\" align=\"right\">\n<div style=\"text-align: left;\" align=\"right\">\n<div style=\"text-align: left;\" align=\"right\">\n<div style=\"text-align: left;\" align=\"right\"><span class=\"text_main\">In jedem Schul\u00adjahr wer\u00adden von den Sch\u00fclern der h\u00f6heren Jahrg\u00e4nge Nach\u00adhil\u00adfes\u00adtun\u00adden als Einzelun\u00adter\u00adricht ange\u00adboten. Eine Liste mit den Kon\u00adtak\u00adt\u00addat\u00aden ist im Sekre\u00adtari\u00adat erh\u00e4ltlich.<\/span><\/div>\n<\/div>\n<\/div>\n<\/div>[\/et_pb_toggle][et_pb_toggle title=\u201cSport &amp; Bewe\u00adgung\u201d open_toggle_text_color=\u201c#000000\u201d icon_color=\u201c#000000\u201d toggle_icon=\u201cL||divi||400\u201d icon_font_size=\u201c34px\u201d open_icon_color=\u201c#000000\u201d open_toggle_icon=\u201cM||divi||400\u201d open_icon_font_size=\u201c34px\u201d module_class=\u201cpa-bullet-list\u20111\u201d _builder_version=\u201c4.17.4\u201d _module_preset=\u201cdefault\u201d title_text_color=\u201c#000000\u201d title_level=\u201ch4\u201d title_font=\u201d|700|||||||\u201d title_font_size=\u201c24px\u201d closed_title_font=\u201d|700|||||||\u201d closed_title_font_size=\u201c24px\u201d background_color=\u201cRGBA(255,255,255,0)\u201d custom_margin=\u201d-38px||||false|false\u201d custom_padding=\u201c24px||||false|false\u201d border_width_all=\u201c0px\u201d border_width_top=\u201c0px\u201d border_color_top=\u201c#000000\u201d border_width_right=\u201c0px\u201d border_width_bottom=\u201c2px\u201d border_color_bottom=\u201c#000000\u201d border_width_left=\u201c0px\u201d global_colors_info=\u201d{}\u201d]<div style=\"text-align: left;\" align=\"right\">\n<div style=\"text-align: left;\" align=\"right\">\n<div style=\"text-align: left;\" align=\"right\">\n<div style=\"text-align: left;\" align=\"right\">\n<p><span class=\"text_main\"><b>Ein Schw\u00ader\u00adpunkt an der FES-Realschule Heidenheim!<\/b><\/span><\/p>\n<p><span class=\"text_main\"><b>DFB-DOPPELPASS 2020&nbsp;\u2013 1. FC Heidenheim<\/b><\/span><\/p>\n<div>Schule und Vere\u00adin: Ein starkes TEAM! Unter dieses Mot\u00adto haben der DFB und sein Part\u00adner bei dieser neuen Ini\u00adtia\u00adtive, die Bun\u00addeszen\u00adtrale f\u00fcr gesund\u00adheitliche Aufk\u00adl\u00e4rung (BZgA), ihre vielf\u00e4lti\u00adgen Mit\u00admach-Ange\u00adbote f\u00fcr Schulen und Vere\u00adine gestellt. Die FES nimmt dieses Ange\u00adbot zusam\u00admen mit dem 1. FC Hei\u00adden\u00adheim wahr. Im Rah\u00admen dieser Koop\u00ader\u00ada\u00adtion mit dem 1. FC Hei\u00adden\u00adheim leit\u00aden Mitar\u00adbeit\u00ader des FCH unsere Fu\u00dfball-AGs, die jeden Dien\u00adstag auf unserem hau\u00adseige\u00adnen Sport\u00adplatz stattfinden.<\/div>\n<div><b><\/b><\/div>\n<div><b><\/b><\/div>\n<div><b>Jugend trainiert f\u00fcr Olympia<\/b><\/div>\n<div>Sch\u00fc\u00adlerin\u00adnen und Sch\u00fcler der FES-Realschule nehmen in jedem Schul\u00adjahr erfol\u00adgre\u00adich an Jugend trainiert f\u00fcr Olympia in den Kat\u00ade\u00adgorien Fu\u00dfball, Schwim\u00admen und Hand\u00adball teil. Unsere Schule ist dar\u00fcber hin\u00adaus regelm\u00e4\u00dfig mit Sch\u00fc\u00adler\u00adgrup\u00adpen beim Hei\u00adden\u00adheimer Stadt\u00adlauf vertreten.<\/div>\n<\/div>\n<\/div>\n<\/div>\n<\/div>[\/et_pb_toggle][\/et_pb_column][\/et_pb_row][\/et_pb_section][et_pb_section fb_built=\u201c1\u201d admin_label=\u201cLogos 1\u201d _builder_version=\u201c4.16\u201d custom_padding=\u201d||||true\u201d locked=\u201coff\u201d global_colors_info=\u201d{}\u201d][et_pb_row _builder_version=\u201c4.16\u201d _module_preset=\u201cdefault\u201d custom_padding=\u201c0px||0px|||\u201d locked=\u201coff\u201d global_colors_info=\u201d{}\u201d][et_pb_column type=\u201c4_4\u201d _builder_version=\u201c4.16\u201d _module_preset=\u201cdefault\u201d global_colors_info=\u201d{}\u201d][et_pb_image src=\u201chttps:\/\/fes-heidenheim.de\/grundschule\/wp-content\/uploads\/sites\/2\/2020\/06\/fes-logo2020-web-mob.png\u201d alt=\u201cfes Fis\u00adchchen\u201d title_text=\u201cfes-logo2020-web-mob\u201d align=\u201ccenter\u201d _builder_version=\u201c4.16\u201d _module_preset=\u201cdefault\u201d width=\u201c5%\u201d custom_margin=\u201d||9px|||\u201d global_colors_info=\u201d{}\u201d][\/et_pb_image][et_pb_text _builder_version=\u201c4.16\u201d _module_preset=\u201cdefault\u201d custom_margin=\u201d||30px||false|false\u201d link_option_url=\u201d#soziales engage\u00adment\u201d global_colors_info=\u201d{}\u201d]<h4 style=\"text-align: center;\">Kooperationspartner<\/h4>[\/et_pb_text][\/et_pb_column][\/et_pb_row][et_pb_row column_structure=\u201c1_4,1_4,1_4,1_4\u201d _builder_version=\u201c4.16\u201d custom_padding=\u201c20px|||\u201d global_colors_info=\u201d{}\u201d][et_pb_column type=\u201c1_4\u201d _builder_version=\u201c4.16\u201d custom_padding=\u201d|||\u201d global_colors_info=\u201d{}\u201d custom_padding__hover=\u201d|||\u201d][et_pb_image src=\u201chttps:\/\/fes-heidenheim.de\/grundschule\/wp-content\/uploads\/sites\/2\/2021\/02\/dfb-doppelpass.jpg\u201d title_text=\u201cdfb-doppelpass\u201d url=\u201d#\u201d align=\u201ccenter\u201d align_tablet=\u201ccenter\u201d align_phone=\u201d\u201d align_last_edited=\u201con|desktop\u201d _builder_version=\u201c4.16\u201d custom_padding=\u201d|||\u201d animation_style=\u201cfade\u201d global_colors_info=\u201d{}\u201d][\/et_pb_image][et_pb_image src=\u201chttps:\/\/fes-heidenheim.de\/grundschule\/wp-content\/uploads\/sites\/2\/2021\/02\/bfa.jpg\u201d title_text=\u201cbfa\u201d url=\u201d#\u201d align=\u201ccenter\u201d align_tablet=\u201ccenter\u201d align_phone=\u201d\u201d align_last_edited=\u201con|desktop\u201d _builder_version=\u201c4.16\u201d custom_padding=\u201d|||\u201d animation_style=\u201cfade\u201d animation_delay=\u201c1000ms\u201d locked=\u201coff\u201d global_colors_info=\u201d{}\u201d][\/et_pb_image][\/et_pb_column][et_pb_column type=\u201c1_4\u201d _builder_version=\u201c4.16\u201d custom_padding=\u201d|||\u201d global_colors_info=\u201d{}\u201d custom_padding__hover=\u201d|||\u201d][et_pb_image src=\u201chttps:\/\/fes-heidenheim.de\/grundschule\/wp-content\/uploads\/sites\/2\/2021\/02\/fch-logo.jpg\u201d title_text=\u201cfch-logo\u201d url=\u201d#\u201d align=\u201ccenter\u201d align_tablet=\u201ccenter\u201d align_phone=\u201d\u201d align_last_edited=\u201con|desktop\u201d _builder_version=\u201c4.16\u201d custom_padding=\u201d|||\u201d animation_style=\u201cfade\u201d animation_delay=\u201c250ms\u201d locked=\u201coff\u201d global_colors_info=\u201d{}\u201d][\/et_pb_image][et_pb_image src=\u201chttps:\/\/fes-heidenheim.de\/grundschule\/wp-content\/uploads\/sites\/2\/2021\/02\/vebs.jpg\u201d title_text=\u201cvebs\u201d url=\u201d#\u201d align=\u201ccenter\u201d align_tablet=\u201ccenter\u201d align_phone=\u201d\u201d align_last_edited=\u201con|desktop\u201d _builder_version=\u201c4.16\u201d custom_padding=\u201d|||\u201d animation_style=\u201cfade\u201d animation_delay=\u201c1250ms\u201d locked=\u201coff\u201d global_colors_info=\u201d{}\u201d][\/et_pb_image][\/et_pb_column][et_pb_column type=\u201c1_4\u201d _builder_version=\u201c4.16\u201d custom_padding=\u201d|||\u201d global_colors_info=\u201d{}\u201d custom_padding__hover=\u201d|||\u201d][et_pb_image src=\u201chttps:\/\/fes-heidenheim.de\/grundschule\/wp-content\/uploads\/sites\/2\/2021\/02\/jugend-trainiert.jpg\u201d title_text=\u201cjugend-trainiert\u201d url=\u201d#\u201d align=\u201ccenter\u201d align_tablet=\u201ccenter\u201d align_phone=\u201d\u201d align_last_edited=\u201con|desktop\u201d _builder_version=\u201c4.16\u201d custom_padding=\u201d|||\u201d animation_style=\u201cfade\u201d animation_delay=\u201c500ms\u201d locked=\u201coff\u201d global_colors_info=\u201d{}\u201d][\/et_pb_image][et_pb_image src=\u201chttps:\/\/fes-heidenheim.de\/grundschule\/wp-content\/uploads\/sites\/2\/2021\/02\/schulanmeldung-online.jpg\u201d title_text=\u201cschulanmeldung-online\u201d url=\u201d#\u201d align=\u201ccenter\u201d align_tablet=\u201ccenter\u201d align_phone=\u201d\u201d align_last_edited=\u201con|desktop\u201d _builder_version=\u201c4.16\u201d custom_padding=\u201d|||\u201d animation_style=\u201cfade\u201d animation_delay=\u201c1500ms\u201d locked=\u201coff\u201d global_colors_info=\u201d{}\u201d][\/et_pb_image][\/et_pb_column][et_pb_column type=\u201c1_4\u201d _builder_version=\u201c4.16\u201d custom_padding=\u201d|||\u201d global_colors_info=\u201d{}\u201d custom_padding__hover=\u201d|||\u201d][et_pb_image src=\u201chttps:\/\/fes-heidenheim.de\/grundschule\/wp-content\/uploads\/sites\/2\/2021\/02\/lebenslanges-lernen.jpg\u201d title_text=\u201clebenslanges-lernen\u201d url=\u201d#\u201d align=\u201ccenter\u201d align_tablet=\u201ccenter\u201d align_phone=\u201d\u201d align_last_edited=\u201con|desktop\u201d _builder_version=\u201c4.16\u201d custom_padding=\u201d|||\u201d animation_style=\u201cfade\u201d animation_delay=\u201c750ms\u201d locked=\u201coff\u201d global_colors_info=\u201d{}\u201d][\/et_pb_image][et_pb_image src=\u201chttps:\/\/fes-heidenheim.de\/grundschule\/wp-content\/uploads\/sites\/2\/2020\/06\/fes-logo2020-web-mob.png\u201d title_text=\u201cfes-logo2020-web-mob\u201d url=\u201d#\u201d align=\u201ccenter\u201d align_tablet=\u201ccenter\u201d align_phone=\u201d\u201d align_last_edited=\u201con|desktop\u201d _builder_version=\u201c4.16\u201d custom_padding=\u201d|||\u201d animation_style=\u201cfade\u201d animation_delay=\u201c1750ms\u201d locked=\u201coff\u201d global_colors_info=\u201d{}\u201d][\/et_pb_image][\/et_pb_column][\/et_pb_row][\/et_pb_section]","protected":false},"excerpt":{"rendered":"<p>Das FES Gym\u00adna\u00adsi\u00adum Christliche Werte ver\u00admit\u00adteln Das Gym\u00adna\u00adsi\u00adum der Freien Evan\u00adge\u00adlis\u00adchen Schule Hei\u00adden\u00adheim ist eine staatlich anerkan\u00adnte Pri\u00advatschule in freier Tr\u00e4ger\u00adschaft. Die Erziehungs- und Bil\u00addungsziele unser\u00ader ganzheitlich christlichen P\u00e4d\u00ada\u00adgogik richten&nbsp;[\u2026]<\/p>\n","protected":false},"author":1,"featured_media":0,"parent":0,"menu_order":0,"comment_status":"closed","ping_status":"closed","template":"","meta":{"_et_pb_use_builder":"on","_et_pb_old_content":"","_et_gb_content_width":"","inline_featured_image":false,"wp_typography_post_enhancements_disabled":false,"footnotes":""},"class_list":["post-2367","page","type-page","status-publish","hentry"],"yoast_head":"<!-- This site is optimized with the Yoast SEO plugin v27.4 - https:\/\/yoast.com\/product\/yoast-seo-wordpress\/ -->\n<title>Profil und Angebot - Gymnasium | Freie Evangelische Schule und Kindertagesst\u00e4tte Heidenheim e. V.<\/title>\n<meta name=\"robots\" content=\"index, follow, max-snippet:-1, max-image-preview:large, max-video-preview:-1\" \/>\n<link rel=\"canonical\" href=\"https:\/\/fes-heidenheim.de\/gymnasium\/profil-und-angebot\/\" \/>\n<meta property=\"og:locale\" content=\"de_DE\" \/>\n<meta property=\"og:type\" content=\"article\" \/>\n<meta property=\"og:title\" content=\"Profil und Angebot - Gymnasium | Freie Evangelische Schule und Kindertagesst\u00e4tte Heidenheim e. V.\" \/>\n<meta property=\"og:description\" content=\"Das FES Gymnasium Christliche Werte vermitteln Das Gymnasium der Freien Evangelischen Schule Heidenheim ist eine staatlich anerkannte Privatschule in freier Tr\u00e4gerschaft. Die Erziehungs- und Bildungsziele unserer ganzheitlich christlichen P\u00e4dagogik richten [&hellip;]\" \/>\n<meta property=\"og:url\" content=\"https:\/\/fes-heidenheim.de\/gymnasium\/profil-und-angebot\/\" \/>\n<meta property=\"og:site_name\" content=\"Gymnasium | Freie Evangelische Schule und Kindertagesst\u00e4tte Heidenheim e. V.\" \/>\n<meta property=\"article:modified_time\" content=\"2025-10-06T09:33:06+00:00\" \/>\n<meta name=\"twitter:card\" content=\"summary_large_image\" \/>\n<meta name=\"twitter:label1\" content=\"Gesch\u00e4tzte Lesezeit\" \/>\n\t<meta name=\"twitter:data1\" content=\"30\u00a0Minuten\" \/>\n<script type=\"application\/ld+json\" class=\"yoast-schema-graph\">{\"@context\":\"https:\\\/\\\/schema.org\",\"@graph\":[{\"@type\":\"WebPage\",\"@id\":\"https:\\\/\\\/fes-heidenheim.de\\\/gymnasium\\\/profil-und-angebot\\\/\",\"url\":\"https:\\\/\\\/fes-heidenheim.de\\\/gymnasium\\\/profil-und-angebot\\\/\",\"name\":\"Profil und Angebot - Gymnasium | Freie Evangelische Schule und Kindertagesst\u00e4tte Heidenheim e. V.\",\"isPartOf\":{\"@id\":\"https:\\\/\\\/fes-heidenheim.de\\\/gymnasium\\\/#website\"},\"datePublished\":\"2021-10-17T09:54:39+00:00\",\"dateModified\":\"2025-10-06T09:33:06+00:00\",\"breadcrumb\":{\"@id\":\"https:\\\/\\\/fes-heidenheim.de\\\/gymnasium\\\/profil-und-angebot\\\/#breadcrumb\"},\"inLanguage\":\"de\",\"potentialAction\":[{\"@type\":\"ReadAction\",\"target\":[\"https:\\\/\\\/fes-heidenheim.de\\\/gymnasium\\\/profil-und-angebot\\\/\"]}]},{\"@type\":\"BreadcrumbList\",\"@id\":\"https:\\\/\\\/fes-heidenheim.de\\\/gymnasium\\\/profil-und-angebot\\\/#breadcrumb\",\"itemListElement\":[{\"@type\":\"ListItem\",\"position\":1,\"name\":\"Startseite\",\"item\":\"https:\\\/\\\/fes-heidenheim.de\\\/gymnasium\\\/\"},{\"@type\":\"ListItem\",\"position\":2,\"name\":\"Profil und Angebot\"}]},{\"@type\":\"WebSite\",\"@id\":\"https:\\\/\\\/fes-heidenheim.de\\\/gymnasium\\\/#website\",\"url\":\"https:\\\/\\\/fes-heidenheim.de\\\/gymnasium\\\/\",\"name\":\"Gymnasium | Freie Evangelische Schule und Kindertagesst\u00e4tte Heidenheim e. V.\",\"description\":\"Eine weitere Freie Evangelische Schule Heidenheim e.V. Websites Website\",\"potentialAction\":[{\"@type\":\"SearchAction\",\"target\":{\"@type\":\"EntryPoint\",\"urlTemplate\":\"https:\\\/\\\/fes-heidenheim.de\\\/gymnasium\\\/?s={search_term_string}\"},\"query-input\":{\"@type\":\"PropertyValueSpecification\",\"valueRequired\":true,\"valueName\":\"search_term_string\"}}],\"inLanguage\":\"de\"}]}<\/script>\n<!-- \/ Yoast SEO plugin. -->","yoast_head_json":{"title":"Profil und Angebot - Gymnasium | Freie Evangelische Schule und Kindertagesst\u00e4tte Heidenheim e. V.","robots":{"index":"index","follow":"follow","max-snippet":"max-snippet:-1","max-image-preview":"max-image-preview:large","max-video-preview":"max-video-preview:-1"},"canonical":"https:\/\/fes-heidenheim.de\/gymnasium\/profil-und-angebot\/","og_locale":"de_DE","og_type":"article","og_title":"Profil und Angebot - Gymnasium | Freie Evangelische Schule und Kindertagesst\u00e4tte Heidenheim e. V.","og_description":"Das FES Gymnasium Christliche Werte vermitteln Das Gymnasium der Freien Evangelischen Schule Heidenheim ist eine staatlich anerkannte Privatschule in freier Tr\u00e4gerschaft. Die Erziehungs- und Bildungsziele unserer ganzheitlich christlichen P\u00e4dagogik richten [&hellip;]","og_url":"https:\/\/fes-heidenheim.de\/gymnasium\/profil-und-angebot\/","og_site_name":"Gymnasium | Freie Evangelische Schule und Kindertagesst\u00e4tte Heidenheim e. V.","article_modified_time":"2025-10-06T09:33:06+00:00","twitter_card":"summary_large_image","twitter_misc":{"Gesch\u00e4tzte Lesezeit":"30\u00a0Minuten"},"schema":{"@context":"https:\/\/schema.org","@graph":[{"@type":"WebPage","@id":"https:\/\/fes-heidenheim.de\/gymnasium\/profil-und-angebot\/","url":"https:\/\/fes-heidenheim.de\/gymnasium\/profil-und-angebot\/","name":"Profil und Angebot - Gymnasium | Freie Evangelische Schule und Kindertagesst\u00e4tte Heidenheim e. V.","isPartOf":{"@id":"https:\/\/fes-heidenheim.de\/gymnasium\/#website"},"datePublished":"2021-10-17T09:54:39+00:00","dateModified":"2025-10-06T09:33:06+00:00","breadcrumb":{"@id":"https:\/\/fes-heidenheim.de\/gymnasium\/profil-und-angebot\/#breadcrumb"},"inLanguage":"de","potentialAction":[{"@type":"ReadAction","target":["https:\/\/fes-heidenheim.de\/gymnasium\/profil-und-angebot\/"]}]},{"@type":"BreadcrumbList","@id":"https:\/\/fes-heidenheim.de\/gymnasium\/profil-und-angebot\/#breadcrumb","itemListElement":[{"@type":"ListItem","position":1,"name":"Startseite","item":"https:\/\/fes-heidenheim.de\/gymnasium\/"},{"@type":"ListItem","position":2,"name":"Profil und Angebot"}]},{"@type":"WebSite","@id":"https:\/\/fes-heidenheim.de\/gymnasium\/#website","url":"https:\/\/fes-heidenheim.de\/gymnasium\/","name":"Gymnasium | Freie Evangelische Schule und Kindertagesst\u00e4tte Heidenheim e. V.","description":"Eine weitere Freie Evangelische Schule Heidenheim e.V. Websites Website","potentialAction":[{"@type":"SearchAction","target":{"@type":"EntryPoint","urlTemplate":"https:\/\/fes-heidenheim.de\/gymnasium\/?s={search_term_string}"},"query-input":{"@type":"PropertyValueSpecification","valueRequired":true,"valueName":"search_term_string"}}],"inLanguage":"de"}]}},"_links":{"self":[{"href":"https:\/\/fes-heidenheim.de\/gymnasium\/wp-json\/wp\/v2\/pages\/2367","targetHints":{"allow":["GET"]}}],"collection":[{"href":"https:\/\/fes-heidenheim.de\/gymnasium\/wp-json\/wp\/v2\/pages"}],"about":[{"href":"https:\/\/fes-heidenheim.de\/gymnasium\/wp-json\/wp\/v2\/types\/page"}],"author":[{"embeddable":true,"href":"https:\/\/fes-heidenheim.de\/gymnasium\/wp-json\/wp\/v2\/users\/1"}],"replies":[{"embeddable":true,"href":"https:\/\/fes-heidenheim.de\/gymnasium\/wp-json\/wp\/v2\/comments?post=2367"}],"version-history":[{"count":77,"href":"https:\/\/fes-heidenheim.de\/gymnasium\/wp-json\/wp\/v2\/pages\/2367\/revisions"}],"predecessor-version":[{"id":6283,"href":"https:\/\/fes-heidenheim.de\/gymnasium\/wp-json\/wp\/v2\/pages\/2367\/revisions\/6283"}],"wp:attachment":[{"href":"https:\/\/fes-heidenheim.de\/gymnasium\/wp-json\/wp\/v2\/media?parent=2367"}],"curies":[{"name":"wp","href":"https:\/\/api.w.org\/{rel}","templated":true}]}}