{"id":2387,"date":"2021-10-27T17:45:17","date_gmt":"2021-10-27T15:45:17","guid":{"rendered":"https:\/\/fes-heidenheim.de\/gymnasium\/?page_id=2387"},"modified":"2022-04-20T12:06:16","modified_gmt":"2022-04-20T10:06:16","slug":"faq","status":"publish","type":"page","link":"https:\/\/fes-heidenheim.de\/gymnasium\/faq\/","title":{"rendered":"FAQ"},"content":{"rendered":"[et_pb_section fb_built=\u201c1\u201d fullwidth=\u201con\u201d _builder_version=\u201c4.16\u201d _module_preset=\u201cdefault\u201d background_color=\u201c#f2f2f2\u201d locked=\u201coff\u201d global_colors_info=\u201d{}\u201d][et_pb_fullwidth_header title=\u201cH\u00e4ufige Fra\u00adgen\u201d header_fullscreen=\u201con\u201d header_scroll_down=\u201con\u201d button_one_url=\u201chttps:\/\/fes-heidenheim.de\/about\/\u201d background_overlay_color=\u201crgba(0,0,0,0.2)\u201d admin_label=\u201cHero Land\u00ading FES KiTa\u201d module_class=\u201csfly_fullwidth_header\u201d _builder_version=\u201c4.17.0\u201d title_font=\u201d|700|||||||\u201d title_text_align=\u201cleft\u201d title_text_color=\u201c#F2F2F2\u201d title_font_size=\u201c70px\u201d content_font=\u201d||||||||\u201d subhead_font=\u201cRaleway||||||||\u201d subhead_text_align=\u201cleft\u201d subhead_font_size=\u201c70px\u201d subhead_line_height=\u201c1.1em\u201d background_color=\u201cRGBA(0,0,0,0)\u201d background_image=\u201chttps:\/\/fes-heidenheim.de\/gymnasium\/wp-content\/uploads\/sites\/8\/2021\/10\/fes-hero-angebot-rs2-scaled.jpg\u201d custom_button_one=\u201con\u201d button_one_text_color=\u201d#ffffff\u201d button_one_bg_color=\u201c#000000\u201d button_one_border_color=\u201d#ffffff\u201d button_one_font=\u201d|700|||||||\u201d button_one_icon=\u201c5||divi||400\u201d button_one_icon_color=\u201c#000000\u201d custom_button_two=\u201con\u201d button_two_border_width=\u201c0px\u201d button_two_font=\u201d|700|||||||\u201d button_two_icon=\u201c5||divi||400\u201d animation_style=\u201cfade\u201d animation_duration=\u201c1500ms\u201d title_font_size_tablet=\u201c48px\u201d title_font_size_phone=\u201c36px\u201d title_font_size_last_edited=\u201con|phone\u201d subhead_font_size_tablet=\u201c70px\u201d subhead_font_size_phone=\u201c36px\u201d subhead_font_size_last_edited=\u201con|phone\u201d custom_css_content=\u201cmax-width: 600px;||margin: 0 auto 15px;\u201d border_color_bottom=\u201d#ffffff\u201d border_color_all_image=\u201cRGBA(0,0,0,0)\u201d button_one_text_color_hover=\u201d#ffffff\u201d button_two_text_color_hover=\u201d#ffffff\u201d button_one_border_color_hover=\u201d#ffffff\u201d button_two_border_color_hover=\u201d#ffffff\u201d button_one_bg_color_hover=\u201crgba(255,255,255,0)\u201d button_two_bg_color_hover=\u201crgba(0,0,0,0)\u201d locked=\u201coff\u201d inline_fonts=\u201cAlkes\u201d global_colors_info=\u201d{}\u201d button_one_text_size__hover_enabled=\u201coff\u201d button_two_text_size__hover_enabled=\u201coff\u201d button_one_text_color__hover_enabled=\u201con\u201d button_one_text_color__hover=\u201c#000000\u201d button_two_text_color__hover_enabled=\u201con\u201d button_two_text_color__hover=\u201d#ffffff\u201d button_one_border_width__hover_enabled=\u201con|hover\u201d button_two_border_width__hover_enabled=\u201coff\u201d button_one_border_color__hover_enabled=\u201con|hover\u201d button_one_border_color__hover=\u201c#000000\u201d button_two_border_color__hover_enabled=\u201con|hover\u201d button_two_border_color__hover=\u201c#000000\u201d button_one_border_radius__hover_enabled=\u201coff\u201d button_two_border_radius__hover_enabled=\u201coff\u201d button_one_letter_spacing__hover_enabled=\u201coff\u201d button_two_letter_spacing__hover_enabled=\u201coff\u201d button_one_bg_color__hover_enabled=\u201con\u201d button_one_bg_color__hover=\u201cRGBA(0,0,0,0)\u201d button_two_bg_color__hover_enabled=\u201con|hover\u201d button_two_bg_color__hover=\u201crgba(0,0,0,0)\u201d button_one_border_width__hover=\u201c2px\u201d]<h2>Eine christliche Schule<\/h2>[\/et_pb_fullwidth_header][\/et_pb_section][et_pb_section fb_built=\u201c1\u201d admin_label=\u201cFeature 12\u201d module_id=\u201cSchulkosten\u201d module_class=\u201csfly_feature sfly_feature_12 sfly_marketing\u201d _builder_version=\u201c4.16\u201d background_color=\u201crgba(237,109,63,0.25)\u201d locked=\u201coff\u201d global_colors_info=\u201d{}\u201d][et_pb_row _builder_version=\u201c4.16\u201d _module_preset=\u201cdefault\u201d custom_padding=\u201c0px||0px|||\u201d global_colors_info=\u201d{}\u201d][et_pb_column type=\u201c4_4\u201d _builder_version=\u201c4.16\u201d _module_preset=\u201cdefault\u201d global_colors_info=\u201d{}\u201d][et_pb_image src=\u201chttps:\/\/fes-heidenheim.de\/grundschule\/wp-content\/uploads\/sites\/2\/2020\/06\/fes-logo2020-web-mob.png\u201d alt=\u201cfes Fis\u00adchchen\u201d title_text=\u201cfes-logo2020-web-mob\u201d align=\u201ccenter\u201d _builder_version=\u201c4.16\u201d _module_preset=\u201cdefault\u201d width=\u201c5%\u201d custom_margin=\u201d||9px|||\u201d global_colors_info=\u201d{}\u201d][\/et_pb_image][et_pb_text _builder_version=\u201c4.16\u201d _module_preset=\u201cdefault\u201d global_colors_info=\u201d{}\u201d]<h4 style=\"text-align: center;\">FAQ<\/h4>[\/et_pb_text][\/et_pb_column][\/et_pb_row][et_pb_row column_structure=\u201c1_2,1_2\u201d _builder_version=\u201c4.16\u201d custom_padding=\u201c29px|||||\u201d global_colors_info=\u201d{}\u201d][et_pb_column type=\u201c1_2\u201d _builder_version=\u201c4.16\u201d _module_preset=\u201cdefault\u201d global_colors_info=\u201d{}\u201d][et_pb_text _builder_version=\u201c4.16\u201d _module_preset=\u201cdefault\u201d global_colors_info=\u201d{}\u201d]<h3><strong>H\u00e4ufige Fragen<\/strong><\/h3>\n<p><\/p>[\/et_pb_text][et_pb_toggle title=\u201cWie hoch sind die Schulkosten?\u201d open_toggle_text_color=\u201c#000000\u201d open_toggle_background_color=\u201cRGBA(0,0,0,0)\u201d closed_toggle_text_color=\u201c#000000\u201d closed_toggle_background_color=\u201cRGBA(0,0,0,0)\u201d icon_color=\u201d#ED6D3F\u201d open_icon_color=\u201d#ED6D3F\u201d _builder_version=\u201c4.16\u201d title_text_color=\u201c#000000\u201d title_font=\u201d|700|||||||\u201d title_font_size=\u201c16px\u201d closed_title_font=\u201d||||||||\u201d body_font=\u201d||||||||\u201d background_color=\u201c#3D8B85\u201d custom_margin=\u201d||15px|\u201d custom_css_toggle_title=\u201cpadding-top: 5px !impor\u00adtant;\u201d custom_css_toggle_icon=\u201cfont-size: 24px !impor\u00adtant;\u201d border_width_all=\u201c3px\u201d border_color_all=\u201d#ED6D3F\u201d border_style_all=\u201cdotted\u201d global_colors_info=\u201d{}\u201d]<div>Als Pri\u00advatschule finanziert sich die Freie Evan\u00adge\u00adlis\u00adche Schule Hei\u00adden\u00adheim durch staatliche Zusch\u00fcsse nach dem Pri\u00advatschulge\u00adsetz, durch das Schul\u00adgeld, durch Spenden und durch frei\u00adwillige und ehre\u00adnamtliche Arbeit\u00aden der Eltern, der Lehrer und des Fre\u00adun\u00addeskreis\u00ades der Freien Evan\u00adge\u00adlis\u00adchen Schule Heidenheim.<\/div>\n<div><\/div>\n<div>Damit das Schul\u00adgeld auch f\u00fcr Fam\u00adi\u00adlien mit mehreren Kindern trag\u00adbar bleibt, unter\u00adst\u00fctzt ein Kreis von Fre\u00adun\u00adden und F\u00f6rder\u00adern die Arbeit der Schule. Solche Spenden wie auch das Schul\u00adgeld sind in ein\u00ader bes\u00adtimmten H\u00f6he steuer\u00adlich abzugsf\u00e4hig.<\/div>\n<div>Das Schul\u00adgeld betr\u00e4gt ab dem Schul\u00adjahr 2021\/22 pro Fam\u00adi\u00adlie beim Besuch der Schule durch:<\/div>\n<div><\/div>\n<div><\/div>\n<div><\/div>\n<div>\n<table style=\"width: 100%; border-style: solid;\" border=\"0\" align=\"left\">\n<tbody>\n<tr>\n<td>1 Kind Realschule oder&nbsp;G8<\/td>\n<td>152,00 \u20ac<\/td>\n<\/tr>\n<tr>\n<td>2 Kinder (1GS + 1 RS oder&nbsp;G8)<\/td>\n<td>165,00 \u20ac<\/td>\n<\/tr>\n<tr>\n<td>2 Kinder RS oder&nbsp;G8<\/td>\n<td>228,00 \u20ac<\/td>\n<\/tr>\n<tr>\n<td>ab 3. (j\u00fcng\u00adsten)&nbsp;Kind<\/td>\n<td>frei<\/td>\n<\/tr>\n<\/tbody>\n<\/table>\n<p><b><\/b><i><\/i><u><\/u><sub><\/sub><sup><\/sup><span style=\"text-decoration: line-through;\"><\/span><\/p>\n<\/div>\n<p><span class=\"text_main\">&nbsp; &nbsp; &nbsp; &nbsp; &nbsp; &nbsp; &nbsp; &nbsp; &nbsp; &nbsp; &nbsp; &nbsp; &nbsp; &nbsp; &nbsp; &nbsp; &nbsp; &nbsp; &nbsp; &nbsp;&nbsp;<\/span><\/p>\n<div>Die Anmeldege\u00adb\u00fchr betr\u00e4gt f\u00fcr Gym\u00adna\u00adsi\u00adum und Realschule 100,-&nbsp;\u20ac.<\/div>[\/et_pb_toggle][et_pb_toggle title=\u201cWie ist der Tag an Ihrer Schule struk\u00adturi\u00adert?\u201d open_toggle_text_color=\u201c#000000\u201d open_toggle_background_color=\u201cRGBA(0,0,0,0)\u201d closed_toggle_text_color=\u201c#000000\u201d closed_toggle_background_color=\u201cRGBA(0,0,0,0)\u201d icon_color=\u201d#ED6D3F\u201d open_icon_color=\u201d#ED6D3F\u201d _builder_version=\u201c4.16\u201d title_text_color=\u201c#000000\u201d title_font=\u201d|700|||||||\u201d title_font_size=\u201c16px\u201d closed_title_font=\u201d||||||||\u201d body_font=\u201d||||||||\u201d background_color=\u201c#3D8B85\u201d custom_margin=\u201d||15px|\u201d hover_enabled=\u201c0\u201d custom_css_toggle_title=\u201cpadding-top: 5px !impor\u00adtant;\u201d custom_css_toggle_icon=\u201cfont-size: 24px !impor\u00adtant;\u201d border_width_all=\u201c3px\u201d border_color_all=\u201d#ED6D3F\u201d border_style_all=\u201cdotted\u201d global_colors_info=\u201d{}\u201d sticky_enabled=\u201c0\u201d]<div>Unsere FES-Realschule und unser FES-Gym\u00adna\u00adsi\u00adum ver\u00adste\u00adht sich vor\u00adwiegend als Schule in Halb\u00adtages\u00adform, d.h. der Schul\u00adt\u00adag Ihres Kindes endet in der Regel entwed\u00ader um 12:40 Uhr (= Ende 6. Unter\u00adrichtsstunde) oder um 13:30 Uhr (Unter\u00adrichtsstunde). Ab der Mit\u00adtel\u00adstufe kann an bei\u00adden Schu\u00adlarten auch ein, in h\u00f6heren Klassen\u00adstufen des Gym\u00adna\u00adsi\u00adums bis zu zwei Nach\u00admit\u00adtage Unter\u00adricht hinzukommen.<\/div>\n<div><\/div>\n<div>Der Schul\u00adt\u00adag gliedert sich in 3\u2011x-45-Minuten-Unter\u00adricht\u00adsein\u00adheit\u00aden zu Tages\u00adbe\u00adginn, gefol\u00adgt von ein\u00ader 20-min\u00fcti\u00adgen Pause. Dieser schlie\u00dft sich schult\u00e4glich eine 90-Minuten-Unter\u00adricht\u00adsein\u00adheit an. Die vor\u00adlet\u00adzte und let\u00adzte Unter\u00adrichtsstunde ist wieder in 45-Minuten-Unter\u00adricht\u00adsein\u00adheit\u00aden rhythmisiert.<\/div>\n<div><\/div>\n<div>Beispiel\u00adstun\u00adden\u00adpl\u00e4ne ste\u00adhen Ihnen zur Ein\u00adsicht im Bere\u00adich \u201eDown\u00adload\u201c zu Verf\u00fcgung.<\/div>[\/et_pb_toggle][et_pb_toggle title=\u201cAb wann kann mein Kind vor Unter\u00adrichts\u00adbe\u00adginn an einem Schul\u00adt\u00adag an die Schule kom\u00admen?\u201d open_toggle_text_color=\u201c#000000\u201d open_toggle_background_color=\u201cRGBA(0,0,0,0)\u201d closed_toggle_text_color=\u201c#000000\u201d closed_toggle_background_color=\u201cRGBA(0,0,0,0)\u201d icon_color=\u201d#ED6D3F\u201d open_icon_color=\u201d#ED6D3F\u201d _builder_version=\u201c4.16\u201d title_text_color=\u201c#000000\u201d title_font=\u201d|700|||||||\u201d title_font_size=\u201c16px\u201d closed_title_font=\u201d||||||||\u201d body_font=\u201d||||||||\u201d background_color=\u201c#3D8B85\u201d custom_margin=\u201d||15px|\u201d custom_css_toggle_title=\u201cpadding-top: 5px !impor\u00adtant;\u201d custom_css_toggle_icon=\u201cfont-size: 24px !impor\u00adtant;\u201d border_width_all=\u201c3px\u201d border_color_all=\u201d#ED6D3F\u201d border_style_all=\u201cdotted\u201d global_colors_info=\u201d{}\u201d]<p>Ab 07:15 Uhr ist das Schul\u00adhaus sp\u00e4testens ge\u00f6ffnet und Ihr Kind kann kom\u00admen und sich im Klassen\u00adz\u00adim\u00admer oder auf dem Schul\u00adgel\u00e4nde aufhalten.<\/p>\n<p>Die 1. Unter\u00adrichtsstunde begin\u00adnt um 07:35&nbsp;Uhr.<\/p>[\/et_pb_toggle][et_pb_toggle title=\u201cGibt es bei Ihnen Schul\u00adverpfle\u00adgung?\u201d open_toggle_text_color=\u201c#000000\u201d open_toggle_background_color=\u201cRGBA(0,0,0,0)\u201d closed_toggle_text_color=\u201c#000000\u201d closed_toggle_background_color=\u201cRGBA(0,0,0,0)\u201d icon_color=\u201d#ED6D3F\u201d open_icon_color=\u201d#ED6D3F\u201d _builder_version=\u201c4.16\u201d title_text_color=\u201c#000000\u201d title_font=\u201d|700|||||||\u201d title_font_size=\u201c16px\u201d closed_title_font=\u201d||||||||\u201d body_font=\u201d||||||||\u201d background_color=\u201c#3D8B85\u201d custom_margin=\u201d||15px|\u201d hover_enabled=\u201c0\u201d custom_css_toggle_title=\u201cpadding-top: 5px !impor\u00adtant;\u201d custom_css_toggle_icon=\u201cfont-size: 24px !impor\u00adtant;\u201d border_width_all=\u201c3px\u201d border_color_all=\u201d#ED6D3F\u201d border_style_all=\u201cdotted\u201d global_colors_info=\u201d{}\u201d sticky_enabled=\u201c0\u201d]<p>In der gro\u00dfen Pause bieten wir unser\u00ader Sch\u00fc\u00adlerin\u00adnen und Sch\u00fcler 3x\/Woche ein kosten\u00adlos\u00ades Ange\u00adbot an frischem Obst und Gem\u00fcse an. Dieses beziehen wir von einem regionalen Anbi\u00adeter in Bio-Qual\u00adit\u00e4t. An einem Wasser\u00adspender im Atri\u00adum k\u00f6n\u00adnen sich die Sch\u00fc\u00adlerin\u00adnen und Sch\u00fcler rund um die Uhr zudem mit Tafel- und Sprudel\u00adwass\u00ader kosten\u00adlos ver\u00adsor\u00adgen. Selb\u00adstver\u00adst\u00e4ndlich gibt es schult\u00e4glich auch einen mobilen Verkauf von frischen Back\u00adwaren und weit\u00aderen kleinen St\u00e4rkun\u00adgen durch eine \u00f6rtliche B\u00e4ckerei.<\/p>\n<p>Weil wir eine Schule vor\u00adwiegend in Halb\u00adtages\u00adform sind und kein oder wenig Nach\u00admit\u00adtag\u00adsun\u00adter\u00adricht anf\u00e4llt, gibt es kein zus\u00e4t\u00adzlich\u00ades Men\u00adsa- oder Mit\u00adtagstis\u00adchange\u00adbot in der Mit\u00adtagspause. Hier brin\u00adgen unsere Sch\u00fc\u00adlerin\u00adnen und Sch\u00fcler ein Ves\u00adper von zu Hause mit oder ver\u00adsor\u00adgen sich in den h\u00f6heren Klassen\u00adstufen bei den fu\u00dfl\u00e4u\u00adfig erre\u00adich\u00adbaren Imbissangeboten.<\/p>[\/et_pb_toggle][et_pb_toggle title=\u201cWie gro\u00df sind die Klassen?\u201d open_toggle_text_color=\u201c#000000\u201d open_toggle_background_color=\u201cRGBA(0,0,0,0)\u201d closed_toggle_text_color=\u201c#000000\u201d closed_toggle_background_color=\u201cRGBA(0,0,0,0)\u201d icon_color=\u201d#ED6D3F\u201d open_icon_color=\u201d#ED6D3F\u201d _builder_version=\u201c4.16\u201d title_text_color=\u201c#000000\u201d title_font=\u201d|700|||||||\u201d title_font_size=\u201c16px\u201d closed_title_font=\u201d||||||||\u201d body_font=\u201d||||||||\u201d background_color=\u201c#3D8B85\u201d custom_margin=\u201d||15px|\u201d hover_enabled=\u201c0\u201d custom_css_toggle_title=\u201cpadding-top: 5px !impor\u00adtant;\u201d custom_css_toggle_icon=\u201cfont-size: 24px !impor\u00adtant;\u201d border_width_all=\u201c3px\u201d border_color_all=\u201d#ED6D3F\u201d border_style_all=\u201cdotted\u201d global_colors_info=\u201d{}\u201d sticky_enabled=\u201c0\u201d]<p>Unser Schul\u00adpro\u00adfil als famil\u00adi\u00e4re Schule mit kle\u00adingliedri\u00adgen Struk\u00adturen spiegelt sich auch in der Gr\u00f6\u00dfe der Klassen wider: Der Klassen\u00adteil\u00ader liegt deshalb bei reg\u00adul\u00e4r 24 Sch\u00fc\u00adlerin\u00adnen und Sch\u00fclern je Klasse.<\/p>[\/et_pb_toggle][et_pb_toggle title=\u201cWas ist WUB?\u201d open_toggle_text_color=\u201c#000000\u201d open_toggle_background_color=\u201cRGBA(0,0,0,0)\u201d closed_toggle_text_color=\u201c#000000\u201d closed_toggle_background_color=\u201cRGBA(0,0,0,0)\u201d icon_color=\u201d#ED6D3F\u201d open_icon_color=\u201d#ED6D3F\u201d _builder_version=\u201c4.16\u201d title_text_color=\u201c#000000\u201d title_font=\u201d|700|||||||\u201d title_font_size=\u201c16px\u201d closed_title_font=\u201d||||||||\u201d body_font=\u201d||||||||\u201d background_color=\u201c#3D8B85\u201d custom_margin=\u201d||15px|\u201d custom_css_toggle_title=\u201cpadding-top: 5px !impor\u00adtant;\u201d custom_css_toggle_icon=\u201cfont-size: 24px !impor\u00adtant;\u201d border_width_all=\u201c3px\u201d border_color_all=\u201d#ED6D3F\u201d border_style_all=\u201cdotted\u201d global_colors_info=\u201d{}\u201d]<p>WUB ist die Abk\u00fcrzung f\u00fcr \u201eWas uns bet\u00adrifft\u201c und ist ein beson\u00adderes Ange\u00adbot an unserem FES-Gym\u00adna\u00adsi\u00adum. Die Klassen\u00adleitung hat in dieser w\u00f6chentlichen Klassen\u00adlehrerstunde zus\u00e4t\u00adzlich Zeit f\u00fcr ihre Klasse. Hier wer\u00adden sowohl gemein\u00adsame Unternehmungen und Klasse\u00adnak\u00adtio\u00adnen geplant als auch wichtige klass\u00aden\u00adin\u00adterne The\u00admen miteinan\u00adder besprochen und gek\u00adl\u00e4rt. \n\nVor allem in der Unter\u00adstufe dient diese wichtige Stunde auch dazu, das soziale Miteinan\u00adder zu entwick\u00adeln, Diskus\u00adsio\u00adnen im Klassen\u00adrat zu f\u00fchren und die Sch\u00fc\u00adlerin\u00adnen und Sch\u00fcler in diesen Prozess mit einzu\u00adbinden. Die Wub-Stunde ist bis ein\u00adschlie\u00dflich Kl. 9 auf dem Stun\u00adden\u00adplan unser\u00ader Sch\u00fc\u00adlerin\u00adnen und Sch\u00fcler ein bew\u00e4hrter Start in die jew\u00adeils neue Schulwoche.<\/p>[\/et_pb_toggle][et_pb_toggle title=\u201cWelche Pro\u00adfile bietet Ihre Schule an?\u201d open_toggle_text_color=\u201c#000000\u201d open_toggle_background_color=\u201cRGBA(0,0,0,0)\u201d closed_toggle_text_color=\u201c#000000\u201d closed_toggle_background_color=\u201cRGBA(0,0,0,0)\u201d icon_color=\u201d#ED6D3F\u201d open_icon_color=\u201d#ED6D3F\u201d _builder_version=\u201c4.16\u201d title_text_color=\u201c#000000\u201d title_font=\u201d|700|||||||\u201d title_font_size=\u201c16px\u201d closed_title_font=\u201d||||||||\u201d body_font=\u201d||||||||\u201d background_color=\u201c#3D8B85\u201d custom_margin=\u201d||15px|\u201d custom_css_toggle_title=\u201cpadding-top: 5px !impor\u00adtant;\u201d custom_css_toggle_icon=\u201cfont-size: 24px !impor\u00adtant;\u201d border_width_all=\u201c3px\u201d border_color_all=\u201d#ED6D3F\u201d border_style_all=\u201cdotted\u201d global_colors_info=\u201d{}\u201d]<p>In unser\u00ader FES-Realschule gibt es fol\u00adgen\u00adden Wahlpflicht\u00adf\u00e4ch\u00ader ab Klasse 7:<\/p>\n<ol>\n<li>Franz\u00f6\u00adsisch (Vorbe\u00addin\u00adgung: Franz\u00f6\u00adsisch ab Klasse 6 belegt)<\/li>\n<li>Tech\u00adnik<\/li>\n<li>All\u00adt\u00adagskul\u00adtur-Ern\u00e4hrung-Soziales (AES)<\/li>\n<\/ol>[\/et_pb_toggle][et_pb_toggle title=\u201cHat Ihre Schule weit\u00adere Schw\u00ader\u00adpunk\u00adte?\u201d open_toggle_text_color=\u201c#000000\u201d open_toggle_background_color=\u201cRGBA(0,0,0,0)\u201d closed_toggle_text_color=\u201c#000000\u201d closed_toggle_background_color=\u201cRGBA(0,0,0,0)\u201d icon_color=\u201d#ED6D3F\u201d open_icon_color=\u201d#ED6D3F\u201d _builder_version=\u201c4.16\u201d title_text_color=\u201c#000000\u201d title_font=\u201d|700|||||||\u201d title_font_size=\u201c16px\u201d closed_title_font=\u201d||||||||\u201d body_font=\u201d||||||||\u201d background_color=\u201c#3D8B85\u201d custom_margin=\u201d||15px|\u201d hover_enabled=\u201c0\u201d custom_css_toggle_title=\u201cpadding-top: 5px !impor\u00adtant;\u201d custom_css_toggle_icon=\u201cfont-size: 24px !impor\u00adtant;\u201d border_width_all=\u201c3px\u201d border_color_all=\u201d#ED6D3F\u201d border_style_all=\u201cdotted\u201d global_colors_info=\u201d{}\u201d sticky_enabled=\u201c0\u201d]<div>Als evan\u00adge\u00adlis\u00adche Schule ist uns die Ver\u00admit\u00adtlung von Werten wichtig. Wir vertreten die christlichen Werte so, dass wir ver\u00adsuchen, sie jeden Tag neu zu leben: N\u00e4ch\u00adsten\u00adliebe, G\u00fcte, Acht\u00adsamkeit, Wertsch\u00e4tzung, Verge\u00adbung, etc. \u2013 dass dies in den Schu\u00adlall\u00adt\u00adag hinein\u00adgelebt wird und Prax\u00adis wird. Jede Schul\u00adwoche startet deshalb mit ein\u00ader gemein\u00adsamen Wochenan\u00addacht in der Schu\u00adlaula, an jedem Schul\u00adt\u00adag gibt es zudem zu Tages\u00adbe\u00adginn einen geistlichen Impuls, der die Kinder und Jugendlichen durch den Schul\u00adt\u00adag begleit\u00aden m\u00f6chte.<\/div>\n<p><span class=\"text_main\">Mit \u201eMusik und The\u00adater\u201c sowie \u201ewer\u00adto\u00adri\u00aden\u00adtierten Sportun\u00adter\u00adricht\u201c haben wir au\u00dfer\u00addem zwei beson\u00addere schulin\u00adterne Schw\u00ader\u00adpunk\u00adte, in welchen wie unseren Sch\u00fc\u00adlerin\u00adnen und Sch\u00fclern die M\u00f6glichkeit bieten, ihre Gaben und Tal\u00adente auszuleben und auszubauen.<\/span><\/p>[\/et_pb_toggle][et_pb_toggle title=\u201cGibt es an Ihrer Schule eine zus\u00e4t\u00adzliche p\u00e4d\u00ada\u00adgogis\u00adche Betreu\u00adung und Ansprech\u00adper\u00adso\u00adn\u00aden f\u00fcr die Sch\u00fcler? \u201d open_toggle_text_color=\u201c#000000\u201d open_toggle_background_color=\u201cRGBA(0,0,0,0)\u201d closed_toggle_text_color=\u201c#000000\u201d closed_toggle_background_color=\u201cRGBA(0,0,0,0)\u201d icon_color=\u201d#ED6D3F\u201d open_icon_color=\u201d#ED6D3F\u201d _builder_version=\u201c4.16\u201d title_text_color=\u201c#000000\u201d title_font=\u201d|700|||||||\u201d title_font_size=\u201c16px\u201d closed_title_font=\u201d||||||||\u201d body_font=\u201d||||||||\u201d background_color=\u201c#3D8B85\u201d custom_margin=\u201d||15px|\u201d custom_css_toggle_title=\u201cpadding-top: 5px !impor\u00adtant;\u201d custom_css_toggle_icon=\u201cfont-size: 24px !impor\u00adtant;\u201d border_width_all=\u201c3px\u201d border_color_all=\u201d#ED6D3F\u201d border_style_all=\u201cdotted\u201d global_colors_info=\u201d{}\u201d]<p><span class=\"text_main\">Wir haben zwei Ver\u00adtrauenslehrer, die Ihr Kind bei Lern-und Leis\u00adtungss\u00adchwierigkeit\u00aden, Pr\u00fc\u00adfungs\u00e4ng\u00adsten und anderen Schwierigkeit\u00aden berat\u00aden k\u00f6nnen.&nbsp;<\/span><\/p>\n<p><span class=\"text_main\">Grund\u00ads\u00e4t\u00adzlich leg\u00aden wir Wert auf ein koop\u00ader\u00ada\u00adtives Miteinan\u00adder und eine enge Zusam\u00adme\u00adnar\u00adbeit zwis\u00adchen Schule und Elternhaus.<\/span><\/p>[\/et_pb_toggle][et_pb_toggle title=\u201cGibt es an Ihrer Schule eine zus\u00e4t\u00adzliche p\u00e4d\u00ada\u00adgogis\u00adche Betreu\u00adung und Ansprech\u00adper\u00adso\u00adn\u00aden f\u00fcr die Sch\u00fcler? \u201d open_toggle_text_color=\u201c#000000\u201d open_toggle_background_color=\u201cRGBA(0,0,0,0)\u201d closed_toggle_text_color=\u201c#000000\u201d closed_toggle_background_color=\u201cRGBA(0,0,0,0)\u201d icon_color=\u201d#ED6D3F\u201d open_icon_color=\u201d#ED6D3F\u201d _builder_version=\u201c4.16\u201d title_text_color=\u201c#000000\u201d title_font=\u201d|700|||||||\u201d title_font_size=\u201c16px\u201d closed_title_font=\u201d||||||||\u201d body_font=\u201d||||||||\u201d background_color=\u201c#3D8B85\u201d custom_margin=\u201d||15px|\u201d custom_css_toggle_title=\u201cpadding-top: 5px !impor\u00adtant;\u201d custom_css_toggle_icon=\u201cfont-size: 24px !impor\u00adtant;\u201d border_width_all=\u201c3px\u201d border_color_all=\u201d#ED6D3F\u201d border_style_all=\u201cdotted\u201d global_colors_info=\u201d{}\u201d]<p><span class=\"text_main\">Wir haben zwei Ver\u00adtrauenslehrer, die Ihr Kind bei Lern-und Leis\u00adtungss\u00adchwierigkeit\u00aden, Pr\u00fc\u00adfungs\u00e4ng\u00adsten und anderen Schwierigkeit\u00aden berat\u00aden k\u00f6nnen.&nbsp;<\/span><\/p>\n<p><span class=\"text_main\">Grund\u00ads\u00e4t\u00adzlich leg\u00aden wir Wert auf ein koop\u00ader\u00ada\u00adtives Miteinan\u00adder und eine enge Zusam\u00adme\u00adnar\u00adbeit zwis\u00adchen Schule und Elternhaus.<\/span><\/p>[\/et_pb_toggle][et_pb_divider _builder_version=\u201c4.16\u201d _module_preset=\u201cdefault\u201d global_colors_info=\u201d{}\u201d][\/et_pb_divider][et_pb_text _builder_version=\u201c4.16\u201d _module_preset=\u201cdefault\u201d global_colors_info=\u201d{}\u201d]<h3>Anmeldung<\/h3>[\/et_pb_text][et_pb_toggle title=\u201cMuss ich f\u00fcr eine Anmel\u00addung an die Freie Evan\u00adge\u00adlis\u00adche Schule Mit\u00adglied der (evan\u00adge\u00adlis\u00adchen) Kirche sein?\u201d open_toggle_text_color=\u201c#000000\u201d open_toggle_background_color=\u201cRGBA(0,0,0,0)\u201d closed_toggle_text_color=\u201c#000000\u201d closed_toggle_background_color=\u201cRGBA(0,0,0,0)\u201d icon_color=\u201d#ED6D3F\u201d open_icon_color=\u201d#ED6D3F\u201d _builder_version=\u201c4.16\u201d title_text_color=\u201c#000000\u201d title_font=\u201d|700|||||||\u201d title_font_size=\u201c16px\u201d closed_title_font=\u201d||||||||\u201d body_font=\u201d||||||||\u201d background_color=\u201c#3D8B85\u201d custom_margin=\u201d||15px|\u201d custom_css_toggle_title=\u201cpadding-top: 5px !impor\u00adtant;\u201d custom_css_toggle_icon=\u201cfont-size: 24px !impor\u00adtant;\u201d border_width_all=\u201c3px\u201d border_color_all=\u201d#ED6D3F\u201d border_style_all=\u201cdotted\u201d global_colors_info=\u201d{}\u201d]<p><span class=\"text_main\">Die Anmel\u00addung an unsere Schule ist nicht an eine Kon\u00adfes\u00adsion\u00adszuge\u00adh\u00f6rigkeit gebun\u00adden. Allerd\u00adings besuchen alle Sch\u00fc\u00adlerin\u00adnen und Sch\u00fcler unser\u00ader Schule verbindlich durchge\u00adhend den evan\u00adge\u00adlis\u00adchen Reli\u00adgion\u00adsun\u00adter\u00adricht. Eine grund\u00ads\u00e4t\u00adzliche pos\u00adi\u00adtive Ein\u00adstel\u00adlung zur christlichen Aus\u00adrich\u00adtung unseres Schu\u00adlall\u00adt\u00adags und die Teil\u00adnahme an Schul\u00adgottes\u00addi\u00aden\u00adsten, Andacht\u00aden, etc. wird vorausgesetzt.<\/span><\/p>[\/et_pb_toggle][et_pb_toggle title=\u201cIch m\u00f6chte mein Kind bei Ihnen anmelden. Was muss ich tun? \u201d open_toggle_text_color=\u201c#000000\u201d open_toggle_background_color=\u201cRGBA(0,0,0,0)\u201d closed_toggle_text_color=\u201c#000000\u201d closed_toggle_background_color=\u201cRGBA(0,0,0,0)\u201d icon_color=\u201d#ED6D3F\u201d open_icon_color=\u201d#ED6D3F\u201d _builder_version=\u201c4.16\u201d title_text_color=\u201c#000000\u201d title_font=\u201d|700|||||||\u201d title_font_size=\u201c16px\u201d closed_title_font=\u201d||||||||\u201d body_font=\u201d||||||||\u201d background_color=\u201c#3D8B85\u201d custom_margin=\u201d||15px|\u201d custom_css_toggle_title=\u201cpadding-top: 5px !impor\u00adtant;\u201d custom_css_toggle_icon=\u201cfont-size: 24px !impor\u00adtant;\u201d border_width_all=\u201c3px\u201d border_color_all=\u201d#ED6D3F\u201d border_style_all=\u201cdotted\u201d global_colors_info=\u201d{}\u201d]<div>Im Down\u00adload\u00adbere\u00adich auf unseren Web\u00adseit\u00aden find\u00aden Sie unter den einzel\u00adnen Schu\u00adlarten unser Vormerkungs\u00adfor\u00admu\u00adlar (\u201eAll\u00adge\u00admeine Informationen\u201c).<\/div>\n<div><\/div>\n<p><span class=\"text_main\">Dieses k\u00f6n\u00adnen Sie aus\u00adge\u00adf\u00fcllt auf dem Post\u00adweg oder per E\u2011Mail an unser Sekre\u00adtari\u00adat schick\u00aden. Sie erhal\u00adten dann eine Emp\u00adfangs\u00adbest\u00e4\u00adti\u00adgung mit ein\u00ader Infor\u00adma\u00adtion aller notwendi\u00adgen Unter\u00adla\u00adgen und allen weit\u00aderen f\u00fcr die Anmel\u00addung wichti\u00adgen Termine.<br><\/span><\/p>[\/et_pb_toggle][et_pb_toggle title=\u201cWelche Unter\u00adla\u00adgen muss ich zum Auf\u00adnah\u00admege\u00adspr\u00e4ch mit\u00adbrin\u00adgen?\u201d open_toggle_text_color=\u201c#000000\u201d open_toggle_background_color=\u201cRGBA(0,0,0,0)\u201d closed_toggle_text_color=\u201c#000000\u201d closed_toggle_background_color=\u201cRGBA(0,0,0,0)\u201d icon_color=\u201d#ED6D3F\u201d open_icon_color=\u201d#ED6D3F\u201d _builder_version=\u201c4.16\u201d title_text_color=\u201c#000000\u201d title_font=\u201d|700|||||||\u201d title_font_size=\u201c16px\u201d closed_title_font=\u201d||||||||\u201d body_font=\u201d||||||||\u201d background_color=\u201c#3D8B85\u201d custom_margin=\u201d||15px|\u201d custom_css_toggle_title=\u201cpadding-top: 5px !impor\u00adtant;\u201d custom_css_toggle_icon=\u201cfont-size: 24px !impor\u00adtant;\u201d border_width_all=\u201c3px\u201d border_color_all=\u201d#ED6D3F\u201d border_style_all=\u201cdotted\u201d global_colors_info=\u201d{}\u201d]<p>Wir ben\u00f6ti\u00adgen fol\u00adgende Unter\u00adla\u00adgen f\u00fcr die Anmeldung:<\/p>\n<ul>\n<li><span class=\"text_main\">Fam\u00adi\u00adlien\u00adstamm\u00adbuch oder eine Geburt\u00adsurkunde zur Einsicht<\/span><\/li>\n<li><span class=\"text_main\">Eine Zeug\u00adniskopie der 3. Klasse sowie \u2013 sofern vor\u00adliegend \u2013 der Hal\u00adb\u00adjahresin\u00adfor\u00adma\u00adtion der 4. Klasse.&nbsp;<\/span><\/li>\n<li><span class=\"text_main\">Die Grundschulempfehlung\/Anmeldung zur weit\u00ader\u00adf\u00fchren\u00adden Schule<\/span><\/li>\n<li><span class=\"text_main\">Einen Nach\u00adweis der Masern\u00adschutz\u00adimp\u00adfung gem\u00e4\u00df Masern\u00adschutzge\u00adsetz seit 1. M\u00e4rz 2020. Der Nach\u00adweis kann durch den Imp\u00adfausweis, das gelbe Kinderun\u00adter\u00adsuchung\u00adsheft oder, ins\u00adbeson\u00addere bei bere\u00adits erlit\u00adten\u00ader Krankheit, ein \u00e4rztlich\u00ades Attest beige\u00adbracht werden.<br><\/span><\/li>\n<\/ul>[\/et_pb_toggle][et_pb_toggle title=\u201cWelche Ter\u00admine sind f\u00fcr die Anmel\u00addung Kl. 5 in diesem SJ 2021\/22 wichtig?\u201d open_toggle_text_color=\u201c#000000\u201d open_toggle_background_color=\u201cRGBA(0,0,0,0)\u201d closed_toggle_text_color=\u201c#000000\u201d closed_toggle_background_color=\u201cRGBA(0,0,0,0)\u201d icon_color=\u201d#ED6D3F\u201d open_icon_color=\u201d#ED6D3F\u201d _builder_version=\u201c4.16\u201d title_text_color=\u201c#000000\u201d title_font=\u201d|700|||||||\u201d title_font_size=\u201c16px\u201d closed_title_font=\u201d||||||||\u201d body_font=\u201d||||||||\u201d background_color=\u201c#3D8B85\u201d custom_margin=\u201d||15px|\u201d custom_css_toggle_title=\u201cpadding-top: 5px !impor\u00adtant;\u201d custom_css_toggle_icon=\u201cfont-size: 24px !impor\u00adtant;\u201d border_width_all=\u201c3px\u201d border_color_all=\u201d#ED6D3F\u201d border_style_all=\u201cdotted\u201d global_colors_info=\u201d{}\u201d]<p><span class=\"text_main\">Unser virtueller Tag der offe\u00adnen T\u00fcr find\u00adet am Sam\u00adstag, 27. Feb\u00adru\u00adar 2021 ab 10:00 Uhr statt. Hier wird der neue FES-Schul\u00adfilm f\u00fcr die \u00d6ffentlichkeit freigeschal\u00adtet \u2013 und erm\u00f6glicht Ihnen und Ihrem Kind eine alter\u00adna\u00adtive Schul\u00adhaus\u00adf\u00fchrung am Bild\u00adschirm. Bitte informieren Sie sich hierzu und zum entsprechen\u00adden Link auf unseren Webseiten.<br><\/span><\/p>\n<ul>\n<li><span class=\"text_main\">Ob am vorge\u00adse\u00adhenen Tag der Offe\u00adnen T\u00fcr auch Einzelf\u00fchrun\u00adgen m\u00f6glich und erlaubt sein k\u00f6n\u00adnen, ist derzeit noch nicht abse\u00adhbar. Falls M\u00f6glichkeit\u00aden beste\u00adhen, informieren wir Sie rechtzeit\u00adig&nbsp;vorab.<\/span><\/li>\n<li><span class=\"text_main\">F\u00fcr eine Beratung durch die Schulleitung vere\u00adin\u00adbaren Sie bitte einen per\u00ads\u00f6n\u00adlichen Ter\u00admin \u00fcber das Sekretariat<\/span><\/li>\n<li><span class=\"text_main\">Auf\u00adnahme- und Anmeldege\u00adspr\u00e4che f\u00fcr vorge\u00admerk\u00adte Sch\u00fc\u00adlerin\u00adnen und Sch\u00fcler:&nbsp; Mittwoch, 1. M\u00e4rz 2021 bis Fre\u00aditag, 5. M\u00e4rz 2021 \u2013 jew\u00adeils von ca. 13:30\u201318:30 Uhr. <br>Sie erhal\u00adten f\u00fcr diese Auf\u00adnahme- und Anmeldege\u00adspr\u00e4che \u00fcber das Sekre\u00adtari\u00adat einen Gespr\u00e4ch\u00adster\u00admin in Pr\u00e4senz in unser\u00ader Schu\u00adlaula (Kurze Str. 9) in Heidenheim.<\/span><\/li>\n<\/ul>[\/et_pb_toggle][\/et_pb_column][et_pb_column type=\u201c1_2\u201d _builder_version=\u201c4.16\u201d _module_preset=\u201cdefault\u201d global_colors_info=\u201d{}\u201d][et_pb_image src=\u201chttps:\/\/fes-heidenheim.de\/gymnasium\/wp-content\/uploads\/sites\/8\/2021\/10\/fes-naturwissenschaft01.jpg\u201d alt=\u201cFES Hei\u00adden\u00adheim NWT\u201d title_text=\u201cfes-naturwissenschaft01\u201d _builder_version=\u201c4.16\u201d _module_preset=\u201cdefault\u201d global_colors_info=\u201d{}\u201d][\/et_pb_image][et_pb_text _builder_version=\u201c4.16\u201d _module_preset=\u201cdefault\u201d global_colors_info=\u201d{}\u201d]<p>Lorem ipsum dolor sit amet, con\u00adsectetuer adip\u00adisc\u00ading elit. Aenean com\u00admo\u00addo ligu\u00adla eget dolor. Aenean mas\u00adsa. Cum soci\u00adis natoque penat\u00adi\u00adbus et mag\u00adnis dis par\u00adturi\u00adent montes, nasce\u00adtur ridicu\u00adlus mus. Donec quam felis, ultricies nec, pel\u00adlen\u00adtesque eu, pretium quis, sem. Nul\u00adla con\u00adse\u00adquat mas\u00adsa quis&nbsp;enim.<\/p>[\/et_pb_text][\/et_pb_column][\/et_pb_row][\/et_pb_section]<!-- \/wp:post-content -->","protected":false},"excerpt":{"rendered":"<p>Eine christliche Schule\u00adFAQH\u00e4u\u00adfige Fra\u00adgen Als Pri\u00advatschule finanziert sich die Freie Evan\u00adge\u00adlis\u00adche Schule Hei\u00adden\u00adheim durch staatliche Zusch\u00fcsse nach dem Pri\u00advatschulge\u00adsetz, durch das Schul\u00adgeld, durch Spenden und durch frei\u00adwillige und ehre\u00adnamtliche Arbeiten&nbsp;[\u2026]<\/p>\n","protected":false},"author":1,"featured_media":0,"parent":0,"menu_order":0,"comment_status":"closed","ping_status":"closed","template":"","meta":{"_et_pb_use_builder":"on","_et_pb_old_content":"","_et_gb_content_width":"","inline_featured_image":false,"wp_typography_post_enhancements_disabled":false,"footnotes":""},"class_list":["post-2387","page","type-page","status-publish","hentry"],"yoast_head":"<!-- This site is optimized with the Yoast SEO plugin v27.4 - https:\/\/yoast.com\/product\/yoast-seo-wordpress\/ -->\n<title>FAQ - Gymnasium | Freie Evangelische Schule und Kindertagesst\u00e4tte Heidenheim e. V.<\/title>\n<meta name=\"robots\" content=\"index, follow, max-snippet:-1, max-image-preview:large, max-video-preview:-1\" \/>\n<link rel=\"canonical\" href=\"https:\/\/fes-heidenheim.de\/gymnasium\/faq\/\" \/>\n<meta property=\"og:locale\" content=\"de_DE\" \/>\n<meta property=\"og:type\" content=\"article\" \/>\n<meta property=\"og:title\" content=\"FAQ - Gymnasium | Freie Evangelische Schule und Kindertagesst\u00e4tte Heidenheim e. V.\" \/>\n<meta property=\"og:description\" content=\"Eine christliche SchuleFAQH\u00e4ufige Fragen Als Privatschule finanziert sich die Freie Evangelische Schule Heidenheim durch staatliche Zusch\u00fcsse nach dem Privatschulgesetz, durch das Schulgeld, durch Spenden und durch freiwillige und ehrenamtliche Arbeiten [&hellip;]\" \/>\n<meta property=\"og:url\" content=\"https:\/\/fes-heidenheim.de\/gymnasium\/faq\/\" \/>\n<meta property=\"og:site_name\" content=\"Gymnasium | Freie Evangelische Schule und Kindertagesst\u00e4tte Heidenheim e. V.\" \/>\n<meta property=\"article:modified_time\" content=\"2022-04-20T10:06:16+00:00\" \/>\n<meta name=\"twitter:card\" content=\"summary_large_image\" \/>\n<meta name=\"twitter:label1\" content=\"Gesch\u00e4tzte Lesezeit\" \/>\n\t<meta name=\"twitter:data1\" content=\"16\u00a0Minuten\" \/>\n<script type=\"application\/ld+json\" class=\"yoast-schema-graph\">{\"@context\":\"https:\\\/\\\/schema.org\",\"@graph\":[{\"@type\":\"WebPage\",\"@id\":\"https:\\\/\\\/fes-heidenheim.de\\\/gymnasium\\\/faq\\\/\",\"url\":\"https:\\\/\\\/fes-heidenheim.de\\\/gymnasium\\\/faq\\\/\",\"name\":\"FAQ - Gymnasium | Freie Evangelische Schule und Kindertagesst\u00e4tte Heidenheim e. V.\",\"isPartOf\":{\"@id\":\"https:\\\/\\\/fes-heidenheim.de\\\/gymnasium\\\/#website\"},\"datePublished\":\"2021-10-27T15:45:17+00:00\",\"dateModified\":\"2022-04-20T10:06:16+00:00\",\"breadcrumb\":{\"@id\":\"https:\\\/\\\/fes-heidenheim.de\\\/gymnasium\\\/faq\\\/#breadcrumb\"},\"inLanguage\":\"de\",\"potentialAction\":[{\"@type\":\"ReadAction\",\"target\":[\"https:\\\/\\\/fes-heidenheim.de\\\/gymnasium\\\/faq\\\/\"]}]},{\"@type\":\"BreadcrumbList\",\"@id\":\"https:\\\/\\\/fes-heidenheim.de\\\/gymnasium\\\/faq\\\/#breadcrumb\",\"itemListElement\":[{\"@type\":\"ListItem\",\"position\":1,\"name\":\"Startseite\",\"item\":\"https:\\\/\\\/fes-heidenheim.de\\\/gymnasium\\\/\"},{\"@type\":\"ListItem\",\"position\":2,\"name\":\"FAQ\"}]},{\"@type\":\"WebSite\",\"@id\":\"https:\\\/\\\/fes-heidenheim.de\\\/gymnasium\\\/#website\",\"url\":\"https:\\\/\\\/fes-heidenheim.de\\\/gymnasium\\\/\",\"name\":\"Gymnasium | Freie Evangelische Schule und Kindertagesst\u00e4tte Heidenheim e. V.\",\"description\":\"Eine weitere Freie Evangelische Schule Heidenheim e.V. Websites Website\",\"potentialAction\":[{\"@type\":\"SearchAction\",\"target\":{\"@type\":\"EntryPoint\",\"urlTemplate\":\"https:\\\/\\\/fes-heidenheim.de\\\/gymnasium\\\/?s={search_term_string}\"},\"query-input\":{\"@type\":\"PropertyValueSpecification\",\"valueRequired\":true,\"valueName\":\"search_term_string\"}}],\"inLanguage\":\"de\"}]}<\/script>\n<!-- \/ Yoast SEO plugin. -->","yoast_head_json":{"title":"FAQ - Gymnasium | Freie Evangelische Schule und Kindertagesst\u00e4tte Heidenheim e. V.","robots":{"index":"index","follow":"follow","max-snippet":"max-snippet:-1","max-image-preview":"max-image-preview:large","max-video-preview":"max-video-preview:-1"},"canonical":"https:\/\/fes-heidenheim.de\/gymnasium\/faq\/","og_locale":"de_DE","og_type":"article","og_title":"FAQ - Gymnasium | Freie Evangelische Schule und Kindertagesst\u00e4tte Heidenheim e. V.","og_description":"Eine christliche SchuleFAQH\u00e4ufige Fragen Als Privatschule finanziert sich die Freie Evangelische Schule Heidenheim durch staatliche Zusch\u00fcsse nach dem Privatschulgesetz, durch das Schulgeld, durch Spenden und durch freiwillige und ehrenamtliche Arbeiten [&hellip;]","og_url":"https:\/\/fes-heidenheim.de\/gymnasium\/faq\/","og_site_name":"Gymnasium | Freie Evangelische Schule und Kindertagesst\u00e4tte Heidenheim e. V.","article_modified_time":"2022-04-20T10:06:16+00:00","twitter_card":"summary_large_image","twitter_misc":{"Gesch\u00e4tzte Lesezeit":"16\u00a0Minuten"},"schema":{"@context":"https:\/\/schema.org","@graph":[{"@type":"WebPage","@id":"https:\/\/fes-heidenheim.de\/gymnasium\/faq\/","url":"https:\/\/fes-heidenheim.de\/gymnasium\/faq\/","name":"FAQ - Gymnasium | Freie Evangelische Schule und Kindertagesst\u00e4tte Heidenheim e. V.","isPartOf":{"@id":"https:\/\/fes-heidenheim.de\/gymnasium\/#website"},"datePublished":"2021-10-27T15:45:17+00:00","dateModified":"2022-04-20T10:06:16+00:00","breadcrumb":{"@id":"https:\/\/fes-heidenheim.de\/gymnasium\/faq\/#breadcrumb"},"inLanguage":"de","potentialAction":[{"@type":"ReadAction","target":["https:\/\/fes-heidenheim.de\/gymnasium\/faq\/"]}]},{"@type":"BreadcrumbList","@id":"https:\/\/fes-heidenheim.de\/gymnasium\/faq\/#breadcrumb","itemListElement":[{"@type":"ListItem","position":1,"name":"Startseite","item":"https:\/\/fes-heidenheim.de\/gymnasium\/"},{"@type":"ListItem","position":2,"name":"FAQ"}]},{"@type":"WebSite","@id":"https:\/\/fes-heidenheim.de\/gymnasium\/#website","url":"https:\/\/fes-heidenheim.de\/gymnasium\/","name":"Gymnasium | Freie Evangelische Schule und Kindertagesst\u00e4tte Heidenheim e. V.","description":"Eine weitere Freie Evangelische Schule Heidenheim e.V. Websites Website","potentialAction":[{"@type":"SearchAction","target":{"@type":"EntryPoint","urlTemplate":"https:\/\/fes-heidenheim.de\/gymnasium\/?s={search_term_string}"},"query-input":{"@type":"PropertyValueSpecification","valueRequired":true,"valueName":"search_term_string"}}],"inLanguage":"de"}]}},"_links":{"self":[{"href":"https:\/\/fes-heidenheim.de\/gymnasium\/wp-json\/wp\/v2\/pages\/2387","targetHints":{"allow":["GET"]}}],"collection":[{"href":"https:\/\/fes-heidenheim.de\/gymnasium\/wp-json\/wp\/v2\/pages"}],"about":[{"href":"https:\/\/fes-heidenheim.de\/gymnasium\/wp-json\/wp\/v2\/types\/page"}],"author":[{"embeddable":true,"href":"https:\/\/fes-heidenheim.de\/gymnasium\/wp-json\/wp\/v2\/users\/1"}],"replies":[{"embeddable":true,"href":"https:\/\/fes-heidenheim.de\/gymnasium\/wp-json\/wp\/v2\/comments?post=2387"}],"version-history":[{"count":11,"href":"https:\/\/fes-heidenheim.de\/gymnasium\/wp-json\/wp\/v2\/pages\/2387\/revisions"}],"predecessor-version":[{"id":3263,"href":"https:\/\/fes-heidenheim.de\/gymnasium\/wp-json\/wp\/v2\/pages\/2387\/revisions\/3263"}],"wp:attachment":[{"href":"https:\/\/fes-heidenheim.de\/gymnasium\/wp-json\/wp\/v2\/media?parent=2387"}],"curies":[{"name":"wp","href":"https:\/\/api.w.org\/{rel}","templated":true}]}}