{"version":"1.0","provider_name":"Kindertagesst\u00e4tte | Freie Evangelischen Schule und Kindertagesst\u00e4tte Heidenheim e. V.","provider_url":"https:\/\/fes-heidenheim.de\/kita","author_name":"fes","author_url":"https:\/\/fes-heidenheim.de\/kita\/author\/fes\/","title":"Schulentdecker - Buchstaben \u00fcberall - Kindertagesst\u00e4tte | Freie Evangelischen Schule und Kindertagesst\u00e4tte Heidenheim e. V.","type":"rich","width":600,"height":338,"html":"<blockquote class=\"wp-embedded-content\" data-secret=\"uE34TyaDcC\"><a href=\"https:\/\/fes-heidenheim.de\/kita\/event\/schulentdecker-buchstaben-ueberall\/\">Schulent\u00adde\u00adcker \u2014 Buch\u00adsta\u00adben \u00fcberall<\/a><\/blockquote><iframe sandbox=\"allow-scripts\" security=\"restricted\" src=\"https:\/\/fes-heidenheim.de\/kita\/event\/schulentdecker-buchstaben-ueberall\/embed\/#?secret=uE34TyaDcC\" width=\"600\" height=\"338\" title=\"&#8222;Schulent\u00adde\u00adcker \u2014 Buch\u00adsta\u00adben \u00fcberall&#8220; &#8211; Kindertagesst\u00e4tte | Freie Evangelischen Schule und Kindertagesst\u00e4tte Heidenheim e. V.\" data-secret=\"uE34TyaDcC\" frameborder=\"0\" marginwidth=\"0\" marginheight=\"0\" scrolling=\"no\" class=\"wp-embedded-content\"><\/iframe><script type=\"text\/javascript\">\n\/* <![CDATA[ *\/\n\/*! This file is auto-generated *\/\n!function(d,l){\"use strict\";l.querySelector&&d.addEventListener&&\"undefined\"!=typeof URL&&(d.wp=d.wp||{},d.wp.receiveEmbedMessage||(d.wp.receiveEmbedMessage=function(e){var t=e.data;if((t||t.secret||t.message||t.value)&&!\/[^a-zA-Z0-9]\/.test(t.secret)){for(var s,r,n,a=l.querySelectorAll('iframe[data-secret=\"'+t.secret+'\"]'),o=l.querySelectorAll('blockquote[data-secret=\"'+t.secret+'\"]'),c=new RegExp(\"^https?:$\",\"i\"),i=0;i<o.length;i++)o[i].style.display=\"none\";for(i=0;i<a.length;i++)s=a[i],e.source===s.contentWindow&&(s.removeAttribute(\"style\"),\"height\"===t.message?(1e3<(r=parseInt(t.value,10))?r=1e3:~~r<200&&(r=200),s.height=r):\"link\"===t.message&&(r=new URL(s.getAttribute(\"src\")),n=new URL(t.value),c.test(n.protocol))&&n.host===r.host&&l.activeElement===s&&(d.top.location.href=t.value))}},d.addEventListener(\"message\",d.wp.receiveEmbedMessage,!1),l.addEventListener(\"DOMContentLoaded\",function(){for(var e,t,s=l.querySelectorAll(\"iframe.wp-embedded-content\"),r=0;r<s.length;r++)(t=(e=s[r]).getAttribute(\"data-secret\"))||(t=Math.random().toString(36).substring(2,12),e.src+=\"#?secret=\"+t,e.setAttribute(\"data-secret\",t)),e.contentWindow.postMessage({message:\"ready\",secret:t},\"*\")},!1)))}(window,document);\n\/\/# sourceURL=https:\/\/fes-heidenheim.de\/kita\/wp-includes\/js\/wp-embed.min.js\n\/* ]]> *\/\n<\/script>\n","description":"Lie\u00adbe Eltern der Vorschulkinder, wir m\u00f6ch\u00adten Ihnen und Ihrem Kind die M\u00f6g\u00adlich\u00adkeit geben sei\u00adne zuk\u00fcnf\u00adti\u00adge Schu\u00adle, die Klas\u00adsen\u00adka\u00adme\u00adra\u00adden und Leh\u00adrer schon vor der Ein\u00adschu\u00adlung ken\u00adnen\u00adzu\u00adler\u00adnen. Des\u00adhalb darf Ihr Kind im [&hellip;]"}