{"id":2370,"date":"2022-01-13T12:59:44","date_gmt":"2022-01-13T11:59:44","guid":{"rendered":"https:\/\/fes-heidenheim.de\/kita\/?page_id=2370"},"modified":"2022-06-20T12:40:55","modified_gmt":"2022-06-20T10:40:55","slug":"2370-2","status":"publish","type":"page","link":"https:\/\/fes-heidenheim.de\/kita\/2370-2\/","title":{"rendered":"Kon\u00adtakt"},"content":{"rendered":"<p>[et_pb_section fb_built=\u201c1\u201d admin_label=\u201cTeam 1\u201d _builder_version=\u201c4.17.1\u201d background_color=\u201c#F2F2F2\u201d locked=\u201coff\u201d global_colors_info=\u201d{}\u201d][et_pb_row _builder_version=\u201c4.16.0\u201d _module_preset=\u201cdefault\u201d custom_margin=\u201d||-40px||false|false\u201d locked=\u201coff\u201d global_colors_info=\u201d{}\u201d][et_pb_column type=\u201c4_4\u201d _builder_version=\u201c4.16.0\u201d _module_preset=\u201cdefault\u201d global_colors_info=\u201d{}\u201d][et_pb_text _builder_version=\u201c4.17.3\u201d _module_preset=\u201cdefault\u201d header_3_text_color=\u201c#000000\u201d global_colors_info=\u201d{}\u201d]<\/p>\n<h3><strong>Sekre\u00adta\u00adri\u00adat und Einrichtungsleitung<br><\/strong><\/h3>\n<h3>Kon\u00adtakt und \u00d6ffnungszeiten<\/h3>\n<p>[\/et_pb_text][\/et_pb_column][\/et_pb_row][et_pb_row column_structure=\u201c1_2,1_2\u201d admin_label=\u201cTimo Ber\u00adgert\u201d _builder_version=\u201c4.16\u201d custom_padding=\u201d||0px|||\u201d global_colors_info=\u201d{}\u201d][et_pb_column type=\u201c1_2\u201d module_class=\u201ccolumn1\u201d _builder_version=\u201c4.16\u201d custom_padding=\u201d|||\u201d global_colors_info=\u201d{}\u201d custom_padding__hover=\u201d|||\u201d][et_pb_text _builder_version=\u201c4.16.0\u201d _module_preset=\u201cdefault\u201d custom_margin=\u201d||||false|false\u201d custom_padding=\u201c20px||||false|false\u201d border_width_top=\u201c2px\u201d border_color_top=\u201c#000000\u201d global_colors_info=\u201d{}\u201d]<\/p>\n<h5><strong>Kon\u00adtakt<\/strong><\/h5>\n<p>&nbsp;<\/p>\n<p>[\/et_pb_text][et_pb_text _builder_version=\u201c4.17.3\u201d _module_preset=\u201cdefault\u201d custom_margin=\u201d-40px||||false|false\u201d global_colors_info=\u201d{}\u201d]<\/p>\n<p>Freie Evan\u00adge\u00adli\u00adsche Schu\u00adle und Kin\u00adder\u00adta\u00adges\u00adst\u00e4t\u00adte Hei\u00adden\u00adheim<br><strong>Kin\u00adder\u00adta\u00adges\u00adst\u00e4t\u00adte<\/strong><br><strong><\/strong><\/p>\n<p><span size=\"3\" face=\"Arial, Helvetica, sans-serif\"><span size=\"2\">Richard-Wag\u00adner-Stra\u00ad\u00dfe 66<br>89518 Hei\u00adden\u00adheim<br><\/span><\/span><span size=\"2\" face=\"Arial, Helvetica, sans-serif\"><span size=\"3\"><\/span><\/span><\/p>\n<p><strong>Sekre\u00adta\u00adri\u00adat<\/strong><br>Tele\u00adfon&nbsp;: <span size=\"3\" face=\"Arial, Helvetica, sans-serif\"><span size=\"2\">07321 20567<\/span><\/span><br>E\u2011Mail&nbsp;: <a href=\"mailto:kita@fes-heidenheim.de\">kita@fes-heidenheim.de<\/a><\/p>\n<p><strong>Ein\u00adrich\u00adtungs\u00adlei\u00adtung<br><\/strong>Frau Gabrie\u00adle M\u00fcller<\/p>\n<p>[\/et_pb_text][\/et_pb_column][et_pb_column type=\u201c1_2\u201d module_class=\u201ccolumn2\u201d _builder_version=\u201c4.16\u201d custom_padding=\u201d|||\u201d global_colors_info=\u201d{}\u201d custom_padding__hover=\u201d|||\u201d][et_pb_text _builder_version=\u201c4.16.0\u201d _module_preset=\u201cdefault\u201d custom_padding=\u201c20px||||false|false\u201d border_width_top=\u201c2px\u201d border_color_top=\u201c#000000\u201d locked=\u201coff\u201d global_colors_info=\u201d{}\u201d]<\/p>\n<h5><strong>\u00d6ff\u00adnungs\u00adzei\u00adten<\/strong><\/h5>\n<p>&nbsp;<\/p>\n<p>[\/et_pb_text][et_pb_text _builder_version=\u201c4.17.4\u201d _module_preset=\u201cdefault\u201d custom_margin=\u201d-40px||||false|false\u201d hover_enabled=\u201c0\u201d global_colors_info=\u201d{}\u201d sticky_enabled=\u201c0\u201d]<\/p>\n<p><strong>\u00d6ff\u00adnungs\u00adzei\u00adten des Sekre\u00adta\u00adri\u00adats&nbsp;:<br><\/strong>Diens\u00adtag und Don\u00adners\u00adtag, 8:00 bis 12:30&nbsp;Uhr&nbsp;<\/p>\n<div style=\"position: absolute; left: -99999px;\">Mon\u00adtag bis Frei\u00adtag von 8:00 bis 12:30&nbsp;Uhr<\/div>\n<p>&nbsp;<\/p>\n<p>[\/et_pb_text][\/et_pb_column][\/et_pb_row][et_pb_row _builder_version=\u201c4.16.0\u201d _module_preset=\u201cdefault\u201d global_colors_info=\u201d{}\u201d][et_pb_column type=\u201c4_4\u201d _builder_version=\u201c4.16.0\u201d _module_preset=\u201cdefault\u201d global_colors_info=\u201d{}\u201d][et_pb_image src=\u201chttps:\/\/fes-heidenheim.de\/grundschule\/wp-content\/uploads\/sites\/4\/2022\/01\/fes-heidenheim-grundschule.jpg\u201d alt=\u201cGrundschule FES Hei\u00adden\u00adheim\u201d title_text=\u201cfes-heidenheim-grundschule\u201d _builder_version=\u201c4.17.3\u201d _module_preset=\u201cdefault\u201d global_colors_info=\u201d{}\u201d][\/et_pb_image][\/et_pb_column][\/et_pb_row][\/et_pb_section]<\/p>\n","protected":false},"excerpt":{"rendered":"<p>Sekre\u00adta\u00adri\u00adat und Ein\u00adrich\u00adtungs\u00adlei\u00adtung Kon\u00adtakt und \u00d6ff\u00adnungs\u00adzei\u00adten\u00adKon\u00adtakt &nbsp;Freie Evan\u00adge\u00adli\u00adsche Schu\u00adle und Kin\u00adder\u00adta\u00adges\u00adst\u00e4t\u00adte Hei\u00adden\u00adheim\u00adKin\u00adder\u00adta\u00adges\u00adst\u00e4t\u00adte Richard-Wag\u00adner-Stra\u00ad\u00dfe 6689518 Hei\u00adden\u00adheim Sekre\u00adta\u00adriat\u00adTe\u00adle\u00adfon&nbsp;: 07321 20567E-Mail&nbsp;: kita@fes-heidenheim.de Ein\u00adrich\u00adtungs\u00adlei\u00adtung\u00adFrau Gabrie\u00adle M\u00fcll\u00ader\u00d6ff\u00adnungs\u00adzei\u00adten &nbsp;\u00d6ff\u00adnungs\u00adzei\u00adten des Sekretariats:Dienstag und Don\u00adners\u00adtag, 8:00 bis 12:30 [\u2026]<\/p>\n","protected":false},"author":1,"featured_media":0,"parent":0,"menu_order":0,"comment_status":"closed","ping_status":"closed","template":"","meta":{"_et_pb_use_builder":"on","_et_pb_old_content":"","_et_gb_content_width":"","inline_featured_image":false,"wp_typography_post_enhancements_disabled":false,"footnotes":""},"class_list":["post-2370","page","type-page","status-publish","hentry"],"yoast_head":"<!-- This site is optimized with the Yoast SEO plugin v27.4 - https:\/\/yoast.com\/product\/yoast-seo-wordpress\/ -->\n<title>Kontakt - Kindertagesst\u00e4tte | Freie Evangelischen Schule und Kindertagesst\u00e4tte Heidenheim e. V.<\/title>\n<meta name=\"robots\" content=\"index, follow, max-snippet:-1, max-image-preview:large, max-video-preview:-1\" \/>\n<link rel=\"canonical\" href=\"https:\/\/fes-heidenheim.de\/kita\/2370-2\/\" \/>\n<meta property=\"og:locale\" content=\"de_DE\" \/>\n<meta property=\"og:type\" content=\"article\" \/>\n<meta property=\"og:title\" content=\"Kontakt - Kindertagesst\u00e4tte | Freie Evangelischen Schule und Kindertagesst\u00e4tte Heidenheim e. V.\" \/>\n<meta property=\"og:description\" content=\"Sekretariat und Einrichtungsleitung Kontakt und \u00d6ffnungszeitenKontakt &nbsp;Freie Evangelische Schule und Kindertagesst\u00e4tte HeidenheimKindertagesst\u00e4tte Richard-Wagner-Stra\u00dfe 6689518 Heidenheim SekretariatTelefon: 07321 20567E-Mail: kita@fes-heidenheim.de EinrichtungsleitungFrau Gabriele M\u00fcller\u00d6ffnungszeiten &nbsp;\u00d6ffnungszeiten des Sekretariats:Dienstag und Donnerstag, 8:00 bis 12:30 [&hellip;]\" \/>\n<meta property=\"og:url\" content=\"https:\/\/fes-heidenheim.de\/kita\/2370-2\/\" \/>\n<meta property=\"og:site_name\" content=\"Kindertagesst\u00e4tte | Freie Evangelischen Schule und Kindertagesst\u00e4tte Heidenheim e. V.\" \/>\n<meta property=\"article:modified_time\" content=\"2022-06-20T10:40:55+00:00\" \/>\n<meta name=\"twitter:card\" content=\"summary_large_image\" \/>\n<meta name=\"twitter:label1\" content=\"Gesch\u00e4tzte Lesezeit\" \/>\n\t<meta name=\"twitter:data1\" content=\"2\u00a0Minuten\" \/>\n<script type=\"application\/ld+json\" class=\"yoast-schema-graph\">{\"@context\":\"https:\\\/\\\/schema.org\",\"@graph\":[{\"@type\":\"WebPage\",\"@id\":\"https:\\\/\\\/fes-heidenheim.de\\\/kita\\\/2370-2\\\/\",\"url\":\"https:\\\/\\\/fes-heidenheim.de\\\/kita\\\/2370-2\\\/\",\"name\":\"Kontakt - Kindertagesst\u00e4tte | Freie Evangelischen Schule und Kindertagesst\u00e4tte Heidenheim e. V.\",\"isPartOf\":{\"@id\":\"https:\\\/\\\/fes-heidenheim.de\\\/kita\\\/#website\"},\"datePublished\":\"2022-01-13T11:59:44+00:00\",\"dateModified\":\"2022-06-20T10:40:55+00:00\",\"breadcrumb\":{\"@id\":\"https:\\\/\\\/fes-heidenheim.de\\\/kita\\\/2370-2\\\/#breadcrumb\"},\"inLanguage\":\"de\",\"potentialAction\":[{\"@type\":\"ReadAction\",\"target\":[\"https:\\\/\\\/fes-heidenheim.de\\\/kita\\\/2370-2\\\/\"]}]},{\"@type\":\"BreadcrumbList\",\"@id\":\"https:\\\/\\\/fes-heidenheim.de\\\/kita\\\/2370-2\\\/#breadcrumb\",\"itemListElement\":[{\"@type\":\"ListItem\",\"position\":1,\"name\":\"Startseite\",\"item\":\"https:\\\/\\\/fes-heidenheim.de\\\/kita\\\/\"},{\"@type\":\"ListItem\",\"position\":2,\"name\":\"Kon\u00adtakt\"}]},{\"@type\":\"WebSite\",\"@id\":\"https:\\\/\\\/fes-heidenheim.de\\\/kita\\\/#website\",\"url\":\"https:\\\/\\\/fes-heidenheim.de\\\/kita\\\/\",\"name\":\"Kindertagesst\u00e4tte | Freie Evangelischen Schule und Kindertagesst\u00e4tte Heidenheim e. V.\",\"description\":\"Du bist uns wichtig, hier bist du richtig!\",\"potentialAction\":[{\"@type\":\"SearchAction\",\"target\":{\"@type\":\"EntryPoint\",\"urlTemplate\":\"https:\\\/\\\/fes-heidenheim.de\\\/kita\\\/?s={search_term_string}\"},\"query-input\":{\"@type\":\"PropertyValueSpecification\",\"valueRequired\":true,\"valueName\":\"search_term_string\"}}],\"inLanguage\":\"de\"}]}<\/script>\n<!-- \/ Yoast SEO plugin. -->","yoast_head_json":{"title":"Kontakt - Kindertagesst\u00e4tte | Freie Evangelischen Schule und Kindertagesst\u00e4tte Heidenheim e. V.","robots":{"index":"index","follow":"follow","max-snippet":"max-snippet:-1","max-image-preview":"max-image-preview:large","max-video-preview":"max-video-preview:-1"},"canonical":"https:\/\/fes-heidenheim.de\/kita\/2370-2\/","og_locale":"de_DE","og_type":"article","og_title":"Kontakt - Kindertagesst\u00e4tte | Freie Evangelischen Schule und Kindertagesst\u00e4tte Heidenheim e. V.","og_description":"Sekretariat und Einrichtungsleitung Kontakt und \u00d6ffnungszeitenKontakt &nbsp;Freie Evangelische Schule und Kindertagesst\u00e4tte HeidenheimKindertagesst\u00e4tte Richard-Wagner-Stra\u00dfe 6689518 Heidenheim SekretariatTelefon: 07321 20567E-Mail: kita@fes-heidenheim.de EinrichtungsleitungFrau Gabriele M\u00fcller\u00d6ffnungszeiten &nbsp;\u00d6ffnungszeiten des Sekretariats:Dienstag und Donnerstag, 8:00 bis 12:30 [&hellip;]","og_url":"https:\/\/fes-heidenheim.de\/kita\/2370-2\/","og_site_name":"Kindertagesst\u00e4tte | Freie Evangelischen Schule und Kindertagesst\u00e4tte Heidenheim e. V.","article_modified_time":"2022-06-20T10:40:55+00:00","twitter_card":"summary_large_image","twitter_misc":{"Gesch\u00e4tzte Lesezeit":"2\u00a0Minuten"},"schema":{"@context":"https:\/\/schema.org","@graph":[{"@type":"WebPage","@id":"https:\/\/fes-heidenheim.de\/kita\/2370-2\/","url":"https:\/\/fes-heidenheim.de\/kita\/2370-2\/","name":"Kontakt - Kindertagesst\u00e4tte | Freie Evangelischen Schule und Kindertagesst\u00e4tte Heidenheim e. V.","isPartOf":{"@id":"https:\/\/fes-heidenheim.de\/kita\/#website"},"datePublished":"2022-01-13T11:59:44+00:00","dateModified":"2022-06-20T10:40:55+00:00","breadcrumb":{"@id":"https:\/\/fes-heidenheim.de\/kita\/2370-2\/#breadcrumb"},"inLanguage":"de","potentialAction":[{"@type":"ReadAction","target":["https:\/\/fes-heidenheim.de\/kita\/2370-2\/"]}]},{"@type":"BreadcrumbList","@id":"https:\/\/fes-heidenheim.de\/kita\/2370-2\/#breadcrumb","itemListElement":[{"@type":"ListItem","position":1,"name":"Startseite","item":"https:\/\/fes-heidenheim.de\/kita\/"},{"@type":"ListItem","position":2,"name":"Kon\u00adtakt"}]},{"@type":"WebSite","@id":"https:\/\/fes-heidenheim.de\/kita\/#website","url":"https:\/\/fes-heidenheim.de\/kita\/","name":"Kindertagesst\u00e4tte | Freie Evangelischen Schule und Kindertagesst\u00e4tte Heidenheim e. V.","description":"Du bist uns wichtig, hier bist du richtig!","potentialAction":[{"@type":"SearchAction","target":{"@type":"EntryPoint","urlTemplate":"https:\/\/fes-heidenheim.de\/kita\/?s={search_term_string}"},"query-input":{"@type":"PropertyValueSpecification","valueRequired":true,"valueName":"search_term_string"}}],"inLanguage":"de"}]}},"_links":{"self":[{"href":"https:\/\/fes-heidenheim.de\/kita\/wp-json\/wp\/v2\/pages\/2370","targetHints":{"allow":["GET"]}}],"collection":[{"href":"https:\/\/fes-heidenheim.de\/kita\/wp-json\/wp\/v2\/pages"}],"about":[{"href":"https:\/\/fes-heidenheim.de\/kita\/wp-json\/wp\/v2\/types\/page"}],"author":[{"embeddable":true,"href":"https:\/\/fes-heidenheim.de\/kita\/wp-json\/wp\/v2\/users\/1"}],"replies":[{"embeddable":true,"href":"https:\/\/fes-heidenheim.de\/kita\/wp-json\/wp\/v2\/comments?post=2370"}],"version-history":[{"count":11,"href":"https:\/\/fes-heidenheim.de\/kita\/wp-json\/wp\/v2\/pages\/2370\/revisions"}],"predecessor-version":[{"id":239100,"href":"https:\/\/fes-heidenheim.de\/kita\/wp-json\/wp\/v2\/pages\/2370\/revisions\/239100"}],"wp:attachment":[{"href":"https:\/\/fes-heidenheim.de\/kita\/wp-json\/wp\/v2\/media?parent=2370"}],"curies":[{"name":"wp","href":"https:\/\/api.w.org\/{rel}","templated":true}]}}