{"id":239568,"date":"2025-09-11T18:43:42","date_gmt":"2025-09-11T16:43:42","guid":{"rendered":"https:\/\/fes-heidenheim.de\/kita\/event\/schulentdecker-in-der-schule-schnuppervormittage\/"},"modified":"2025-09-11T18:43:42","modified_gmt":"2025-09-11T16:43:42","slug":"schulentdecker-in-der-schule-schnuppervormittage","status":"publish","type":"tribe_events","link":"https:\/\/fes-heidenheim.de\/kita\/event\/schulentdecker-in-der-schule-schnuppervormittage\/","title":{"rendered":"Schulent\u00adde\u00adcker \u2014 In der Schu\u00adle (Schnup\u00adper\u00advor\u00admit\u00adta\u00adge)"},"content":{"rendered":"<p>Lie\u00adbe Eltern der Vorschulkinder,<\/p>\n<p>wir m\u00f6ch\u00adten Ihnen und Ihrem Kind die M\u00f6g\u00adlich\u00adkeit geben sei\u00adne zuk\u00fcnf\u00adti\u00adge Schu\u00adle, die Klas\u00adsen\u00adka\u00adme\u00adra\u00adden und Leh\u00adrer schon vor der Ein\u00adschu\u00adlung ken\u00adnen\u00adzu\u00adler\u00adnen. Des\u00adhalb darf Ihr Kind im kom\u00admen\u00adden Schul\u00adjahr an 7 Nach\u00admit\u00adta\u00adgen zum \u201eSchulent\u00adde\u00adcker\u201c werden.<\/p>\n<p>Wir laden sie herz\u00adlich ein Ihr Kind an den unten genann\u00adten Ter\u00admi\u00adnen jeweils eine Stun\u00adde von 14:30 bis 15:30 Uhr in die Schu\u00adle zu brin\u00adgen. Dort wer\u00adden sie in 2 Grup\u00adpen ein\u00adge\u00adteilt und machen zu einem bestimm\u00adten The\u00adma mit ihren zuk\u00fcnf\u00adti\u00adgen Leh\u00adrern ein klei\u00adnes Programm.<br>\nFol\u00adgen\u00adde Ter\u00admi\u00adne sind vorgesehen&nbsp;:<\/p>\n<table>\n<tbody>\n<tr>\n<td>Ter\u00admin<\/td>\n<td>The\u00adma<\/td>\n<td>Eltern\u00adpro\u00adgramm<\/td>\n<\/tr>\n<tr>\n<td>09.10.25<\/td>\n<td>Kun\u00adter\u00adbun\u00adter Herbst<\/td>\n<td>Infos f\u00fcr neue Eltern mit Elternkaffee<\/td>\n<\/tr>\n<tr>\n<td>13.11.25<\/td>\n<td>Auf Spu\u00adren\u00adsu\u00adche<\/td>\n<td><\/td>\n<\/tr>\n<tr>\n<td>11.12.25<\/td>\n<td>\u201eDie Stadt die Weih\u00adnach\u00adten verga\u00df\u201c<\/td>\n<td><\/td>\n<\/tr>\n<tr>\n<td>22.01.26<\/td>\n<td><strong>Infor\u00adma\u00adti\u00adons\u00adabend um 19:30&nbsp;Uhr<\/strong><\/td>\n<td><\/td>\n<\/tr>\n<tr>\n<td>12.02.26<\/td>\n<td>Buch\u00adsta\u00adben \u00fcberall<\/td>\n<td><\/td>\n<\/tr>\n<tr>\n<td>19.03.26<\/td>\n<td>&nbsp;Im Zahlenland<\/td>\n<td><\/td>\n<\/tr>\n<tr>\n<td>23.04.26<\/td>\n<td>Im Dschun\u00adgel-Turn\u00adhal\u00adle<\/td>\n<td><\/td>\n<\/tr>\n<tr>\n<td>08.06. \u2013 12.06.26<\/td>\n<td>In der Schu\u00adle (Schnup\u00adper\u00advor\u00admit\u00adta\u00adge)<\/td>\n<td><\/td>\n<\/tr>\n<\/tbody>\n<\/table>\n<p>Zus\u00e4tz\u00adlich zu den Schulent\u00adde\u00adcker-Nach\u00admit\u00adta\u00adgen laden wir Ihr Kind zu einem Schnup\u00adper\u00advor\u00admit\u00adtag ein. Die Vor\u00adschul\u00adkin\u00adder besu\u00adchen die 1. Klas\u00adse und d\u00fcr\u00adfen den Unter\u00adricht und eine gro\u00ad\u00dfe Pau\u00adse mit\u00ader\u00adle\u00adben. Ihren Ter\u00admin und eine genaue Infor\u00adma\u00adti\u00adon hier\u00adzu bekom\u00admen Sie noch rechtzeitig.<\/p>\n<p>Wir freu\u00aden uns und sind schon gespannt auf die kom\u00admen\u00adden Schulentdecker.<\/p>\n<p>Ihr FES Lehrer-Team<\/p>\n","protected":false},"excerpt":{"rendered":"<p>Lie\u00adbe Eltern der Vor\u00adschul\u00adkin\u00adder, wir m\u00f6ch\u00adten Ihnen und Ihrem Kind die M\u00f6g\u00adlich\u00adkeit geben sei\u00adne zuk\u00fcnf\u00adti\u00adge Schu\u00adle, die Klas\u00adsen\u00adka\u00adme\u00adra\u00adden und Leh\u00adrer schon vor der Ein\u00adschu\u00adlung ken\u00adnen\u00adzu\u00adler\u00adnen. Des\u00adhalb darf Ihr Kind&nbsp;im&nbsp;[\u2026]<\/p>\n","protected":false},"author":1,"featured_media":0,"template":"","meta":{"_et_pb_use_builder":"","_et_pb_old_content":"","_et_gb_content_width":"","inline_featured_image":false,"wp_typography_post_enhancements_disabled":false,"_tribe_events_status":"","_tribe_events_status_reason":"","footnotes":""},"tags":[],"tribe_events_cat":[48],"class_list":["post-239568","tribe_events","type-tribe_events","status-publish","hentry","tribe_events_cat-grundschule","cat_grundschule"],"yoast_head":"<!-- This site is optimized with the Yoast SEO plugin v27.4 - https:\/\/yoast.com\/product\/yoast-seo-wordpress\/ -->\n<title>Schulentdecker - In der Schule (Schnuppervormittage) - Kindertagesst\u00e4tte | Freie Evangelischen Schule und Kindertagesst\u00e4tte Heidenheim e. V.<\/title>\n<meta name=\"robots\" content=\"index, follow, max-snippet:-1, max-image-preview:large, max-video-preview:-1\" \/>\n<link rel=\"canonical\" href=\"https:\/\/fes-heidenheim.de\/kita\/event\/schulentdecker-in-der-schule-schnuppervormittage\/\" \/>\n<meta property=\"og:locale\" content=\"de_DE\" \/>\n<meta property=\"og:type\" content=\"article\" \/>\n<meta property=\"og:title\" content=\"Schulentdecker - In der Schule (Schnuppervormittage) - Kindertagesst\u00e4tte | Freie Evangelischen Schule und Kindertagesst\u00e4tte Heidenheim e. V.\" \/>\n<meta property=\"og:description\" content=\"Lie\u00adbe Eltern der Vorschulkinder, wir m\u00f6ch\u00adten Ihnen und Ihrem Kind die M\u00f6g\u00adlich\u00adkeit geben sei\u00adne zuk\u00fcnf\u00adti\u00adge Schu\u00adle, die Klas\u00adsen\u00adka\u00adme\u00adra\u00adden und Leh\u00adrer schon vor der Ein\u00adschu\u00adlung ken\u00adnen\u00adzu\u00adler\u00adnen. Des\u00adhalb darf Ihr Kind im [&hellip;]\" \/>\n<meta property=\"og:url\" content=\"https:\/\/fes-heidenheim.de\/kita\/event\/schulentdecker-in-der-schule-schnuppervormittage\/\" \/>\n<meta property=\"og:site_name\" content=\"Kindertagesst\u00e4tte | Freie Evangelischen Schule und Kindertagesst\u00e4tte Heidenheim e. V.\" \/>\n<meta name=\"twitter:card\" content=\"summary_large_image\" \/>\n<meta name=\"twitter:label1\" content=\"Gesch\u00e4tzte Lesezeit\" \/>\n\t<meta name=\"twitter:data1\" content=\"2\u00a0Minuten\" \/>\n<script type=\"application\/ld+json\" class=\"yoast-schema-graph\">{\"@context\":\"https:\\\/\\\/schema.org\",\"@graph\":[{\"@type\":\"WebPage\",\"@id\":\"https:\\\/\\\/fes-heidenheim.de\\\/kita\\\/event\\\/schulentdecker-in-der-schule-schnuppervormittage\\\/\",\"url\":\"https:\\\/\\\/fes-heidenheim.de\\\/kita\\\/event\\\/schulentdecker-in-der-schule-schnuppervormittage\\\/\",\"name\":\"Schulentdecker - In der Schule (Schnuppervormittage) - Kindertagesst\u00e4tte | Freie Evangelischen Schule und Kindertagesst\u00e4tte Heidenheim e. V.\",\"isPartOf\":{\"@id\":\"https:\\\/\\\/fes-heidenheim.de\\\/kita\\\/#website\"},\"datePublished\":\"2025-09-11T16:43:42+00:00\",\"breadcrumb\":{\"@id\":\"https:\\\/\\\/fes-heidenheim.de\\\/kita\\\/event\\\/schulentdecker-in-der-schule-schnuppervormittage\\\/#breadcrumb\"},\"inLanguage\":\"de\",\"potentialAction\":[{\"@type\":\"ReadAction\",\"target\":[\"https:\\\/\\\/fes-heidenheim.de\\\/kita\\\/event\\\/schulentdecker-in-der-schule-schnuppervormittage\\\/\"]}]},{\"@type\":\"BreadcrumbList\",\"@id\":\"https:\\\/\\\/fes-heidenheim.de\\\/kita\\\/event\\\/schulentdecker-in-der-schule-schnuppervormittage\\\/#breadcrumb\",\"itemListElement\":[{\"@type\":\"ListItem\",\"position\":1,\"name\":\"Startseite\",\"item\":\"https:\\\/\\\/fes-heidenheim.de\\\/kita\\\/\"},{\"@type\":\"ListItem\",\"position\":2,\"name\":\"Veranstaltungen\",\"item\":\"https:\\\/\\\/fes-heidenheim.de\\\/kita\\\/events\\\/\"},{\"@type\":\"ListItem\",\"position\":3,\"name\":\"Schulent\u00adde\u00adcker \u2014 In der Schu\u00adle (Schnup\u00adper\u00advor\u00admit\u00adta\u00adge)\"}]},{\"@type\":\"WebSite\",\"@id\":\"https:\\\/\\\/fes-heidenheim.de\\\/kita\\\/#website\",\"url\":\"https:\\\/\\\/fes-heidenheim.de\\\/kita\\\/\",\"name\":\"Kindertagesst\u00e4tte | Freie Evangelischen Schule und Kindertagesst\u00e4tte Heidenheim e. V.\",\"description\":\"Du bist uns wichtig, hier bist du richtig!\",\"potentialAction\":[{\"@type\":\"SearchAction\",\"target\":{\"@type\":\"EntryPoint\",\"urlTemplate\":\"https:\\\/\\\/fes-heidenheim.de\\\/kita\\\/?s={search_term_string}\"},\"query-input\":{\"@type\":\"PropertyValueSpecification\",\"valueRequired\":true,\"valueName\":\"search_term_string\"}}],\"inLanguage\":\"de\"}]}<\/script>\n<!-- \/ Yoast SEO plugin. -->","yoast_head_json":{"title":"Schulentdecker - In der Schule (Schnuppervormittage) - Kindertagesst\u00e4tte | Freie Evangelischen Schule und Kindertagesst\u00e4tte Heidenheim e. V.","robots":{"index":"index","follow":"follow","max-snippet":"max-snippet:-1","max-image-preview":"max-image-preview:large","max-video-preview":"max-video-preview:-1"},"canonical":"https:\/\/fes-heidenheim.de\/kita\/event\/schulentdecker-in-der-schule-schnuppervormittage\/","og_locale":"de_DE","og_type":"article","og_title":"Schulentdecker - In der Schule (Schnuppervormittage) - Kindertagesst\u00e4tte | Freie Evangelischen Schule und Kindertagesst\u00e4tte Heidenheim e. V.","og_description":"Lie\u00adbe Eltern der Vorschulkinder, wir m\u00f6ch\u00adten Ihnen und Ihrem Kind die M\u00f6g\u00adlich\u00adkeit geben sei\u00adne zuk\u00fcnf\u00adti\u00adge Schu\u00adle, die Klas\u00adsen\u00adka\u00adme\u00adra\u00adden und Leh\u00adrer schon vor der Ein\u00adschu\u00adlung ken\u00adnen\u00adzu\u00adler\u00adnen. Des\u00adhalb darf Ihr Kind im [&hellip;]","og_url":"https:\/\/fes-heidenheim.de\/kita\/event\/schulentdecker-in-der-schule-schnuppervormittage\/","og_site_name":"Kindertagesst\u00e4tte | Freie Evangelischen Schule und Kindertagesst\u00e4tte Heidenheim e. V.","twitter_card":"summary_large_image","twitter_misc":{"Gesch\u00e4tzte Lesezeit":"2\u00a0Minuten"},"schema":{"@context":"https:\/\/schema.org","@graph":[{"@type":"WebPage","@id":"https:\/\/fes-heidenheim.de\/kita\/event\/schulentdecker-in-der-schule-schnuppervormittage\/","url":"https:\/\/fes-heidenheim.de\/kita\/event\/schulentdecker-in-der-schule-schnuppervormittage\/","name":"Schulentdecker - In der Schule (Schnuppervormittage) - Kindertagesst\u00e4tte | Freie Evangelischen Schule und Kindertagesst\u00e4tte Heidenheim e. V.","isPartOf":{"@id":"https:\/\/fes-heidenheim.de\/kita\/#website"},"datePublished":"2025-09-11T16:43:42+00:00","breadcrumb":{"@id":"https:\/\/fes-heidenheim.de\/kita\/event\/schulentdecker-in-der-schule-schnuppervormittage\/#breadcrumb"},"inLanguage":"de","potentialAction":[{"@type":"ReadAction","target":["https:\/\/fes-heidenheim.de\/kita\/event\/schulentdecker-in-der-schule-schnuppervormittage\/"]}]},{"@type":"BreadcrumbList","@id":"https:\/\/fes-heidenheim.de\/kita\/event\/schulentdecker-in-der-schule-schnuppervormittage\/#breadcrumb","itemListElement":[{"@type":"ListItem","position":1,"name":"Startseite","item":"https:\/\/fes-heidenheim.de\/kita\/"},{"@type":"ListItem","position":2,"name":"Veranstaltungen","item":"https:\/\/fes-heidenheim.de\/kita\/events\/"},{"@type":"ListItem","position":3,"name":"Schulent\u00adde\u00adcker \u2014 In der Schu\u00adle (Schnup\u00adper\u00advor\u00admit\u00adta\u00adge)"}]},{"@type":"WebSite","@id":"https:\/\/fes-heidenheim.de\/kita\/#website","url":"https:\/\/fes-heidenheim.de\/kita\/","name":"Kindertagesst\u00e4tte | Freie Evangelischen Schule und Kindertagesst\u00e4tte Heidenheim e. V.","description":"Du bist uns wichtig, hier bist du richtig!","potentialAction":[{"@type":"SearchAction","target":{"@type":"EntryPoint","urlTemplate":"https:\/\/fes-heidenheim.de\/kita\/?s={search_term_string}"},"query-input":{"@type":"PropertyValueSpecification","valueRequired":true,"valueName":"search_term_string"}}],"inLanguage":"de"}]}},"_links":{"self":[{"href":"https:\/\/fes-heidenheim.de\/kita\/wp-json\/wp\/v2\/tribe_events\/239568","targetHints":{"allow":["GET"]}}],"collection":[{"href":"https:\/\/fes-heidenheim.de\/kita\/wp-json\/wp\/v2\/tribe_events"}],"about":[{"href":"https:\/\/fes-heidenheim.de\/kita\/wp-json\/wp\/v2\/types\/tribe_events"}],"author":[{"embeddable":true,"href":"https:\/\/fes-heidenheim.de\/kita\/wp-json\/wp\/v2\/users\/1"}],"version-history":[{"count":0,"href":"https:\/\/fes-heidenheim.de\/kita\/wp-json\/wp\/v2\/tribe_events\/239568\/revisions"}],"wp:attachment":[{"href":"https:\/\/fes-heidenheim.de\/kita\/wp-json\/wp\/v2\/media?parent=239568"}],"wp:term":[{"taxonomy":"post_tag","embeddable":true,"href":"https:\/\/fes-heidenheim.de\/kita\/wp-json\/wp\/v2\/tags?post=239568"},{"taxonomy":"tribe_events_cat","embeddable":true,"href":"https:\/\/fes-heidenheim.de\/kita\/wp-json\/wp\/v2\/tribe_events_cat?post=239568"}],"curies":[{"name":"wp","href":"https:\/\/api.w.org\/{rel}","templated":true}]}}